{"id":25,"date":"2022-04-11T23:36:42","date_gmt":"2022-04-11T23:36:42","guid":{"rendered":"https:\/\/joseinaciodemelosouza.com.br\/?page_id=25"},"modified":"2024-06-04T22:20:37","modified_gmt":"2024-06-04T22:20:37","slug":"home","status":"publish","type":"page","link":"https:\/\/joseinaciodemelosouza.com.br\/","title":{"rendered":"Home"},"content":{"rendered":"\t\t<div data-elementor-type=\"wp-page\" data-elementor-id=\"25\" class=\"elementor elementor-25\" data-elementor-post-type=\"page\">\n\t\t\t\t\t\t<section class=\"elementor-section elementor-top-section elementor-element elementor-element-787efd8 elementor-section-boxed elementor-section-height-default elementor-section-height-default\" data-id=\"787efd8\" data-element_type=\"section\" data-e-type=\"section\" data-settings=\"{&quot;background_background&quot;:&quot;gradient&quot;}\">\n\t\t\t\t\t\t\t<div class=\"elementor-background-overlay\"><\/div>\n\t\t\t\t\t\t\t<div class=\"elementor-container elementor-column-gap-default\">\n\t\t\t\t\t<div class=\"elementor-column elementor-col-100 elementor-top-column elementor-element elementor-element-fb7b2c2\" data-id=\"fb7b2c2\" data-element_type=\"column\" data-e-type=\"column\">\n\t\t\t<div class=\"elementor-widget-wrap elementor-element-populated\">\n\t\t\t\t\t\t<div class=\"elementor-element elementor-element-644a6af elementor-widget elementor-widget-menu-anchor\" data-id=\"644a6af\" data-element_type=\"widget\" data-e-type=\"widget\" data-widget_type=\"menu-anchor.default\">\n\t\t\t\t<div class=\"elementor-widget-container\">\n\t\t\t\t\t\t\t<div class=\"elementor-menu-anchor\" id=\"portifolio\"><\/div>\n\t\t\t\t\t\t<\/div>\n\t\t\t\t<\/div>\n\t\t\t\t<div class=\"elementor-element elementor-element-995b64c elementor-widget elementor-widget-heading\" data-id=\"995b64c\" data-element_type=\"widget\" data-e-type=\"widget\" data-widget_type=\"heading.default\">\n\t\t\t\t<div class=\"elementor-widget-container\">\n\t\t\t\t\t<h3 class=\"elementor-heading-title elementor-size-default\">Portf\u00f3lio<\/h3>\t\t\t\t<\/div>\n\t\t\t\t<\/div>\n\t\t\t\t\t<\/div>\n\t\t<\/div>\n\t\t\t\t\t<\/div>\n\t\t<\/section>\n\t\t\t\t<section class=\"elementor-section elementor-top-section elementor-element elementor-element-24fd76d elementor-section-boxed elementor-section-height-default elementor-section-height-default\" data-id=\"24fd76d\" data-element_type=\"section\" data-e-type=\"section\">\n\t\t\t\t\t\t<div class=\"elementor-container elementor-column-gap-default\">\n\t\t\t\t\t<div class=\"elementor-column elementor-col-100 elementor-top-column elementor-element elementor-element-2c48233\" data-id=\"2c48233\" data-element_type=\"column\" data-e-type=\"column\">\n\t\t\t<div class=\"elementor-widget-wrap elementor-element-populated\">\n\t\t\t\t\t\t<div class=\"elementor-element elementor-element-263f1e0 elementor-widget elementor-widget-text-editor\" data-id=\"263f1e0\" data-element_type=\"widget\" data-e-type=\"widget\" data-widget_type=\"text-editor.default\">\n\t\t\t\t<div class=\"elementor-widget-container\">\n\t\t\t\t\t\t\t\t\t<h3 style=\"text-align: left;\"><a href=\"http:\/\/cinema.acervo.site\" target=\"_blank\" rel=\"noopener\"><strong>Balaio de dados<\/strong><\/a><br \/><a style=\"font-size: 16px;\" href=\"http:\/\/cinema.acervo.site\" target=\"_blank\" rel=\"noopener\"><strong>cinema.acervo.site<\/strong><\/a><\/h3><p style=\"text-align: left;\">Este \u00e9 o novo formato das bases de teses e de filmes estrangeiros exibidos no Brasil, antes hospedados no site da <strong>Mnemocine <\/strong>(<a href=\"https:\/\/mnemocine.com.br\" target=\"_blank\" rel=\"noopener\">mnemocine.com.br<\/a>). De forma a centralizar as bases de dados, acrescentamos o site Salas de cinema em S\u00e3o Paulo, hospedadas no Arquivo Hist\u00f3rico da cidade de S\u00e3o Paulo \u2013 AHSP e na Cinemateca Brasileira, antigas parceiras no projeto.<\/p><p style=\"text-align: left;\">Na nova configura\u00e7\u00e3o, elas foram organizadas de forma a trazer os dados em qualquer uma delas. Por exemplo: o termo <strong>Bijou<\/strong> pode vir com informa\u00e7\u00f5es de Salas (Bijou Theatre e outros cinemas que contenham o termo Bijou) e de Filmes (filmes exibidos no Bijou Theatre ou que contenham a palavra no seu t\u00edtulo) ou alguma tese que se refira ao Bijou. Caso voc\u00ea n\u00e3o queira a forma integrada, basta escolher na caixa MENU uma das tr\u00eas bases para pesquisa.<\/p><p style=\"text-align: left;\">A base de teses, na sua primeira vers\u00e3o, englobava todos os mestrados, doutorados e livres-doc\u00eancias realizados no Brasil sobre cinema brasileiro, acrescida de teses ou disserta\u00e7\u00f5es estrangeiras sobre cinema brasileiro. A pedido do organizador do site hospedeiro, o prof. Fl\u00e1vio de Souza Brito, foram incorporadas as teses e disserta\u00e7\u00f5es sobre cinema estrangeiro (antes uma listagem). No momento o conjunto compreende mais de 5.300 registros. Nos \u00faltimos anos agregamos um campo a mais, as disserta\u00e7\u00f5es e teses que estavam online nos reposit\u00f3rios institucionais. Mas como os endere\u00e7amentos dos sites mudam com as moderniza\u00e7\u00f5es e atualiza\u00e7\u00f5es de equipamentos e softwares, n\u00e3o nos responsabilizamos pela n\u00e3o localiza\u00e7\u00e3o no endere\u00e7o indicado online.<\/p><p style=\"text-align: left;\">A base de filmes estrangeiros exibidos no Rio de Janeiro e em S\u00e3o Paulo partiu da primeira exibi\u00e7\u00e3o de um cinema ambulante, o <strong>Omni\u00f3grafo<\/strong>, em 08\/07\/1896, integrando depois o trabalho de Jean-Claude Bernardet sobre cinema estrangeiro no jornal O Estado de S. Paulo, pretendendo completar o ciclo do cinema mudo em 1934, quando o cinema sonoro passou a ser dominante. Por enquanto estamos exaustivamente levantando os t\u00edtulos de pel\u00edculas em 1920, somando, desde 1896, mais de 35.000 t\u00edtulos estrangeiros. Qualquer t\u00edtulo al\u00e9m do per\u00edodo citado contar\u00e1 com a sorte de ser encontrado no material de Bernardet ou de outros pesquisadores que nos permitiram acesso aos seus dados.<\/p><p style=\"text-align: left;\">A base Salas de cinema foi um projeto empreendido entre 2009 e 2011. Gra\u00e7as a documenta\u00e7\u00e3o do Arquivo Hist\u00f3rico e o apoio do CNPq, Ricardo Mendes, na \u00e9poca pesquisador do AHSP, organizou os dados coletados numa plataforma WinIsis. Nesta nova vers\u00e3o pelo software livre ABCD houve uma adapta\u00e7\u00e3o que mudou a apresenta\u00e7\u00e3o visual dos registros. Portanto, a vers\u00e3o antiga pode ser consultada nos sites do AHSP ou da Cinemateca Brasileira, mas os conte\u00fados s\u00e3o os mesmos.<\/p>\t\t\t\t\t\t\t\t<\/div>\n\t\t\t\t<\/div>\n\t\t\t\t\t<\/div>\n\t\t<\/div>\n\t\t\t\t\t<\/div>\n\t\t<\/section>\n\t\t\t\t<section class=\"elementor-section elementor-top-section elementor-element elementor-element-d336062 elementor-section-boxed elementor-section-height-default elementor-section-height-default\" data-id=\"d336062\" data-element_type=\"section\" data-e-type=\"section\" data-settings=\"{&quot;background_background&quot;:&quot;gradient&quot;}\">\n\t\t\t\t\t\t\t<div class=\"elementor-background-overlay\"><\/div>\n\t\t\t\t\t\t\t<div class=\"elementor-container elementor-column-gap-default\">\n\t\t\t\t\t<div class=\"elementor-column elementor-col-100 elementor-top-column elementor-element elementor-element-8c60a44\" data-id=\"8c60a44\" data-element_type=\"column\" data-e-type=\"column\">\n\t\t\t<div class=\"elementor-widget-wrap elementor-element-populated\">\n\t\t\t\t\t\t<div class=\"elementor-element elementor-element-05de4b9 elementor-widget elementor-widget-menu-anchor\" data-id=\"05de4b9\" data-element_type=\"widget\" data-e-type=\"widget\" data-widget_type=\"menu-anchor.default\">\n\t\t\t\t<div class=\"elementor-widget-container\">\n\t\t\t\t\t\t\t<div class=\"elementor-menu-anchor\" id=\"publicacoes\"><\/div>\n\t\t\t\t\t\t<\/div>\n\t\t\t\t<\/div>\n\t\t\t\t<div class=\"elementor-element elementor-element-c79a08c elementor-widget elementor-widget-heading\" data-id=\"c79a08c\" data-element_type=\"widget\" data-e-type=\"widget\" data-widget_type=\"heading.default\">\n\t\t\t\t<div class=\"elementor-widget-container\">\n\t\t\t\t\t<h3 class=\"elementor-heading-title elementor-size-default\">Publica\u00e7\u00f5es<\/h3>\t\t\t\t<\/div>\n\t\t\t\t<\/div>\n\t\t\t\t\t<\/div>\n\t\t<\/div>\n\t\t\t\t\t<\/div>\n\t\t<\/section>\n\t\t\t\t<section class=\"elementor-section elementor-top-section elementor-element elementor-element-0501f7a elementor-section-boxed elementor-section-height-default elementor-section-height-default\" data-id=\"0501f7a\" data-element_type=\"section\" data-e-type=\"section\" data-settings=\"{&quot;background_background&quot;:&quot;classic&quot;}\">\n\t\t\t\t\t\t<div class=\"elementor-container elementor-column-gap-default\">\n\t\t\t\t\t<div class=\"elementor-column elementor-col-100 elementor-top-column elementor-element elementor-element-49c8a20\" data-id=\"49c8a20\" data-element_type=\"column\" data-e-type=\"column\">\n\t\t\t<div class=\"elementor-widget-wrap elementor-element-populated\">\n\t\t\t\t\t\t<section class=\"elementor-section elementor-inner-section elementor-element elementor-element-0d87ff9 elementor-section-boxed elementor-section-height-default elementor-section-height-default\" data-id=\"0d87ff9\" data-element_type=\"section\" data-e-type=\"section\">\n\t\t\t\t\t\t<div class=\"elementor-container elementor-column-gap-default\">\n\t\t\t\t\t<div class=\"elementor-column elementor-col-50 elementor-inner-column elementor-element elementor-element-8197e88\" data-id=\"8197e88\" data-element_type=\"column\" data-e-type=\"column\">\n\t\t\t<div class=\"elementor-widget-wrap elementor-element-populated\">\n\t\t\t\t\t\t<div class=\"elementor-element elementor-element-cd37868 elementor-widget elementor-widget-image\" data-id=\"cd37868\" data-element_type=\"widget\" data-e-type=\"widget\" data-widget_type=\"image.default\">\n\t\t\t\t<div class=\"elementor-widget-container\">\n\t\t\t\t\t\t\t\t\t\t\t\t\t\t\t\t<a href=\"https:\/\/books.google.com.br\/books\/about\/O_Estado_contra_os_meios_de_comunica%C3%A7%C3%A3.html?id=bMbrFbppnqYC&#038;redir_esc=y\" target=\"_blank\">\n\t\t\t\t\t\t\t<img decoding=\"async\" width=\"160\" height=\"300\" src=\"https:\/\/joseinaciodemelosouza.com.br\/wp-content\/uploads\/2022\/04\/estado-1-160x300.jpg\" class=\"attachment-medium size-medium wp-image-162\" alt=\"O ESTADO CONTRA OS MEIOS DE COMUNICA\u00c7\u00c3O (1889-1945)\" srcset=\"https:\/\/joseinaciodemelosouza.com.br\/wp-content\/uploads\/2022\/04\/estado-1-160x300.jpg 160w, https:\/\/joseinaciodemelosouza.com.br\/wp-content\/uploads\/2022\/04\/estado-1.jpg 410w\" sizes=\"(max-width: 160px) 100vw, 160px\" \/>\t\t\t\t\t\t\t\t<\/a>\n\t\t\t\t\t\t\t\t\t\t\t\t\t\t\t<\/div>\n\t\t\t\t<\/div>\n\t\t\t\t\t<\/div>\n\t\t<\/div>\n\t\t\t\t<div class=\"elementor-column elementor-col-50 elementor-inner-column elementor-element elementor-element-a9ddfe4\" data-id=\"a9ddfe4\" data-element_type=\"column\" data-e-type=\"column\">\n\t\t\t<div class=\"elementor-widget-wrap elementor-element-populated\">\n\t\t\t\t\t\t<div class=\"elementor-element elementor-element-db301b0 elementor-widget elementor-widget-text-editor\" data-id=\"db301b0\" data-element_type=\"widget\" data-e-type=\"widget\" data-widget_type=\"text-editor.default\">\n\t\t\t\t<div class=\"elementor-widget-container\">\n\t\t\t\t\t\t\t\t\t<p style=\"font-size: 1.5em; text-align: center; font-weight: bold;\">O ESTADO CONTRA OS MEIOS DE COMUNICA\u00c7\u00c3O (1889-1945)<\/p><p style=\"text-align: left;\">Publicado em 2003 numa coedi\u00e7\u00e3o Annablume\/Fapesp na cole\u00e7\u00e3o \u201cComunica\u00e7\u00e3o\u201d. O livro foi editado por Joaquim Antonio Pereira, que hoje tem a sua pr\u00f3pria editora, a Intermeios, conduzindo todo o processo, ou seja, da recep\u00e7\u00e3o dos originais \u00e0 sa\u00edda na forma de livro. O formato 11,5 x 20 cm n\u00e3o \u00e9 muito gracioso; a capa padronizada, que distinguia um t\u00edtulo do outro somente pela cor uniforme, tamb\u00e9m n\u00e3o contribu\u00eda para torn\u00e1-lo atraente. A dota\u00e7\u00e3o da Fapesp foi de R$ 5.000,00. Nunca recebi um extrato com o n\u00famero de exemplares ou resultado das vendas. Nem era de praxe se esperar tal coisa da Annablume.<\/p><p style=\"text-align: left;\"><em>O Estado<\/em> era o resultado de minha disserta\u00e7\u00e3o de mestrado, orientada pela professora da ECA\/USP Maria Rita Eliezer Galv\u00e3o, defendida em 1991. Na banca estavam a professora Maria Helena Capelato, pelo Departamento de Hist\u00f3ria\/USP, e Jean-Claude Bernardet, pela ECA, que tamb\u00e9m escreveu a apresenta\u00e7\u00e3o do livro. At\u00e9 o \u00faltimo minuto ainda fiz corre\u00e7\u00f5es no texto, o que deve ter sido bem inusual, enviando aos membros da banca p\u00e1ginas adicionais ou substitutas. Estava muito nervoso durante a defesa com a conversa dos meus amigos, os professores Afr\u00e2nio Mendes Catani e Jos\u00e9 M\u00e1rio Ortiz Ramos, que me tiravam a aten\u00e7\u00e3o, e mais tarde por um gesto deselegante com a professora Capelato. A todos minhas tardias e in\u00fateis desculpas.<\/p><p style=\"text-align: left;\">O mestrado era o resultado do meu trabalho como catalogador na Cinemateca Brasileira, manuseando diariamente materiais do <em>Cine Jornal Brasileiro<\/em>, cinejornal do Departamento de Imprensa e Propaganda-DIP, um \u00f3rg\u00e3o do Estado Novo. Maria Rita j\u00e1 tinha coordenado uma primeira ordena\u00e7\u00e3o daquela documenta\u00e7\u00e3o que Paulo Emilio tinha salvo da destrui\u00e7\u00e3o com um caminh\u00e3o e muita clarivid\u00eancia, porque eram filmes em nitrato, altamente inflam\u00e1veis. Por outro lado, eu aproveitava a documenta\u00e7\u00e3o do DIP que estava sendo aberta pelo Arquivo Nacional (Fundo Presid\u00eancia da Rep\u00fablica), numa feliz conjun\u00e7\u00e3o de documentos em imagem e em papel. Outra coisa interessante: nos anos 1980 a inform\u00e1tica dava sua entrada nas casas e na Cinemateca.<\/p><p style=\"text-align: left;\">Meu primeiro computador, comprado em 1982, era uma c\u00f3pia de um IBM com monitor de f\u00f3sforo verde. O primeiro da Cinemateca, uma doa\u00e7\u00e3o da Unesco em 1985, j\u00e1 com monitor colorido, serviu para se passar todo o controle de materiais f\u00edlmicos que estavam em fichas e boletins de entrada em papel para uma planilha criada no programa da pr\u00f3pria Unesco, o MicroIsis. Na reordena\u00e7\u00e3o a que me tinha proposto sobre o trabalho inicial fiz com Roberto Souto, o ent\u00e3o programador da Cinemateca, uma ficha pr\u00f3pria para a cataloga\u00e7\u00e3o de cada filme. O objetivo era a obten\u00e7\u00e3o de uma seria\u00e7\u00e3o mais correta da documenta\u00e7\u00e3o, que redundou num segundo cat\u00e1logo, base para o estudo da parte f\u00edlmica do DIP em 1989. A documenta\u00e7\u00e3o do Arquivo Nacional do in\u00edcio ao fim revelou-se um pouco frustrante quanto ao meu objeto. Vistas hoje, as quantifica\u00e7\u00f5es e porcentagens extra\u00eddas da planilha digital parecem expostas com pouca objetividade, como mereceriam essa classe de informa\u00e7\u00e3o. \u00c9 uma cr\u00edtica que ningu\u00e9m fez nos trabalhos que se seguiram a <em>O Estado contra os meios de comunica\u00e7\u00e3o<\/em>, expondo a sua aridez conceitual nas rela\u00e7\u00f5es entre Cinema e Hist\u00f3ria.<\/p>\t\t\t\t\t\t\t\t<\/div>\n\t\t\t\t<\/div>\n\t\t\t\t\t<\/div>\n\t\t<\/div>\n\t\t\t\t\t<\/div>\n\t\t<\/section>\n\t\t\t\t<section class=\"elementor-section elementor-inner-section elementor-element elementor-element-aeab691 elementor-section-boxed elementor-section-height-default elementor-section-height-default\" data-id=\"aeab691\" data-element_type=\"section\" data-e-type=\"section\">\n\t\t\t\t\t\t<div class=\"elementor-container elementor-column-gap-default\">\n\t\t\t\t\t<div class=\"elementor-column elementor-col-50 elementor-inner-column elementor-element elementor-element-26280ed\" data-id=\"26280ed\" data-element_type=\"column\" data-e-type=\"column\">\n\t\t\t<div class=\"elementor-widget-wrap elementor-element-populated\">\n\t\t\t\t\t\t<div class=\"elementor-element elementor-element-bacdca6 elementor-widget elementor-widget-image\" data-id=\"bacdca6\" data-element_type=\"widget\" data-e-type=\"widget\" data-widget_type=\"image.default\">\n\t\t\t\t<div class=\"elementor-widget-container\">\n\t\t\t\t\t\t\t\t\t\t\t\t<figure class=\"wp-caption\">\n\t\t\t\t\t\t\t\t\t\t\t<a href=\"https:\/\/www.amazon.com.br\/PAULO-EM\u00cdLIO-PARA\u00cdSO-Inacio-Mello\/dp\/8501064327\" target=\"_blank\">\n\t\t\t\t\t\t\t<img fetchpriority=\"high\" decoding=\"async\" width=\"200\" height=\"300\" src=\"https:\/\/joseinaciodemelosouza.com.br\/wp-content\/uploads\/2022\/04\/paulo-emilio-200x300.jpg\" class=\"attachment-medium size-medium wp-image-163\" alt=\"\" srcset=\"https:\/\/joseinaciodemelosouza.com.br\/wp-content\/uploads\/2022\/04\/paulo-emilio-200x300.jpg 200w, https:\/\/joseinaciodemelosouza.com.br\/wp-content\/uploads\/2022\/04\/paulo-emilio.jpg 332w\" sizes=\"(max-width: 200px) 100vw, 200px\" \/>\t\t\t\t\t\t\t\t<\/a>\n\t\t\t\t\t\t\t\t\t\t\t<figcaption class=\"widget-image-caption wp-caption-text\">Onde comprar: Amazon Brazil<\/figcaption>\n\t\t\t\t\t\t\t\t\t\t<\/figure>\n\t\t\t\t\t\t\t\t\t<\/div>\n\t\t\t\t<\/div>\n\t\t\t\t\t<\/div>\n\t\t<\/div>\n\t\t\t\t<div class=\"elementor-column elementor-col-50 elementor-inner-column elementor-element elementor-element-0e0aff2\" data-id=\"0e0aff2\" data-element_type=\"column\" data-e-type=\"column\">\n\t\t\t<div class=\"elementor-widget-wrap elementor-element-populated\">\n\t\t\t\t\t\t<div class=\"elementor-element elementor-element-e83ea4b elementor-widget elementor-widget-text-editor\" data-id=\"e83ea4b\" data-element_type=\"widget\" data-e-type=\"widget\" data-widget_type=\"text-editor.default\">\n\t\t\t\t<div class=\"elementor-widget-container\">\n\t\t\t\t\t\t\t\t\t<div data-hook=\"bgLayers\"><div style=\"text-align: left;\"><p style=\"font-size: 1.5em; text-align: center; font-weight: bold;\">PAULO EMILIO NO PARA\u00cdSO<\/p><p>Em 1991, num momento em que tinha terminado o mestrado e n\u00e3o era mais catalogador de filmes na Cinemateca, comecei pesquisa o arquivo pessoal de Paulo Emilio, doado pela vi\u00fava Ligia Fagundes Telles logo ap\u00f3s a sua morte. Paulo Emilio guardava qualquer peda\u00e7o de papel, fosse um embrulho de p\u00e3o anotado, fossem em documentos oficiais, mais cartas, bilhetes, confer\u00eancias, o diabo. A coisa foi tomando vulto quando mergulhei naquela ma\u00e7aroca de papel, como gostava de dizer nossa colega de Departamento, Zulmira Ribeiro Tavares, passando da ordena\u00e7\u00e3o para a pesquisa e reda\u00e7\u00e3o de uma biografia intelectual de Paulo Emilio. Fui cercando os per\u00edodos conforme a documenta\u00e7\u00e3o sugeria (1929-1939 ou 1929-1940; 1940-1946; e da\u00ed para frente at\u00e9 a sua morte), ao mesmo tempo em que redigia cada fase de sua vida. No final, tinha cinco volumes que iam sendo depositados na biblioteca da Cinemateca, somando mais de 1.200 p\u00e1ginas. O Plano Real e a paridade da nova moeda brasileira ao d\u00f3lar me permitiram a extravag\u00e2ncia de passar seis meses em Paris com mulher e filha, aproveitando f\u00e9rias e licen\u00e7as vencidas para me ausentar da Cinemateca legalmente. Era a oportunidade para aprofundar o lado europeu da vida de Paulo Emilio, que morou, em duas estadias, quase dez anos fora do Brasil.<\/p><p>Nunca pensei que algu\u00e9m aceitaria a publica\u00e7\u00e3o do(s) texto(s), j\u00e1 que a Cinemateca nunca dera provas de interesse pelo assunto, ao contr\u00e1rio, havia uma cobran\u00e7a pela continuidade do trabalho corrente. Paulo Emilio era um plus, uma coisa minha. Dessa forma, quando me decidi a sair a campo, a negativa do Alberto Martins na Editora 34 me pareceu natural. Mandei para a Record, no Rio e, numa bela manh\u00e3, recebo um telefonema de Ana Paula Costa aprovando a publica\u00e7\u00e3o do livro. Exigiam apenas um corte de 30%, o que no final foi ben\u00e9fico. O trabalho de corte foi menos penoso do que pensava. Havia muita nota de rodap\u00e9, muito desv\u00e3o que merecia mais pesquisa. O caderno de fotos \u00e9 primoroso. A capista projetou duas vers\u00f5es. A escolhida foi a mais flamejante, de acordo com Paulo Emilio e o t\u00edtulo.<\/p><p>Lan\u00e7ado em 2002, nunca achei que <em>Paulo Emilio no para\u00edso<\/em> virasse enredo de escola de samba ou miniss\u00e9rie televisiva. A personalidade fascinante de Paulo Emilio, no entanto, merecia melhor sorte ou, ent\u00e3o, outro bi\u00f3grafo. O livro foi um fracasso em termos de vendas. Um historiador franco-brasileiro o classificou de chato. Teve um p\u00edfio lan\u00e7amento carioca no sagu\u00e3o do cine Odeon durante o IV FestRio. Fausto Canova foi um dos poucos compradores. Eram t\u00e3o poucos que me lembro dele: \u201ceu conheci o Paulo Emilio\u201d. Diante disso, acho que n\u00e3o se pensou num lan\u00e7amento em S\u00e3o Paulo. No ano seguinte, ganhou o pr\u00eamio Jabuti na categoria Reportagem e Biografia, concorrendo com <em>Eny e o grande bordel brasileiro<\/em> e <em>Fidel Castro: uma biografia consentida<\/em>.<\/p><p><em>Paulo Emilio no para\u00edso<\/em> coroou os dez melhores anos de minha vida.<\/p><\/div><\/div>\t\t\t\t\t\t\t\t<\/div>\n\t\t\t\t<\/div>\n\t\t\t\t\t<\/div>\n\t\t<\/div>\n\t\t\t\t\t<\/div>\n\t\t<\/section>\n\t\t\t\t<section class=\"elementor-section elementor-inner-section elementor-element elementor-element-896a603 elementor-section-boxed elementor-section-height-default elementor-section-height-default\" data-id=\"896a603\" data-element_type=\"section\" data-e-type=\"section\">\n\t\t\t\t\t\t<div class=\"elementor-container elementor-column-gap-default\">\n\t\t\t\t\t<div class=\"elementor-column elementor-col-50 elementor-inner-column elementor-element elementor-element-4290b10\" data-id=\"4290b10\" data-element_type=\"column\" data-e-type=\"column\">\n\t\t\t<div class=\"elementor-widget-wrap elementor-element-populated\">\n\t\t\t\t\t\t<div class=\"elementor-element elementor-element-6136d95 elementor-widget elementor-widget-image\" data-id=\"6136d95\" data-element_type=\"widget\" data-e-type=\"widget\" data-widget_type=\"image.default\">\n\t\t\t\t<div class=\"elementor-widget-container\">\n\t\t\t\t\t\t\t\t\t\t\t\t\t\t\t<img decoding=\"async\" width=\"229\" height=\"300\" src=\"https:\/\/joseinaciodemelosouza.com.br\/wp-content\/uploads\/2022\/04\/restropectiva-229x300.jpg\" class=\"attachment-medium size-medium wp-image-135\" alt=\"\" srcset=\"https:\/\/joseinaciodemelosouza.com.br\/wp-content\/uploads\/2022\/04\/restropectiva-229x300.jpg 229w, https:\/\/joseinaciodemelosouza.com.br\/wp-content\/uploads\/2022\/04\/restropectiva.jpg 480w\" sizes=\"(max-width: 229px) 100vw, 229px\" \/>\t\t\t\t\t\t\t\t\t\t\t\t\t\t\t<\/div>\n\t\t\t\t<\/div>\n\t\t\t\t\t<\/div>\n\t\t<\/div>\n\t\t\t\t<div class=\"elementor-column elementor-col-50 elementor-inner-column elementor-element elementor-element-d5dd8de\" data-id=\"d5dd8de\" data-element_type=\"column\" data-e-type=\"column\">\n\t\t\t<div class=\"elementor-widget-wrap elementor-element-populated\">\n\t\t\t\t\t\t<div class=\"elementor-element elementor-element-dcb3d8d elementor-widget elementor-widget-text-editor\" data-id=\"dcb3d8d\" data-element_type=\"widget\" data-e-type=\"widget\" data-widget_type=\"text-editor.default\">\n\t\t\t\t<div class=\"elementor-widget-container\">\n\t\t\t\t\t\t\t\t\t<p style=\"font-size: 1.5em; text-align: center; font-weight: bold;\">RETROSPECTIVA DO CINEMA BRASILEIRO 1975<\/p><p style=\"text-align: left;\"><em>Retrospectiva<\/em> foi o primeiro trabalho que publiquei logo que me interessei por cinema. A ideia e o objetivo est\u00e3o muito ligados aos contatos com Paulo Emilio tidos no segundo semestre de 1975, fosse seguindo o seu curso na gradua\u00e7\u00e3o na ECA, fosse no IDART-Departamento de Informa\u00e7\u00e3o Art\u00edstica, dirigido por Maria Eugenia Franco, cujos objetivos eram a coleta, o registro e o tratamento da documenta\u00e7\u00e3o cultural da cidade em hemerotecas especializadas, por exemplo. O IDART estava instalado na rua Roberto Simonsen, na chamada Casa da Marquesa, que anos depois serviu para uma das sedes do Arquivo Municipal e hoje abriga a Casa da Imagem, especializada em fotografia. Quando a Cinemateca Brasileira se aprumou na d\u00e9cada de 1980 a ideia se transferiu para l\u00e1 (o IDART continuou o seu percurso na Casa da Marquesa, passando depois para a Casa das Retortas at\u00e9 se fixar no Centro Cultural S\u00e3o Paulo). Boa parte do pessoal do setor de Documenta\u00e7\u00e3o e Pesquisa da Cinemateca trabalhava na sele\u00e7\u00e3o e organiza\u00e7\u00e3o do que aparecia na imprensa (jornais e revistas, principalmente).<\/p><p style=\"text-align: left;\">Como anuncia o t\u00edtulo do livro, era uma compila\u00e7\u00e3o do que tinha acontecido no cinema brasileiro durante o ano de 1975, com um texto introdut\u00f3rio, fichas de filmes e um gr\u00e1fico com a curva de exibi\u00e7\u00e3o das pel\u00edculas no ano, evidenciando a tradicional preponder\u00e2ncia das f\u00e9rias (janeiro e julho) nos lan\u00e7amentos. O livro foi editado por um oriental, que tinha uma gr\u00e1fica especializada em teses universit\u00e1rias na Vila Mariana. N\u00e3o me lembro quantos exemplares foram tirados em 1976, talvez 500. A sua divulga\u00e7\u00e3o foi feita nos eventos, festivais e livrarias que o aceitaram em consigna\u00e7\u00e3o. Ricardo Mendes, sempre que pode, lembra ter-me visto pela primeira vez, oferecendo exemplares no \u201cfestival do Cakoff\u201d (Mostra Internacional de Cinema de S\u00e3o Paulo). Por d\u00e9cadas fiquei com um bom n\u00famero de livros atravancando um arm\u00e1rio, at\u00e9 que um carroceiro se disp\u00f4s a ganhar algum dinheiro com a venda de papel recicl\u00e1vel.<\/p>\t\t\t\t\t\t\t\t<\/div>\n\t\t\t\t<\/div>\n\t\t\t\t\t<\/div>\n\t\t<\/div>\n\t\t\t\t\t<\/div>\n\t\t<\/section>\n\t\t\t\t<section class=\"elementor-section elementor-inner-section elementor-element elementor-element-3b9adf1 elementor-section-boxed elementor-section-height-default elementor-section-height-default\" data-id=\"3b9adf1\" data-element_type=\"section\" data-e-type=\"section\">\n\t\t\t\t\t\t<div class=\"elementor-container elementor-column-gap-default\">\n\t\t\t\t\t<div class=\"elementor-column elementor-col-50 elementor-inner-column elementor-element elementor-element-d05d5d2\" data-id=\"d05d5d2\" data-element_type=\"column\" data-e-type=\"column\">\n\t\t\t<div class=\"elementor-widget-wrap elementor-element-populated\">\n\t\t\t\t\t\t<div class=\"elementor-element elementor-element-8a9e9ec elementor-widget elementor-widget-image\" data-id=\"8a9e9ec\" data-element_type=\"widget\" data-e-type=\"widget\" data-widget_type=\"image.default\">\n\t\t\t\t<div class=\"elementor-widget-container\">\n\t\t\t\t\t\t\t\t\t\t\t\t<figure class=\"wp-caption\">\n\t\t\t\t\t\t\t\t\t\t\t<a href=\"https:\/\/www.amazon.com.br\/Cinema-Hist%C3%B3ria-Urbana-1895-1930-Engenheiros\/dp\/8539604469\" target=\"_blank\">\n\t\t\t\t\t\t\t<img loading=\"lazy\" decoding=\"async\" width=\"276\" height=\"300\" src=\"https:\/\/joseinaciodemelosouza.com.br\/wp-content\/uploads\/2022\/04\/salas-de-cinema-senac-276x300.jpg\" class=\"attachment-medium size-medium wp-image-161\" alt=\"\" srcset=\"https:\/\/joseinaciodemelosouza.com.br\/wp-content\/uploads\/2022\/04\/salas-de-cinema-senac-276x300.jpg 276w, https:\/\/joseinaciodemelosouza.com.br\/wp-content\/uploads\/2022\/04\/salas-de-cinema-senac.jpg 350w\" sizes=\"(max-width: 276px) 100vw, 276px\" \/>\t\t\t\t\t\t\t\t<\/a>\n\t\t\t\t\t\t\t\t\t\t\t<figcaption class=\"widget-image-caption wp-caption-text\">Onde comprar: Amazon Brasil<\/figcaption>\n\t\t\t\t\t\t\t\t\t\t<\/figure>\n\t\t\t\t\t\t\t\t\t<\/div>\n\t\t\t\t<\/div>\n\t\t\t\t<div class=\"elementor-element elementor-element-18e99aa elementor-widget elementor-widget-text-editor\" data-id=\"18e99aa\" data-element_type=\"widget\" data-e-type=\"widget\" data-widget_type=\"text-editor.default\">\n\t\t\t\t<div class=\"elementor-widget-container\">\n\t\t\t\t\t\t\t\t\t<p><em><span style=\"color: #808080;\"><a style=\"color: #808080;\" href=\"https:\/\/www.livrariasenac.com.br\/produto\/2115485\/salas-de-cinema-e-historia-urbana-de-sao-paulo-1894-1930-1a-edicao\">Onde comprar: Livraria Senac<\/a><\/span><\/em><\/p>\t\t\t\t\t\t\t\t<\/div>\n\t\t\t\t<\/div>\n\t\t\t\t\t<\/div>\n\t\t<\/div>\n\t\t\t\t<div class=\"elementor-column elementor-col-50 elementor-inner-column elementor-element elementor-element-a1949ff\" data-id=\"a1949ff\" data-element_type=\"column\" data-e-type=\"column\">\n\t\t\t<div class=\"elementor-widget-wrap elementor-element-populated\">\n\t\t\t\t\t\t<div class=\"elementor-element elementor-element-e05532b elementor-widget elementor-widget-text-editor\" data-id=\"e05532b\" data-element_type=\"widget\" data-e-type=\"widget\" data-widget_type=\"text-editor.default\">\n\t\t\t\t<div class=\"elementor-widget-container\">\n\t\t\t\t\t\t\t\t\t<p style=\"font-size: 1.5em; text-align: center; font-weight: bold;\">SALAS DE CINEMA E HIST\u00d3RIA URBANA DE S\u00c3O PAULO (1895-1930): O CINEMA DOS ENGENHEIROS<\/p><p style=\"text-align: left;\">J\u00e1 contei isso em outro lugar, mas vale a pena repetir. Tinha lido o livro de Heloisa Barbuy<em> A Cidade-exposi\u00e7\u00e3o<\/em> em que a historiadora se utiliza da documenta\u00e7\u00e3o do Arquivo Municipal para a localiza\u00e7\u00e3o dos im\u00f3veis urbanos dedicados ao com\u00e9rcio. Pensei c\u00e1 com os meus bot\u00f5es se n\u00e3o existiria coisa semelhante para os cinemas da cidade. M\u00e1ximo Barro j\u00e1 tinha fu\u00e7ado no Arquivo anos antes, e cruzei com ele, numa das vezes em que o Arquivo esteve alojado provisoriamente na Ch\u00e1cara Lane da rua da Consola\u00e7\u00e3o. S\u00e3o os azares da pesquisa. Vicente de Paula Ara\u00fajo n\u00e3o tinha chegado ao Omni\u00f3grafo porque a cole\u00e7\u00e3o da <em>Gazeta de Not\u00edcias<\/em> paulistana era incompleta. M\u00e1ximo Barro n\u00e3o descobrira as plantas porque elas ainda estavam em processamento t\u00e9cnico. Quando procurei Ricardo Mendes, que no in\u00edcio do segundo mil\u00eanio estava no Arquivo, para assuntar sobre o tema, ele me despachou para fora imediatamente porque preparava um n\u00famero do <em>Informativo do Arquivo Municipal<\/em> sobre a documenta\u00e7\u00e3o (n\u00ba.11, Edifica\u00e7\u00f5es particulares, 2007).<\/p><p style=\"text-align: left;\">Limpa, acondicionada em caixas e identificada por ano e rua bastava uma boa listagem dos endere\u00e7os dos cinemas paulistanos para se come\u00e7ar a pesquisa. Como durante algum tempo a administra\u00e7\u00e3o municipal permitia que os propriet\u00e1rios, construtores ou simples mestres de obras levassem as plantas embora, deixando no lugar um mero requerimento, havia necessidade de se varrer outras s\u00e9ries documentais, ainda existentes gra\u00e7as ao esfor\u00e7o de M\u00e1rio de Andrade quando tinha sido diretor do Departamento de Cultura. Um ex\u00f3tico pedido de p\u00f3s-doc foi aceito pelo CNPq para ser desenvolvido no Arquivo, que n\u00e3o tinha nenhuma experi\u00eancia no recebimento de pesquisadores nessa modalidade, instituindo-se a doutora-arquiteta Maria Bonaf\u00e9 como orientadora. Isso permitiu que se contratasse uma auxiliar de pesquisa, Karla Maestrini, aquisi\u00e7\u00e3o que n\u00e3o s\u00f3 se revelou excelente, como bafejada pela sorte ao encontrar entre milhares de documentos um relat\u00f3rio sobre os cinemas da cidade organizado pelo engenheiro Jos\u00e9 de S\u00e1 Rocha, mas que n\u00e3o tinha classifica\u00e7\u00e3o precisa, estando perdido entre as centenas de ruas da cidade.<\/p><p style=\"text-align: left;\">A documenta\u00e7\u00e3o aberta ao p\u00fablico cobria os s\u00e9culos XIX e XX, por\u00e9m at\u00e9 1921. Esgotado o Arquivo da pra\u00e7a Fernando Prestes, havia necessidade de pesquisa no Arquivo Intermedi\u00e1rio, situado no Piqueri. Mais uma vez Ricardo Mendes foi a ponte necess\u00e1ria para a consulta dos fich\u00e1rios quilom\u00e9tricos. Muitas vezes recorremos ao sistema eletr\u00f4nico da Prefeitura para a identifica\u00e7\u00e3o de nomes ou ruas que iam aparecendo, gra\u00e7as ao conhecimento que Walter Biondi tinha da planilha da Prodam.<\/p><p style=\"text-align: left;\">A pesquisa gerou v\u00e1rios filhotes. O livro primoroso que o Senac editou; um site sobre as salas hospedado na institui\u00e7\u00e3o parceira, a Cinemateca; Ricardo ficou \u00e0 frente de uma exposi\u00e7\u00e3o das plantas significativas na Galeria Olido e de um curso sobre o cinema em S\u00e3o Paulo, tamb\u00e9m realizado no audit\u00f3rio da Secret\u00e1ria de Cultura; dois artigos para o <em>Informativo<\/em>, um dos quais sobre o engenheiro S\u00e1 Rocha, homem fundamental para o entendimento de como a administra\u00e7\u00e3o encarava as casas de espet\u00e1culo cinematogr\u00e1fico, que n\u00e3o eram abertas ao l\u00e9u porque podiam pegar fogo, por exibirem filmes de nitrato.<\/p>\t\t\t\t\t\t\t\t<\/div>\n\t\t\t\t<\/div>\n\t\t\t\t\t<\/div>\n\t\t<\/div>\n\t\t\t\t\t<\/div>\n\t\t<\/section>\n\t\t\t\t<section class=\"elementor-section elementor-inner-section elementor-element elementor-element-d586789 elementor-section-boxed elementor-section-height-default elementor-section-height-default\" data-id=\"d586789\" data-element_type=\"section\" data-e-type=\"section\">\n\t\t\t\t\t\t<div class=\"elementor-container elementor-column-gap-default\">\n\t\t\t\t\t<div class=\"elementor-column elementor-col-50 elementor-inner-column elementor-element elementor-element-90e15f0\" data-id=\"90e15f0\" data-element_type=\"column\" data-e-type=\"column\">\n\t\t\t<div class=\"elementor-widget-wrap elementor-element-populated\">\n\t\t\t\t\t\t<div class=\"elementor-element elementor-element-1763745 elementor-widget elementor-widget-image\" data-id=\"1763745\" data-element_type=\"widget\" data-e-type=\"widget\" data-widget_type=\"image.default\">\n\t\t\t\t<div class=\"elementor-widget-container\">\n\t\t\t\t\t\t\t\t\t\t\t\t\t\t\t<img loading=\"lazy\" decoding=\"async\" width=\"215\" height=\"300\" src=\"https:\/\/joseinaciodemelosouza.com.br\/wp-content\/uploads\/2022\/04\/chanchada-215x300.jpg\" class=\"attachment-medium size-medium wp-image-181\" alt=\"\" srcset=\"https:\/\/joseinaciodemelosouza.com.br\/wp-content\/uploads\/2022\/04\/chanchada-215x300.jpg 215w, https:\/\/joseinaciodemelosouza.com.br\/wp-content\/uploads\/2022\/04\/chanchada-733x1024.jpg 733w, https:\/\/joseinaciodemelosouza.com.br\/wp-content\/uploads\/2022\/04\/chanchada.jpg 750w\" sizes=\"(max-width: 215px) 100vw, 215px\" \/>\t\t\t\t\t\t\t\t\t\t\t\t\t\t\t<\/div>\n\t\t\t\t<\/div>\n\t\t\t\t\t<\/div>\n\t\t<\/div>\n\t\t\t\t<div class=\"elementor-column elementor-col-50 elementor-inner-column elementor-element elementor-element-6d17ff0\" data-id=\"6d17ff0\" data-element_type=\"column\" data-e-type=\"column\">\n\t\t\t<div class=\"elementor-widget-wrap elementor-element-populated\">\n\t\t\t\t\t\t<div class=\"elementor-element elementor-element-a75bce3 elementor-widget elementor-widget-text-editor\" data-id=\"a75bce3\" data-element_type=\"widget\" data-e-type=\"widget\" data-widget_type=\"text-editor.default\">\n\t\t\t\t<div class=\"elementor-widget-container\">\n\t\t\t\t\t\t\t\t\t<p style=\"font-size:1.5em;text-align: center;font-weight:bold;\">A CHANCHADA NO CINEMA BRASILEIRO<\/p>\n<p style=\"text-align: left;\">Este livro foi o volume 76 da cole\u00e7\u00e3o \u201cTudo \u00e9 hist\u00f3ria\u201d da editora Brasiliense. \u201cTudo \u00e9 hist\u00f3ria\u201d era uma das s\u00e9ries de sucesso da Brasiliense, cujo grande carro-chefe estava em outra cole\u00e7\u00e3o: a \u201cPrimeiros passos\u201d com \u201cO Que \u00e9\u201d capitalismo, socialismo, amor, contracultura, etc. A matriz estava na cole\u00e7\u00e3o francesa \u201cQue sais-je?\u201d, embora n\u00e3o chegasse aos p\u00e9s daquela. Meu s\u00f3cio na empreitada foi Afr\u00e2nio Mendes Catani, autor de dois \u201cO que \u00e9\u201d de sucesso: <em>O que \u00e9 capitalismo<\/em> e <em>O que \u00e9 imperialismo<\/em>. Dezenas de edi\u00e7\u00f5es. Nas nossas minibiografias era dito que Afr\u00e2nio era professor em Araraquara, embora j\u00e1 tivesse passado por outras faculdades, antes de se fixar na Educa\u00e7\u00e3o da USP; eu era um distribuidor de livros em Ribeir\u00e3o Preto. Curiosa combina\u00e7\u00e3o, a princ\u00edpio, para quem desconhecia que nos conhec\u00edamos de alguns anos antes, quando ele era pesquisador do IDART e eu andava por l\u00e1, acertando detalhes de datilografia com a secret\u00e1ria da \u00e1rea de Cinema, Thais Sandri.<\/p>\n<p style=\"text-align: left;\">O interesse pela chanchada foi um dos resultados ben\u00e9ficos da reestrutura\u00e7\u00e3o da Cinemateca Brasileira que, gra\u00e7as ao Rud\u00e1 de Andrade, conseguiu uma parte do \u00faltimo andar do Museu da Imagem e do Som-MIS para a instala\u00e7\u00e3o da biblioteca e arquivo da institui\u00e7\u00e3o. Duas pessoas cuidavam do acervo, Elenice de Castro e Jair Piantino, ambos com passagem anterior no Museu Lasar Segall, que tinha alojado a documenta\u00e7\u00e3o da Cinemateca nos tempos aziagos da decad\u00eancia dos anos 1970.<\/p>\n<p style=\"text-align: left;\">Meu interesse inicial era pela Atl\u00e2ntida, tanto que se fala praticamente de passagem pela Cin\u00e9dia. O que n\u00e3o conseguimos na Cinemateca foi obtido em viagens ao Rio de Janeiro. Era o tempo em que ainda se fazia necess\u00e1rio o deslocamento ao antigo DF para a consulta das cole\u00e7\u00f5es de jornais na Biblioteca Nacional. Afr\u00e2nio se encarregou tamb\u00e9m das indica\u00e7\u00f5es de leitura, bibliografia e filmografia.<\/p>\n<p style=\"text-align: left;\">A tiragem do livrinho de mais ou menos 11 x 15 cm lan\u00e7ado em 1983 foi de 3.000 exemplares. N\u00e3o houve reedi\u00e7\u00f5es. De qualquer forma ter\u00edamos que esperar pelo trabalho de S\u00e9rgio Augusto em 1989 para que uma abordagem de peso aparecesse sobre o tema.<\/p>\t\t\t\t\t\t\t\t<\/div>\n\t\t\t\t<\/div>\n\t\t\t\t\t<\/div>\n\t\t<\/div>\n\t\t\t\t\t<\/div>\n\t\t<\/section>\n\t\t\t\t<section class=\"elementor-section elementor-inner-section elementor-element elementor-element-d11228b elementor-section-boxed elementor-section-height-default elementor-section-height-default\" data-id=\"d11228b\" data-element_type=\"section\" data-e-type=\"section\">\n\t\t\t\t\t\t<div class=\"elementor-container elementor-column-gap-default\">\n\t\t\t\t\t<div class=\"elementor-column elementor-col-50 elementor-inner-column elementor-element elementor-element-f2f5b06\" data-id=\"f2f5b06\" data-element_type=\"column\" data-e-type=\"column\">\n\t\t\t<div class=\"elementor-widget-wrap elementor-element-populated\">\n\t\t\t\t\t\t<div class=\"elementor-element elementor-element-5bef60f elementor-widget elementor-widget-image\" data-id=\"5bef60f\" data-element_type=\"widget\" data-e-type=\"widget\" data-widget_type=\"image.default\">\n\t\t\t\t<div class=\"elementor-widget-container\">\n\t\t\t\t\t\t\t\t\t\t\t\t<figure class=\"wp-caption\">\n\t\t\t\t\t\t\t\t\t\t\t<a href=\"https:\/\/www.amazon.com.br\/Salvados-Digitais-Edi%C3%A7%C3%A3o-Inacio-Souza\/dp\/6590220506\/ref=monarch_sidesheet\" target=\"_blank\">\n\t\t\t\t\t\t\t<img loading=\"lazy\" decoding=\"async\" width=\"229\" height=\"300\" src=\"https:\/\/joseinaciodemelosouza.com.br\/wp-content\/uploads\/2022\/04\/Sem-Titulo-1-229x300.jpg\" class=\"attachment-medium size-medium wp-image-137\" alt=\"\" srcset=\"https:\/\/joseinaciodemelosouza.com.br\/wp-content\/uploads\/2022\/04\/Sem-Titulo-1-229x300.jpg 229w, https:\/\/joseinaciodemelosouza.com.br\/wp-content\/uploads\/2022\/04\/Sem-Titulo-1.jpg 480w\" sizes=\"(max-width: 229px) 100vw, 229px\" \/>\t\t\t\t\t\t\t\t<\/a>\n\t\t\t\t\t\t\t\t\t\t\t<figcaption class=\"widget-image-caption wp-caption-text\">Onde comprar: Amazon Brasil<\/figcaption>\n\t\t\t\t\t\t\t\t\t\t<\/figure>\n\t\t\t\t\t\t\t\t\t<\/div>\n\t\t\t\t<\/div>\n\t\t\t\t\t<\/div>\n\t\t<\/div>\n\t\t\t\t<div class=\"elementor-column elementor-col-50 elementor-inner-column elementor-element elementor-element-8eb8044\" data-id=\"8eb8044\" data-element_type=\"column\" data-e-type=\"column\">\n\t\t\t<div class=\"elementor-widget-wrap elementor-element-populated\">\n\t\t\t\t\t\t<div class=\"elementor-element elementor-element-5313853 elementor-widget elementor-widget-text-editor\" data-id=\"5313853\" data-element_type=\"widget\" data-e-type=\"widget\" data-widget_type=\"text-editor.default\">\n\t\t\t\t<div class=\"elementor-widget-container\">\n\t\t\t\t\t\t\t\t\t<p style=\"font-size: 1.5em; text-align: center; font-weight: bold; text-transform: uppercase;\">Salvados Digitais<\/p><p style=\"text-align: left;\">Esse \u00e9 o filho da pandemia. Estava quase para nascer quando tudo come\u00e7ou a ser bloqueado. Ningu\u00e9m sa\u00eda de casa, recomenda\u00e7\u00f5es as mais diversas sobre tratamento, antes que a vacina\u00e7\u00e3o se impusesse como um fato. Morte. Mortes. Dezenas. Centenas. Milhares.<\/p><p style=\"text-align: left;\">Em fevereiro de 2020 o editor Alexandre Alves, do Est\u00fadio Amarelo, trouxe os cadernos diagramados prontos para ser encaminhados para a gr\u00e1fica. Uma \u00faltima revis\u00e3o. No m\u00eas seguinte ele era entregue pela Bartira Gr\u00e1fica. N\u00e3o era uma perfei\u00e7\u00e3o, o que foi decepcionante pelos livros que conhecia da Bartira, principalmente na capa que n\u00e3o tinha o brilho necess\u00e1rio para o destaque do desenho; a contracapa era fosca demais, parecendo suja. O t\u00edtulo tamb\u00e9m era estranho. Algu\u00e9m na Gr\u00e1fica rotulou as caixas como \u201cSalvador Digitais\u201d, uma mistura de livro evang\u00e9lico com prim\u00e1rio mal feito. Enfim, comecei a pensar no lan\u00e7amento aqui em casa como tinha acontecido com <em>Congressos, patriotas e ilus\u00f5es&#8230; <\/em>quinze anos antes. Um encontro de amigos e conhecidos que beberiam um vinhozinho e ganhariam um livro numerado e assinado pelo autor. Logo vi que tudo seria suspenso. Mensagens de convites foram seguidas de suspens\u00f5es pand\u00eamicas, porque ningu\u00e9m sabia o que fazer. Passei a pedir o endere\u00e7o de cada um para mandar o exemplar pelo correio. O encontro em casa teria resultado mais agrad\u00e1vel (e barato) do que a atividade postal.<\/p><p style=\"text-align: left;\">O livro \u00e9 uma colet\u00e2nea de artigos aparecidos nas d\u00e9cadas anteriores, com textos escritos entre 2004 e 2019, alguns in\u00e9ditos, a maioria veiculada pela internet, principalmente no <em>site<\/em> Mnemocine. Os algoritmos est\u00e3o cada vez mais precisos, mas para quem gosta de livros n\u00e3o \u00e9 a mesma coisa. Mesmo que o Kindle tenha me socorrido na pandemia, ainda sou um f\u00e3 do livro impresso.<\/p><p style=\"text-align: left;\"><em>Salvados<\/em> est\u00e1 dividido em tr\u00eas partes. Na primeira temos artigos sobre a ditadura militar com an\u00e1lises sobre alguns filmes que enfrentaram a quest\u00e3o da guerrilha e do foquismo como <em>Prata Palomares<\/em>, <em>Fome de amor<\/em> e <em>A Ilha dos prazeres proibidos<\/em>. Na segunda parte temos textos escritos para o <em>Informativo<\/em> do Arquivo Hist\u00f3rico Municipal, com \u00eanfase sobre o cine Belas Artes e a cria\u00e7\u00e3o de um circuito de cinemas de arte na cidade de S\u00e3o Paulo. Gostaria de ter acrescentado o artigo sobre o engenheiro municipal Jos\u00e9 de S\u00e1 Rocha, mas o volume j\u00e1 estava grande demais. Por fim temos uma se\u00e7\u00e3o dedicada ao cinema mudo com destaque para Paschoal Segreto e o Sal\u00e3o de Novidades Paris no Rio. Gra\u00e7as a leitura atenta do Francisco Mattos h\u00e1 a informa\u00e7\u00e3o sobre a passagem de Segreto pela pris\u00e3o de Fernando de Noronha, para a qual at\u00e9 o momento ningu\u00e9m acrescentou qualquer contraprova. Seria uma patranha dos jornais recifenses ou Segreto tentou expandir seus golpes? Vamos aguardar.<\/p><p style=\"text-align: left;\">A \u00fanica op\u00e7\u00e3o de compra do livro est\u00e1 na Estante Virtual. Caso n\u00e3o o ache, deixe um recado na caixa de contato, antes que um carroceiro reciclador se interesse pelo assunto.<\/p>\t\t\t\t\t\t\t\t<\/div>\n\t\t\t\t<\/div>\n\t\t\t\t\t<\/div>\n\t\t<\/div>\n\t\t\t\t\t<\/div>\n\t\t<\/section>\n\t\t\t\t<section class=\"elementor-section elementor-inner-section elementor-element elementor-element-29db8e6 elementor-section-boxed elementor-section-height-default elementor-section-height-default\" data-id=\"29db8e6\" data-element_type=\"section\" data-e-type=\"section\">\n\t\t\t\t\t\t<div class=\"elementor-container elementor-column-gap-default\">\n\t\t\t\t\t<div class=\"elementor-column elementor-col-50 elementor-inner-column elementor-element elementor-element-f88dc3d\" data-id=\"f88dc3d\" data-element_type=\"column\" data-e-type=\"column\">\n\t\t\t<div class=\"elementor-widget-wrap elementor-element-populated\">\n\t\t\t\t\t\t<div class=\"elementor-element elementor-element-dbe31a1 elementor-widget elementor-widget-image\" data-id=\"dbe31a1\" data-element_type=\"widget\" data-e-type=\"widget\" data-widget_type=\"image.default\">\n\t\t\t\t<div class=\"elementor-widget-container\">\n\t\t\t\t\t\t\t\t\t\t\t\t<figure class=\"wp-caption\">\n\t\t\t\t\t\t\t\t\t\t\t<a href=\"https:\/\/www.amazon.com.br\/carga-brigada-ligeira-Intelectuais-cinematogr%C3%A1fica-ebook\/dp\/B075DD1PXZ\/ref=sr_1_1?__mk_pt_BR=%C3%85M%C3%85%C5%BD%C3%95%C3%91&#038;crid=A7NTGNKA1KYR&#038;keywords=jose+inacio+de+melo+souza&#038;qid=1651150100&#038;sprefix=jose+inacio+de+melo+souza%2Caps%2C189&#038;sr=8-1\" target=\"_blank\">\n\t\t\t\t\t\t\t<img loading=\"lazy\" decoding=\"async\" width=\"225\" height=\"300\" src=\"https:\/\/joseinaciodemelosouza.com.br\/wp-content\/uploads\/2022\/04\/51djcxIGYVL-225x300.jpg\" class=\"attachment-medium size-medium wp-image-185\" alt=\"\" srcset=\"https:\/\/joseinaciodemelosouza.com.br\/wp-content\/uploads\/2022\/04\/51djcxIGYVL-225x300.jpg 225w, https:\/\/joseinaciodemelosouza.com.br\/wp-content\/uploads\/2022\/04\/51djcxIGYVL.jpg 375w\" sizes=\"(max-width: 225px) 100vw, 225px\" \/>\t\t\t\t\t\t\t\t<\/a>\n\t\t\t\t\t\t\t\t\t\t\t<figcaption class=\"widget-image-caption wp-caption-text\">Onde comprar: Amazon Brasil<\/figcaption>\n\t\t\t\t\t\t\t\t\t\t<\/figure>\n\t\t\t\t\t\t\t\t\t<\/div>\n\t\t\t\t<\/div>\n\t\t\t\t\t<\/div>\n\t\t<\/div>\n\t\t\t\t<div class=\"elementor-column elementor-col-50 elementor-inner-column elementor-element elementor-element-762842a\" data-id=\"762842a\" data-element_type=\"column\" data-e-type=\"column\">\n\t\t\t<div class=\"elementor-widget-wrap elementor-element-populated\">\n\t\t\t\t\t\t<div class=\"elementor-element elementor-element-b7a5a23 elementor-widget elementor-widget-text-editor\" data-id=\"b7a5a23\" data-element_type=\"widget\" data-e-type=\"widget\" data-widget_type=\"text-editor.default\">\n\t\t\t\t<div class=\"elementor-widget-container\">\n\t\t\t\t\t\t\t\t\t<p style=\"font-size: 1.5em; text-align: center; font-weight: bold; text-transform: uppercase;\">A carga da brigada ligeira: Intelectuais e cr\u00edtica cinematogr\u00e1fica, 1941-1945<\/p><p style=\"text-align: left;\">A origem do texto est\u00e1 no meu doutorado defendido em 1996 sob a orienta\u00e7\u00e3o de Maria Rita Eliezer Galv\u00e3o. Ele est\u00e1 totalmente imbu\u00eddo das minhas preocupa\u00e7\u00f5es pauloemilianas iniciadas em 1991, englobando agora todo o grupo de <em>Clima<\/em>, a revista de cultura pensada por Antonio Candido, D\u00e9cio de Almeida Prado, Ruy Coelho, Lourival Gomes Machado e Paulo Emilio, que se encarregou da se\u00e7\u00e3o de cinema, enquanto a atividade pol\u00edtica contra o Estado Novo n\u00e3o o levou para outros rumos.<\/p><p style=\"text-align: left;\">A cr\u00edtica de cinema em S\u00e3o Paulo j\u00e1 tinha contado com outro nome ilustre entre a intelectualidade paulistana, Guilherme de Almeida n\u2019<em>O Estado de S. Paulo<\/em>, na d\u00e9cada de 1920, carregada, no entanto, de outros significados, pois voltada ao dia a dia do coment\u00e1rio de jornal como o conhec\u00edamos at\u00e9 alguns anos atr\u00e1s, antes dos cadernos de cultura abandonarem a pr\u00e1tica da cobertura di\u00e1ria por seus cr\u00edticos fixos ou se\u00e7\u00f5es espec\u00edficas, instituindo-se no lugar o excepcional ditado pelos agentes culturais de maior peso econ\u00f4mico. A \u201cbrigada ligeira\u201d come\u00e7ou a se formar a partir de 1941 com Paulo Emilio em <em>Clima<\/em>, Vinicius de Moraes no jornal da ditadura <em>A Manh\u00e3<\/em>, Francisco Luiz de Almeida Salles no <em>Di\u00e1rio de S. Paulo<\/em>, pertencente a cadeia de \u00f3rg\u00e3os de imprensa de Assis Chateaubriand, que tamb\u00e9m publicava os coment\u00e1rios sobre literatura em rodap\u00e9s de Antonio C\u00e2ndido, e Ruy Coelho, que substituiu Almeida Salles no <em>Di\u00e1rio<\/em> (at\u00e9 D\u00e9cio de Almeida Prado escreveu cr\u00edtica nas f\u00e9rias de Ruy). Sem plano pr\u00e9vio ou orquestra\u00e7\u00e3o arranjada, organizaram a defesa do indefens\u00e1vel: a luta pela primazia do cinema mudo sobre o sonoro. Essa quixotesca por\u00e9m aguerrida batalha trouxe para a arena cultural urbana das duas maiores cidades brasileiras as linhas mestras do que era o cinema para al\u00e9m da divers\u00e3o, do que era necess\u00e1rio para o seu estudo \u2013 uma cinemateca, por exemplo \u2013, de uma configura\u00e7\u00e3o diferente dos espa\u00e7os de congra\u00e7amento intelectual, que agora necessitava de uma sala especializada para a frui\u00e7\u00e3o e discuss\u00e3o daquilo que se entendia como obra cinematogr\u00e1fica.<\/p><p style=\"text-align: left;\">O resultado do texto n\u00e3o me agradou, por isso nunca pensei em edit\u00e1-lo. Sempre me pareceu que faltava um algo que nunca se metamorfoseou no meu pensamento. N\u00e3o sei como definir, mas acho um texto manco. O porqu\u00ea o procuro at\u00e9 hoje.<\/p><p style=\"text-align: left;\">Ele apareceu na forma de <em>e-book<\/em> gra\u00e7as ao interesse de Fl\u00e1vio Brito em abrir uma linha de edi\u00e7\u00f5es no <em>site<\/em> Mnemocine. Os outros lan\u00e7amentos no formato eletr\u00f4nico foram de Andr\u00e9 Gatti e Fernanda Coelho. Mas a ideia n\u00e3o avan\u00e7ou.<\/p>\t\t\t\t\t\t\t\t<\/div>\n\t\t\t\t<\/div>\n\t\t\t\t\t<\/div>\n\t\t<\/div>\n\t\t\t\t\t<\/div>\n\t\t<\/section>\n\t\t\t\t<section class=\"elementor-section elementor-inner-section elementor-element elementor-element-f43ecc0 elementor-section-boxed elementor-section-height-default elementor-section-height-default\" data-id=\"f43ecc0\" data-element_type=\"section\" data-e-type=\"section\">\n\t\t\t\t\t\t<div class=\"elementor-container elementor-column-gap-default\">\n\t\t\t\t\t<div class=\"elementor-column elementor-col-50 elementor-inner-column elementor-element elementor-element-5fde51a\" data-id=\"5fde51a\" data-element_type=\"column\" data-e-type=\"column\">\n\t\t\t<div class=\"elementor-widget-wrap elementor-element-populated\">\n\t\t\t\t\t\t<div class=\"elementor-element elementor-element-b12b9a3 elementor-widget elementor-widget-image\" data-id=\"b12b9a3\" data-element_type=\"widget\" data-e-type=\"widget\" data-widget_type=\"image.default\">\n\t\t\t\t<div class=\"elementor-widget-container\">\n\t\t\t\t\t\t\t\t\t\t\t\t<figure class=\"wp-caption\">\n\t\t\t\t\t\t\t\t\t\t\t<a href=\"https:\/\/www.amazon.com.br\/Imagens-passado-Janeiro-prim%C3%B3rdios-cinema-ebook\/dp\/B07X6C3GBP\" target=\"_blank\">\n\t\t\t\t\t\t\t<img loading=\"lazy\" decoding=\"async\" width=\"210\" height=\"300\" src=\"https:\/\/joseinaciodemelosouza.com.br\/wp-content\/uploads\/2022\/04\/410NAbFM1lL-210x300.jpg\" class=\"attachment-medium size-medium wp-image-189\" alt=\"\" srcset=\"https:\/\/joseinaciodemelosouza.com.br\/wp-content\/uploads\/2022\/04\/410NAbFM1lL-210x300.jpg 210w, https:\/\/joseinaciodemelosouza.com.br\/wp-content\/uploads\/2022\/04\/410NAbFM1lL.jpg 350w\" sizes=\"(max-width: 210px) 100vw, 210px\" \/>\t\t\t\t\t\t\t\t<\/a>\n\t\t\t\t\t\t\t\t\t\t\t<figcaption class=\"widget-image-caption wp-caption-text\">Onde comprar: Amazon Brasil<\/figcaption>\n\t\t\t\t\t\t\t\t\t\t<\/figure>\n\t\t\t\t\t\t\t\t\t<\/div>\n\t\t\t\t<\/div>\n\t\t\t\t\t<\/div>\n\t\t<\/div>\n\t\t\t\t<div class=\"elementor-column elementor-col-50 elementor-inner-column elementor-element elementor-element-10e8438\" data-id=\"10e8438\" data-element_type=\"column\" data-e-type=\"column\">\n\t\t\t<div class=\"elementor-widget-wrap elementor-element-populated\">\n\t\t\t\t\t\t<div class=\"elementor-element elementor-element-9c20353 elementor-widget elementor-widget-text-editor\" data-id=\"9c20353\" data-element_type=\"widget\" data-e-type=\"widget\" data-widget_type=\"text-editor.default\">\n\t\t\t\t<div class=\"elementor-widget-container\">\n\t\t\t\t\t\t\t\t\t<p style=\"font-size: 1.5em; text-align: center; font-weight: bold; text-transform: uppercase;\">Imagens do passado:<br \/>S\u00e3o Paulo e Rio de Janeiro nos prim\u00f3rdios do cinema<\/p><p style=\"text-align: left;\">A imagem do passado mais forte que eu tenho \u00e9 o 11 de setembro. Estava revendo <em>charges<\/em> e ilustra\u00e7\u00f5es na <em>Gazeta de Not\u00edcias<\/em>, jornal do Rio de Janeiro, para um poss\u00edvel livro, quando a bibliotec\u00e1ria que nos atendia nas prec\u00e1rias instala\u00e7\u00f5es da ent\u00e3o Biblioteca Presidente Kennedy, em Santo Amaro (atual Biblioteca Prefeito Prestes Maia), e que tanto devem ter ajudado na rapinagem do criminoso La\u00e9ssio Rodrigues de Oliveira, subitamente entrou na sala de consulta anunciando a III Guerra Mundial. As Twin Towers estavam sendo atacadas. Era hora de ir embora.<\/p><p style=\"text-align: left;\">Nessa altura, a pesquisa sobre Paulo Emilio estava quase encerrada. Eu vinha fazendo outras visitas semanais, \u00e0s sextas-feiras, ao Museu do Ipiranga para a consulta do microfilme do jornal <em>O Estado de S. Paulo<\/em>, buscando informa\u00e7\u00f5es sobre a trajet\u00f3ria de Francisco Serrador e outros exibidores no panorama paulistano antes e depois dos anos 1910. Em Santo Amaro depend\u00edamos do agendamento programado pela Biblioteca M\u00e1rio de Andrade, no centro da cidade, que tinha que deslocar um funcion\u00e1rio, e uma vez por semana, para o acompanhamento dos pesquisadores que trabalhavam nos jornais e revistas que ali estavam arquivados, em geral peri\u00f3dicos de outros estados. No meu caso era a <em>Gazeta de Not\u00edcias<\/em>. Na administra\u00e7\u00e3o do secret\u00e1rio da Cultura Carlos Augusto Calil todos os peri\u00f3dicos foram higienizados e concentrados no anexo da rua Br\u00e1ulio Gomes, terminando com esta peregrina\u00e7\u00e3o por S\u00e3o Paulo. O mais importante de tudo, no entanto, estava num texto de Jean-Claude Bernardet.<\/p><p style=\"text-align: left;\">Bernardet no pequeno texto editado pela Annablume, <em>Historiografia cl\u00e1ssica do cinema brasileiro<\/em>, tinha feito uma revis\u00e3o do que entend\u00edamos por hist\u00f3ria do cinema brasileiro at\u00e9 os anos 1990, colocando de cabe\u00e7a para baixo v\u00e1rios sentidos tomados pela historiografia corrente. Eu me aproveitava dos desafios lan\u00e7ados por Bernardet para tamb\u00e9m navegar nas \u00e1guas do revisionismo hist\u00f3rico. Para tanto, as li\u00e7\u00f5es do nacionalismo exacerbado de Paulo Emilio contra os exibidores, contra o \u201ccom\u00e9rcio cinematogr\u00e1fico\u201d como ele maldizia, deviam ser deixadas de lado, sendo necess\u00e1ria uma compreens\u00e3o mais prof\u00edcua de como operava a exibi\u00e7\u00e3o. Como o pr\u00f3prio Paulo tinha nos ensinado, muitas de nossas mazelas n\u00e3o eram impostas de fora pelo imperialismo (brit\u00e2nico ou americano), por\u00e9m decorriam da nossa inser\u00e7\u00e3o no capitalismo internacional. Dessa forma, os dados e os informes estat\u00edsticos sobre o com\u00e9rcio cinematogr\u00e1fico, sobre como troc\u00e1vamos caf\u00e9 ou borracha por rolos de filmes e abertura de cinemas, deveriam estar no centro da pesquisa. As sacadas sobre Serrador foram bem estruturadas pela documenta\u00e7\u00e3o, assim como o golpe que ele aplicou sobre os franceses da fam\u00edlia Ferrez, que nunca o perdoaram por isso.<\/p><p style=\"text-align: left;\">Gra\u00e7as ao interesse do professor Jos\u00e9 M\u00e1rio Ortiz Ramos do departamento de Sociologia da Unicamp, programei para o ano de 2001 o que me parecia a trilha para essa revis\u00e3o historiogr\u00e1fica, dentro de um p\u00f3s-doutorado naquela institui\u00e7\u00e3o, organizando um semin\u00e1rio e fazendo pesquisas. Hoje, o ambiente me parece errado, talvez no Instituto de Artes ele fosse melhor aceito, afora a hostilidade e desinteresse dos colegas soci\u00f3logos que n\u00e3o eram muito curiosos sobre Cultura (o forte do departamento era Trabalho). Desencontros.<\/p><p style=\"text-align: left;\">Por sorte o texto foi parar nas m\u00e3os de In\u00eas Alexandre, vinda tamb\u00e9m do curso de Hist\u00f3ria da USP, sendo aceito pela Editora Senac. Apesar do tema, cinema brasileiro, foi o que melhor se saiu entre os leitores. N\u00e3o esgotou a edi\u00e7\u00e3o, mas em compara\u00e7\u00e3o com seus vizinhos, como o imponente <em>Paulo Emilio<\/em>, pode-se dizer que foi um sucesso.<\/p>\t\t\t\t\t\t\t\t<\/div>\n\t\t\t\t<\/div>\n\t\t\t\t\t<\/div>\n\t\t<\/div>\n\t\t\t\t\t<\/div>\n\t\t<\/section>\n\t\t\t\t<section class=\"elementor-section elementor-inner-section elementor-element elementor-element-f39673e elementor-section-boxed elementor-section-height-default elementor-section-height-default\" data-id=\"f39673e\" data-element_type=\"section\" data-e-type=\"section\">\n\t\t\t\t\t\t<div class=\"elementor-container elementor-column-gap-default\">\n\t\t\t\t\t<div class=\"elementor-column elementor-col-50 elementor-inner-column elementor-element elementor-element-e9145b4\" data-id=\"e9145b4\" data-element_type=\"column\" data-e-type=\"column\">\n\t\t\t<div class=\"elementor-widget-wrap elementor-element-populated\">\n\t\t\t\t\t\t<div class=\"elementor-element elementor-element-41b300b elementor-widget elementor-widget-image\" data-id=\"41b300b\" data-element_type=\"widget\" data-e-type=\"widget\" data-widget_type=\"image.default\">\n\t\t\t\t<div class=\"elementor-widget-container\">\n\t\t\t\t\t\t\t\t\t\t\t\t<figure class=\"wp-caption\">\n\t\t\t\t\t\t\t\t\t\t\t<a href=\"https:\/\/www.amazon.com.br\/Imagens-passado-Janeiro-prim%C3%B3rdios-cinema-ebook\/dp\/B07X6C3GBP\" target=\"_blank\">\n\t\t\t\t\t\t\t<img loading=\"lazy\" decoding=\"async\" width=\"198\" height=\"300\" src=\"https:\/\/joseinaciodemelosouza.com.br\/wp-content\/uploads\/2022\/05\/congressos-198x300.jpg\" class=\"attachment-medium size-medium wp-image-211\" alt=\"\" srcset=\"https:\/\/joseinaciodemelosouza.com.br\/wp-content\/uploads\/2022\/05\/congressos-198x300.jpg 198w, https:\/\/joseinaciodemelosouza.com.br\/wp-content\/uploads\/2022\/05\/congressos.jpg 350w\" sizes=\"(max-width: 198px) 100vw, 198px\" \/>\t\t\t\t\t\t\t\t<\/a>\n\t\t\t\t\t\t\t\t\t\t\t<figcaption class=\"widget-image-caption wp-caption-text\">Onde comprar: Amazon Brasil<\/figcaption>\n\t\t\t\t\t\t\t\t\t\t<\/figure>\n\t\t\t\t\t\t\t\t\t<\/div>\n\t\t\t\t<\/div>\n\t\t\t\t\t<\/div>\n\t\t<\/div>\n\t\t\t\t<div class=\"elementor-column elementor-col-50 elementor-inner-column elementor-element elementor-element-ef90048\" data-id=\"ef90048\" data-element_type=\"column\" data-e-type=\"column\">\n\t\t\t<div class=\"elementor-widget-wrap elementor-element-populated\">\n\t\t\t\t\t\t<div class=\"elementor-element elementor-element-087cb94 elementor-widget elementor-widget-text-editor\" data-id=\"087cb94\" data-element_type=\"widget\" data-e-type=\"widget\" data-widget_type=\"text-editor.default\">\n\t\t\t\t<div class=\"elementor-widget-container\">\n\t\t\t\t\t\t\t\t\t<p style=\"font-size: 1.5em; text-align: center; font-weight: bold; text-transform: uppercase;\">CONGRESSOS, PATRIOTAS E ILUS\u00d5ES E OUTROS ENSAIOS DE CINEMA<\/p>\n<p style=\"text-align: left;\">Editado em 2005 pela Linear B, a gr\u00e1fica da Annablume, sob encomenda do autor (n\u00e3o saiu pela Annablume porque ela n\u00e3o era um selo de aluguel, dizia o dono). Foram impressos 200 exemplares numerados e assinados pelo autor. Tinha um aspecto melhor do que O Estado. O seu formato era de 14 x 21 cm e a capa continha uma pequena brincadeira sobre a foto do II Congresso do Cinema Brasileiro que ningu\u00e9m percebeu.\nO livro est\u00e1 divido em tr\u00eas partes: o texto sobre os Congressos de Cinema que escrevi entre a Retrospetiva 1976 (in\u00e9dita) e a Chanchada no cinema brasileiro com uma bolsa da Funarte, em 1981; quatro artigos sobre Paulo Emilio que eram uma forma de divulgar de forma mais ampla o que vinha pesquisando no acervo da Cinemateca e quatro artigos sobre cinema mudo aparecidos antes na Revista USP e no site Mnemocine. Ou seja, agregava ensaios de tamanhos diferentes cobrindo mais de 20 anos. A parte maior era a dos Congressos, significando metade do volume de 243 p. O texto em si era pequeno porque a exposi\u00e7\u00e3o das teses e indica\u00e7\u00f5es apresentadas nos tr\u00eas encontros (um paulista e dois nacionais), nos quais se expunham a plataforma nacionalista e popular de se encarar o cinema brasileiro nos anos 1950, ocupavam o grosso do trabalho. Gosto mais dos artigos, De vez em quando encontro uma informa\u00e7\u00e3o nova que poderia ser assimilada como o fato de Celso Furtado ter feito uso da biblioteca do Institut Fran\u00e7ais des Hautes \u00c9tudes Br\u00e9siliennes, uma inven\u00e7\u00e3o de Paulo Duarte em combina\u00e7\u00e3o com Paul Rivet no Museu do Homem, no qual Paulo Emilio fazia as honras da casa quando Duarte estava no Brasil. Mais um que poderia dizer: \u201cEu conheci o Paulo Emilio\u201d (embora o seu grupo fosse o dos comunas).\nComo era um livro para ser dado aos amigos, fiz um lan\u00e7amento caseiro, convidando o m\u00e1ximo de pessoas que poderiam caber no meu apartamento. Zulmira Ribeiro Tavares e Ismail Xavier deram a honra de aparecer, o pessoal da Cinemateca, Afr\u00e2nio, Fl\u00e1vio Brito, assim como aqueles que eu denominava o \u201cquarteto brasileiro\u201d: Arthur Autran pelo Amazonas, Guiomar Ramos por S\u00e3o Paulo, Luciana Ara\u00fajo por Pernambuco e Gl\u00eanio P\u00f3voas, pelo Rio Grande do Sul. Toda uma nova gera\u00e7\u00e3o de estudiosos em cinema brasileiro diplomados pela ECA e hoje professores em atividade em diferentes universidades.\n<\/p>\t\t\t\t\t\t\t\t<\/div>\n\t\t\t\t<\/div>\n\t\t\t\t\t<\/div>\n\t\t<\/div>\n\t\t\t\t\t<\/div>\n\t\t<\/section>\n\t\t\t\t\t<\/div>\n\t\t<\/div>\n\t\t\t\t\t<\/div>\n\t\t<\/section>\n\t\t\t\t<section class=\"elementor-section elementor-top-section elementor-element elementor-element-fc85c4e elementor-section-boxed elementor-section-height-default elementor-section-height-default\" data-id=\"fc85c4e\" data-element_type=\"section\" data-e-type=\"section\" data-settings=\"{&quot;background_background&quot;:&quot;gradient&quot;}\">\n\t\t\t\t\t\t\t<div class=\"elementor-background-overlay\"><\/div>\n\t\t\t\t\t\t\t<div class=\"elementor-container elementor-column-gap-default\">\n\t\t\t\t\t<div class=\"elementor-column elementor-col-100 elementor-top-column elementor-element elementor-element-3b0746f\" data-id=\"3b0746f\" data-element_type=\"column\" data-e-type=\"column\">\n\t\t\t<div class=\"elementor-widget-wrap elementor-element-populated\">\n\t\t\t\t\t\t<div class=\"elementor-element elementor-element-b8eb977 elementor-widget elementor-widget-menu-anchor\" data-id=\"b8eb977\" data-element_type=\"widget\" data-e-type=\"widget\" data-widget_type=\"menu-anchor.default\">\n\t\t\t\t<div class=\"elementor-widget-container\">\n\t\t\t\t\t\t\t<div class=\"elementor-menu-anchor\" id=\"capitulos-de-livros\"><\/div>\n\t\t\t\t\t\t<\/div>\n\t\t\t\t<\/div>\n\t\t\t\t<div class=\"elementor-element elementor-element-a7979ac elementor-widget elementor-widget-heading\" data-id=\"a7979ac\" data-element_type=\"widget\" data-e-type=\"widget\" data-widget_type=\"heading.default\">\n\t\t\t\t<div class=\"elementor-widget-container\">\n\t\t\t\t\t<h3 class=\"elementor-heading-title elementor-size-default\">Cap\u00edtulos de livros<\/h3>\t\t\t\t<\/div>\n\t\t\t\t<\/div>\n\t\t\t\t\t<\/div>\n\t\t<\/div>\n\t\t\t\t\t<\/div>\n\t\t<\/section>\n\t\t\t\t<section class=\"elementor-section elementor-inner-section elementor-element elementor-element-b5a6db0 elementor-section-boxed elementor-section-height-default elementor-section-height-default\" data-id=\"b5a6db0\" data-element_type=\"section\" data-e-type=\"section\">\n\t\t\t\t\t\t<div class=\"elementor-container elementor-column-gap-default\">\n\t\t\t\t\t<div class=\"elementor-column elementor-col-50 elementor-inner-column elementor-element elementor-element-426d9e4\" data-id=\"426d9e4\" data-element_type=\"column\" data-e-type=\"column\">\n\t\t\t<div class=\"elementor-widget-wrap elementor-element-populated\">\n\t\t\t\t\t\t<div class=\"elementor-element elementor-element-0028e1e elementor-widget elementor-widget-image\" data-id=\"0028e1e\" data-element_type=\"widget\" data-e-type=\"widget\" data-widget_type=\"image.default\">\n\t\t\t\t<div class=\"elementor-widget-container\">\n\t\t\t\t\t\t\t\t\t\t\t\t\t\t\t<img loading=\"lazy\" decoding=\"async\" width=\"198\" height=\"300\" src=\"https:\/\/joseinaciodemelosouza.com.br\/wp-content\/uploads\/2022\/05\/cuba-198x300.jpg\" class=\"attachment-medium size-medium wp-image-235\" alt=\"\" srcset=\"https:\/\/joseinaciodemelosouza.com.br\/wp-content\/uploads\/2022\/05\/cuba-198x300.jpg 198w, https:\/\/joseinaciodemelosouza.com.br\/wp-content\/uploads\/2022\/05\/cuba.jpg 350w\" sizes=\"(max-width: 198px) 100vw, 198px\" \/>\t\t\t\t\t\t\t\t\t\t\t\t\t\t\t<\/div>\n\t\t\t\t<\/div>\n\t\t\t\t\t<\/div>\n\t\t<\/div>\n\t\t\t\t<div class=\"elementor-column elementor-col-50 elementor-inner-column elementor-element elementor-element-f3eef16\" data-id=\"f3eef16\" data-element_type=\"column\" data-e-type=\"column\">\n\t\t\t<div class=\"elementor-widget-wrap elementor-element-populated\">\n\t\t\t\t\t\t<div class=\"elementor-element elementor-element-10ba135 elementor-widget elementor-widget-text-editor\" data-id=\"10ba135\" data-element_type=\"widget\" data-e-type=\"widget\" data-widget_type=\"text-editor.default\">\n\t\t\t\t<div class=\"elementor-widget-container\">\n\t\t\t\t\t\t\t\t\t<p style=\"font-size: 1.5em; text-align: center; font-weight: bold; text-transform: uppercase;\">CINE LATINOAMERICANO A\u00d1OS 30-40-50<\/p><p style=\"text-align: left;\">Silvia Oroz foi a organizadora das mesas para o XI Festival Internacional del Nuevo Cine Latinoamericano ocorrido na cidade do M\u00e9xico em dezembro de 1989. Pelo Brasil foram Maria Rita Galv\u00e3o, que fez uma exposi\u00e7\u00e3o sobre a Cia. Vera Cruz, Ismail Xavier, sobre a volta ao melodrama nos anos 1980, com \u00eanfases em <em>L\u00facio Fl\u00e1vio, o passageiro da agonia<\/em> e <em>A Hist\u00f3ria oficial<\/em>, do argentino Luis Puenzo, e Afr\u00e2nio Mendes Catani, com La chanchada en el cine brasile\u00f1o. O texto \u00e9 mais do que um resumo do livrinho da Brasiliense, porque j\u00e1 tinham sido publicados os trabalhos de S\u00e9rgio Augusto, <em>Este mundo \u00e9 um pandeiro<\/em>, e o mestrado de Miguel Chaia, <em>O tost\u00e3o furado<\/em>.<\/p><p style=\"text-align: left;\">A edi\u00e7\u00e3o de 3.000 exemplares patrocinada pela Universidade Nacional Aut\u00f4noma do M\u00e9xico-UNAM foi muito mal revisada com tradu\u00e7\u00f5es de filmes brasileiros uma hora, somente t\u00edtulos originais em outra, tradu\u00e7\u00f5es indevidas, at\u00e9 o pulo de uma linha na passagem de uma p\u00e1gina para outra, tornando o trecho incompreens\u00edvel, principalmente quando se estava no fim da exposi\u00e7\u00e3o. <em>Que l\u00e1stima!<\/em><\/p><p style=\"text-align: left;\">Uma curiosidade que me escapou na \u00e9poca foi a presen\u00e7a do Iv\u00e1n Trujillo como diretor da cole\u00e7\u00e3o e Irma Espinosa como editora. Ainda voltaremos a falar de Iv\u00e1n.<\/p><p style=\"text-align: left;\">La chanchada em el cine brasile\u00f1o, In: <em>Cine latinoamericano a\u00f1os 30-40-50<\/em>. M\u00e9xico, Direcci\u00f3n General de Actividades Cinematogr\u00e1ficas, 1990, p.149-59.<\/p>\t\t\t\t\t\t\t\t<\/div>\n\t\t\t\t<\/div>\n\t\t\t\t\t<\/div>\n\t\t<\/div>\n\t\t\t\t\t<\/div>\n\t\t<\/section>\n\t\t\t\t<section class=\"elementor-section elementor-inner-section elementor-element elementor-element-9218304 elementor-section-boxed elementor-section-height-default elementor-section-height-default\" data-id=\"9218304\" data-element_type=\"section\" data-e-type=\"section\">\n\t\t\t\t\t\t<div class=\"elementor-container elementor-column-gap-default\">\n\t\t\t\t\t<div class=\"elementor-column elementor-col-50 elementor-inner-column elementor-element elementor-element-c3a76dc\" data-id=\"c3a76dc\" data-element_type=\"column\" data-e-type=\"column\">\n\t\t\t<div class=\"elementor-widget-wrap elementor-element-populated\">\n\t\t\t\t\t\t<div class=\"elementor-element elementor-element-6b8fd87 elementor-widget elementor-widget-image\" data-id=\"6b8fd87\" data-element_type=\"widget\" data-e-type=\"widget\" data-widget_type=\"image.default\">\n\t\t\t\t<div class=\"elementor-widget-container\">\n\t\t\t\t\t\t\t\t\t\t\t\t\t\t\t<img loading=\"lazy\" decoding=\"async\" width=\"198\" height=\"300\" src=\"https:\/\/joseinaciodemelosouza.com.br\/wp-content\/uploads\/2022\/05\/eca-198x300.jpg\" class=\"attachment-medium size-medium wp-image-234\" alt=\"\" srcset=\"https:\/\/joseinaciodemelosouza.com.br\/wp-content\/uploads\/2022\/05\/eca-198x300.jpg 198w, https:\/\/joseinaciodemelosouza.com.br\/wp-content\/uploads\/2022\/05\/eca.jpg 350w\" sizes=\"(max-width: 198px) 100vw, 198px\" \/>\t\t\t\t\t\t\t\t\t\t\t\t\t\t\t<\/div>\n\t\t\t\t<\/div>\n\t\t\t\t\t<\/div>\n\t\t<\/div>\n\t\t\t\t<div class=\"elementor-column elementor-col-50 elementor-inner-column elementor-element elementor-element-0237195\" data-id=\"0237195\" data-element_type=\"column\" data-e-type=\"column\">\n\t\t\t<div class=\"elementor-widget-wrap elementor-element-populated\">\n\t\t\t\t\t\t<div class=\"elementor-element elementor-element-d88aec7 elementor-widget elementor-widget-text-editor\" data-id=\"d88aec7\" data-element_type=\"widget\" data-e-type=\"widget\" data-widget_type=\"text-editor.default\">\n\t\t\t\t<div class=\"elementor-widget-container\">\n\t\t\t\t\t\t\t\t\t<p style=\"font-size: 1.5em; text-align: center; font-weight: bold; text-transform: uppercase;\">ANU\u00c1RIO DE INOVA\u00c7\u00d5ES EM COMUNICA\u00c7\u00d5ES E ARTES 1992<\/p><p style=\"text-align: left;\">O <em>Anu\u00e1rio<\/em> foi editado em 1992 quando Jos\u00e9 Marques de Melo era diretor da Escola de Comunica\u00e7\u00f5es e Artes (foram editados quatro <em>Anu\u00e1rios<\/em>, por\u00e9m as bibliotecas da USP guardam somente os dos anos de 1991 e 1992; a da ECA, nenhum). Apresenta nas suas divis\u00f5es os trabalhos acad\u00eamicos ocorridos na institui\u00e7\u00e3o como, apenas para citar alguns itens, os textos da aula magna e s\u00ednteses de teses e disserta\u00e7\u00f5es. N\u00e3o me lembro de v\u00e1rias coisas: como se deu a escolha entre os mestrados defendidos em 1991; como surgiu o convite para participar do volume; quantas p\u00e1ginas deveria ter o resumo. N\u00e3o posso dizer que o meu outro colega de se\u00e7\u00e3o era Jo\u00e3o Oswaldo Leiva Filho com o <em>B-a-b\u00e1 cinematogr\u00e1fico<\/em>, porque devo ter entrado em algo mais amplo como a hist\u00f3ria da imprensa e propaganda durante o Estado Novo, j\u00e1 que o cinema era uma parte menor dentro do texto. Apesar da circula\u00e7\u00e3o restrita, a brasilianista Lisa Shaw, da Universidade de Liverpool, citou-o no seu artigo Vargas on film: from newsreel to the chanchada para a colet\u00e2nea <em>Vargas and Brazil<\/em> (reproduzido no mesmo ano de 2006 em outra edi\u00e7\u00e3o da Palgrave MacMillan, <em>Vargas and Brazil: new perspectives<\/em>).<\/p><p style=\"text-align: left;\">A\u00e7\u00e3o e imagin\u00e1rio de uma ditadura: controle social e propaganda pol\u00edtica durante o Estado Novo. <em>In<\/em>: Melo, Jos\u00e9 Marques de e Carvalho, Mirian Rejowski de (org.). <em>Anu\u00e1rio de inova\u00e7\u00f5es em comunica\u00e7\u00f5es e artes 1992<\/em>. S\u00e3o Paulo, ECA\/USP, 1992, p. 242-255.<\/p>\t\t\t\t\t\t\t\t<\/div>\n\t\t\t\t<\/div>\n\t\t\t\t\t<\/div>\n\t\t<\/div>\n\t\t\t\t\t<\/div>\n\t\t<\/section>\n\t\t\t\t<section class=\"elementor-section elementor-inner-section elementor-element elementor-element-d6bab40 elementor-section-boxed elementor-section-height-default elementor-section-height-default\" data-id=\"d6bab40\" data-element_type=\"section\" data-e-type=\"section\">\n\t\t\t\t\t\t<div class=\"elementor-container elementor-column-gap-default\">\n\t\t\t\t\t<div class=\"elementor-column elementor-col-50 elementor-inner-column elementor-element elementor-element-37c9033\" data-id=\"37c9033\" data-element_type=\"column\" data-e-type=\"column\">\n\t\t\t<div class=\"elementor-widget-wrap elementor-element-populated\">\n\t\t\t\t\t\t<div class=\"elementor-element elementor-element-b6f0d4a elementor-widget elementor-widget-image\" data-id=\"b6f0d4a\" data-element_type=\"widget\" data-e-type=\"widget\" data-widget_type=\"image.default\">\n\t\t\t\t<div class=\"elementor-widget-container\">\n\t\t\t\t\t\t\t\t\t\t\t\t\t\t\t<img loading=\"lazy\" decoding=\"async\" width=\"235\" height=\"300\" src=\"https:\/\/joseinaciodemelosouza.com.br\/wp-content\/uploads\/2022\/05\/fernao-235x300.jpg\" class=\"attachment-medium size-medium wp-image-365\" alt=\"\" srcset=\"https:\/\/joseinaciodemelosouza.com.br\/wp-content\/uploads\/2022\/05\/fernao-235x300.jpg 235w, https:\/\/joseinaciodemelosouza.com.br\/wp-content\/uploads\/2022\/05\/fernao.jpg 750w\" sizes=\"(max-width: 235px) 100vw, 235px\" \/>\t\t\t\t\t\t\t\t\t\t\t\t\t\t\t<\/div>\n\t\t\t\t<\/div>\n\t\t\t\t\t<\/div>\n\t\t<\/div>\n\t\t\t\t<div class=\"elementor-column elementor-col-50 elementor-inner-column elementor-element elementor-element-3cee6b7\" data-id=\"3cee6b7\" data-element_type=\"column\" data-e-type=\"column\">\n\t\t\t<div class=\"elementor-widget-wrap elementor-element-populated\">\n\t\t\t\t\t\t<div class=\"elementor-element elementor-element-1a4a5b1 elementor-widget elementor-widget-text-editor\" data-id=\"1a4a5b1\" data-element_type=\"widget\" data-e-type=\"widget\" data-widget_type=\"text-editor.default\">\n\t\t\t\t<div class=\"elementor-widget-container\">\n\t\t\t\t\t\t\t\t\t<p style=\"font-size: 1.5em; text-align: center; font-weight: bold; text-transform: uppercase;\">NOVA HIST\u00d3RIA DO CINEMA BRASILEIRO<\/p><p style=\"text-align: left;\">Na sua primeira empreitada para uma obra abrangente sobre o cinema brasileiro, Fern\u00e3o Ramos, o organizador do projeto, procurou-me para escrever um cap\u00edtulo dentro do programa geral da obra. Isso deve ter ocorrido por volta de 1985-86, quando estava preocupado com outras coisas como o mestrado que iniciaria com a profa. Maria Rita Galv\u00e3o. N\u00e3o me recordo se j\u00e1 havia um andar espec\u00edfico reservado dentro do edif\u00edcio que viria a ser a <em>Hist\u00f3ria do cinema brasileiro<\/em> (Art Editora, 1987, 555 p.), contudo, provavelmente, minha contribui\u00e7\u00e3o se daria no per\u00edodo \u201cinaugural\u201d do cinema brasileiro, que foi escrita por Roberto Moura. N\u00e3o me arrependo.<\/p><p style=\"text-align: left;\">Trinta anos depois os estudos hist\u00f3ricos no Brasil avan\u00e7aram muito gra\u00e7as a fatores como a abertura de novos acervos, os cursos universit\u00e1rios de cinema, a pr\u00f3pria evolu\u00e7\u00e3o internacional das pesquisas, que trouxeram novas abordagens e tem\u00e1ticas, desaguando em revis\u00f5es locais (vide o trabalho de Jean-Claude Bernardet), e as integra\u00e7\u00f5es digitais das bibliotecas, pesquisadores e historiadores pelos meios eletr\u00f4nicos. Tudo isso trouxe uma massa in\u00e9dita e acess\u00edvel de informa\u00e7\u00f5es que, bem digerida, forneceu uma nova face para aquilo que se fazia como Hist\u00f3ria do cinema no pa\u00eds.<\/p><p style=\"text-align: left;\">A <em>Nova hist\u00f3ria do cinema brasileiro<\/em>, agora organizado com a uni\u00e3o entre Fern\u00e3o Ramos e Sheila Schvarzman, possui dois volumes, 24 colaboradores e mais de 1.100 p\u00e1ginas. Um portento. O caderno de fotos do projeto antigo foi eliminado. Idem para a filmografia, posto que agora circulam muito mais informa\u00e7\u00f5es sobre as fitas do que antes. O projeto gr\u00e1fico tenta ser diferente pelo lado negativo. A diversidade de vis\u00f5es agregadas para o primeiro volume o torna mais atraente que o segundo.<\/p><p style=\"text-align: left;\">No primeiro volume contribu\u00ed com um cap\u00edtulo intitulado Os prim\u00f3rdios do cinema no Brasil. Foi um texto redigido entre 2015-16 no qual tento dar conta de diversos aspectos antes inexplorados como o papel dos importadores\/exibidores, procurando fugir ao tom real\u00e7ado pela figura de Paschoal Segreto. O resultado me satisfez. Como se diz em bom paulistan\u00eas, \u201co mundo gira e a Lusitana roda\u201d, certas sacadas que achava \u00f3timas j\u00e1 viraram velha hist\u00f3ria.<\/p><p style=\"text-align: left;\">Os prim\u00f3rdios do cinema no brasil, <em>In<\/em> RAMOS, Fern\u00e3o Pessoa e SCHVARZMAN, Sheila. <em>Nova hist\u00f3ria do cinema brasileiro<\/em>. S\u00e3o Paulo, Edi\u00e7\u00f5es SESC, 2018, v.1, p.16-49.<\/p>\t\t\t\t\t\t\t\t<\/div>\n\t\t\t\t<\/div>\n\t\t\t\t\t<\/div>\n\t\t<\/div>\n\t\t\t\t\t<\/div>\n\t\t<\/section>\n\t\t\t\t<section class=\"elementor-section elementor-inner-section elementor-element elementor-element-b167c20 elementor-section-boxed elementor-section-height-default elementor-section-height-default\" data-id=\"b167c20\" data-element_type=\"section\" data-e-type=\"section\">\n\t\t\t\t\t\t<div class=\"elementor-container elementor-column-gap-default\">\n\t\t\t\t\t<div class=\"elementor-column elementor-col-50 elementor-inner-column elementor-element elementor-element-5b08165\" data-id=\"5b08165\" data-element_type=\"column\" data-e-type=\"column\">\n\t\t\t<div class=\"elementor-widget-wrap elementor-element-populated\">\n\t\t\t\t\t\t<div class=\"elementor-element elementor-element-54f0257 elementor-widget elementor-widget-image\" data-id=\"54f0257\" data-element_type=\"widget\" data-e-type=\"widget\" data-widget_type=\"image.default\">\n\t\t\t\t<div class=\"elementor-widget-container\">\n\t\t\t\t\t\t\t\t\t\t\t\t\t\t\t<img loading=\"lazy\" decoding=\"async\" width=\"210\" height=\"300\" src=\"https:\/\/joseinaciodemelosouza.com.br\/wp-content\/uploads\/2022\/05\/morettin-210x300.jpg\" class=\"attachment-medium size-medium wp-image-364\" alt=\"\" srcset=\"https:\/\/joseinaciodemelosouza.com.br\/wp-content\/uploads\/2022\/05\/morettin-210x300.jpg 210w, https:\/\/joseinaciodemelosouza.com.br\/wp-content\/uploads\/2022\/05\/morettin-718x1024.jpg 718w, https:\/\/joseinaciodemelosouza.com.br\/wp-content\/uploads\/2022\/05\/morettin.jpg 750w\" sizes=\"(max-width: 210px) 100vw, 210px\" \/>\t\t\t\t\t\t\t\t\t\t\t\t\t\t\t<\/div>\n\t\t\t\t<\/div>\n\t\t\t\t\t<\/div>\n\t\t<\/div>\n\t\t\t\t<div class=\"elementor-column elementor-col-50 elementor-inner-column elementor-element elementor-element-cb363f8\" data-id=\"cb363f8\" data-element_type=\"column\" data-e-type=\"column\">\n\t\t\t<div class=\"elementor-widget-wrap elementor-element-populated\">\n\t\t\t\t\t\t<div class=\"elementor-element elementor-element-4772278 elementor-widget elementor-widget-text-editor\" data-id=\"4772278\" data-element_type=\"widget\" data-e-type=\"widget\" data-widget_type=\"text-editor.default\">\n\t\t\t\t<div class=\"elementor-widget-container\">\n\t\t\t\t\t\t\t\t\t<p style=\"font-size: 1.5em; text-align: center; font-weight: bold; text-transform: uppercase;\">HIST\u00d3RIA E CINEMA<\/p><p style=\"text-align: left;\">Nesta colet\u00e2nea organizada pelos professores do Departamento de Hist\u00f3ria da USP Maria Helena Capelato, Marcos Napolitano, Elias Thom\u00e9 Saliba e, pela ECA, o historiador Eduardo Morettin, foi reproduzido o artigo que tinha escrito para a revista do Programa de P\u00f3s-Gradua\u00e7\u00e3o em Hist\u00f3ria da Universidade Federal do Paran\u00e1, <em>Hist\u00f3ria: Quest\u00f5es &amp; Debates<\/em> (n\u00ba. 38, 2003). A ponte para ambos os casos tinha sido o colega Morettin.<\/p><p style=\"text-align: left;\">O artigo na revista paranaense saiu concomitantemente ao livro publicado pela Annablume, <em>O Estado contra os meios de comunica\u00e7\u00e3o<\/em>. Grosso modo, era uma parte do livro, trazendo os aspectos mais diretos sobre as rela\u00e7\u00f5es entre Imagem e Hist\u00f3ria, ou seja, como o <em>Cine Jornal Brasileiro<\/em> se transformara numa fonte documental importante para o mestrado de 1991. Cinejornais eram temas desprezados na ordem cinematogr\u00e1fica pela sua subordina\u00e7\u00e3o aos donos do poder, enquanto assunto, e sua inferioridade dentro da frui\u00e7\u00e3o da programa\u00e7\u00e3o do cinema, estando abaixo dos <em>trailers<\/em> e dos desenhos animados. Viviam da propaganda paga e da pequena renda de bilheteria que lhes era devida. Na d\u00e9cada de 1990 j\u00e1 estavam mortos, depois de uma longa vida iniciada nos anos 1910. Foram substitu\u00eddos pelo telejornal.<\/p><p style=\"text-align: left;\">Formado basicamente por not\u00edcias fragmentadas com a dura\u00e7\u00e3o de dois minutos cada uma, afora as edi\u00e7\u00f5es especiais, que ocupavam dez minutos, em m\u00e9dia, colocava o problema de como ser abordado como documento, cujo controle n\u00e3o pertencia ao emissor, mas \u00e0 s\u00e9rie de agentes contratados pelo governo para a produ\u00e7\u00e3o: escolha dos temas, redatores, c\u00e2maras, laborat\u00f3rios de revela\u00e7\u00e3o e sonoriza\u00e7\u00e3o, distribui\u00e7\u00e3o e exibi\u00e7\u00e3o. Todos trabalhavam sob o jugo da autocensura. N\u00e3o se registram casos de insubordina\u00e7\u00e3o. Seguir a constru\u00e7\u00e3o em imagens de uma personalidade, como a de Get\u00falio Vargas durante o Estado Novo (1937-45), ou a das For\u00e7as Armadas, era uma tarefa ingrata, posto que se tratava de reunir peda\u00e7os de um quebra-cabe\u00e7a armado durante pelo menos sete anos e mais de 612 n\u00fameros num todo coerente, leg\u00edvel e historicamente fact\u00edvel. Foi um trabalho cansativo, mas de resultado positivo.<\/p><p style=\"text-align: left;\">Houve uma onda de trabalhos sobre cinejornais, com resultados diversos, e o assunto maior, Cinema e Hist\u00f3ria. Por\u00e9m, esgotados os tr\u00eas maiores acervos, o <em>Cine Jornal Brasileiro<\/em>, o <em>Bandeirante da tela<\/em> e o <em>Cine Jornal Informativo<\/em>, a tem\u00e1tica praticamente se fechou a novas investiga\u00e7\u00f5es.<\/p><p style=\"text-align: left;\">Trabalhando com cinejornais: relato de uma experi\u00eancia, <em>In<\/em>: Capelato, Maria Helena <em>et al <\/em>(Orgs.). <em>Hist\u00f3ria e cinema<\/em>. S\u00e3o Paulo, Alameda, 2007, p.117-33.<\/p>\t\t\t\t\t\t\t\t<\/div>\n\t\t\t\t<\/div>\n\t\t\t\t\t<\/div>\n\t\t<\/div>\n\t\t\t\t\t<\/div>\n\t\t<\/section>\n\t\t\t\t<section class=\"elementor-section elementor-inner-section elementor-element elementor-element-3a938fa elementor-section-boxed elementor-section-height-default elementor-section-height-default\" data-id=\"3a938fa\" data-element_type=\"section\" data-e-type=\"section\">\n\t\t\t\t\t\t<div class=\"elementor-container elementor-column-gap-default\">\n\t\t\t\t\t<div class=\"elementor-column elementor-col-50 elementor-inner-column elementor-element elementor-element-0b361e5\" data-id=\"0b361e5\" data-element_type=\"column\" data-e-type=\"column\">\n\t\t\t<div class=\"elementor-widget-wrap elementor-element-populated\">\n\t\t\t\t\t\t<div class=\"elementor-element elementor-element-2c99fa3 elementor-widget elementor-widget-image\" data-id=\"2c99fa3\" data-element_type=\"widget\" data-e-type=\"widget\" data-widget_type=\"image.default\">\n\t\t\t\t<div class=\"elementor-widget-container\">\n\t\t\t\t\t\t\t\t\t\t\t\t\t\t\t<img loading=\"lazy\" decoding=\"async\" width=\"211\" height=\"300\" src=\"https:\/\/joseinaciodemelosouza.com.br\/wp-content\/uploads\/2022\/05\/caldeira-211x300.jpg\" class=\"attachment-medium size-medium wp-image-384\" alt=\"\" srcset=\"https:\/\/joseinaciodemelosouza.com.br\/wp-content\/uploads\/2022\/05\/caldeira-211x300.jpg 211w, https:\/\/joseinaciodemelosouza.com.br\/wp-content\/uploads\/2022\/05\/caldeira-722x1024.jpg 722w, https:\/\/joseinaciodemelosouza.com.br\/wp-content\/uploads\/2022\/05\/caldeira.jpg 750w\" sizes=\"(max-width: 211px) 100vw, 211px\" \/>\t\t\t\t\t\t\t\t\t\t\t\t\t\t\t<\/div>\n\t\t\t\t<\/div>\n\t\t\t\t\t<\/div>\n\t\t<\/div>\n\t\t\t\t<div class=\"elementor-column elementor-col-50 elementor-inner-column elementor-element elementor-element-af36f71\" data-id=\"af36f71\" data-element_type=\"column\" data-e-type=\"column\">\n\t\t\t<div class=\"elementor-widget-wrap elementor-element-populated\">\n\t\t\t\t\t\t<div class=\"elementor-element elementor-element-2a9ae72 elementor-widget elementor-widget-text-editor\" data-id=\"2a9ae72\" data-element_type=\"widget\" data-e-type=\"widget\" data-widget_type=\"text-editor.default\">\n\t\t\t\t<div class=\"elementor-widget-container\">\n\t\t\t\t\t\t\t\t\t<p style=\"font-size: 1.5em; text-align: center; font-weight: bold; text-transform: uppercase;\">MAIS DE UM S\u00c9CULO DE CINEMA EM S\u00c3O PAULO: COM\u00c9RCIO E IND\u00daSTRIA?<\/p><p style=\"text-align: left;\">Texto escrito para uma obra em tr\u00eas volumes <em>Hist\u00f3ria do Estado de S\u00e3o Paulo: a forma\u00e7\u00e3o da unidade paulista<\/em>, organizada pelos professores Nilo Od\u00e1lia (que morreu antes de ver o projeto conclu\u00eddo) e Jo\u00e3o Ricardo de Castro Caldeira. O original foi escrito em 2009 para publica\u00e7\u00e3o em 2010 (o lan\u00e7amento foi em outubro de 2010).<\/p><p style=\"text-align: left;\">A cole\u00e7\u00e3o emulava para somente o estado de S\u00e3o Paulo o projeto da <em>Hist\u00f3ria Geral da Civiliza\u00e7\u00e3o Brasileira<\/em>, na sua origem pensada por S\u00e9rgio Buarque de Holanda. Para o segundo volume, S\u00e3o Paulo Rep\u00fablica, participei da subse\u00e7\u00e3o Cultura. Outros autores trataram do r\u00e1dio, teatro, imprensa, urbanismo, a trajet\u00f3ria de Paulo Prado, modernismo etc. Na HGCB Maria Rita Galv\u00e3o e Carlos Roberto de Souza historiaram o cinema brasileiro entre 1930 e 1964 (O Brasil republicano, tomo 3, volume 11) porque no volume 9 a cultura ficara restrita \u00e0 literatura at\u00e9 o modernismo.<\/p><p style=\"text-align: left;\">Nunca fui um didata, talvez um autodidata, mas considero que o texto panor\u00e2mico sobre o cinema paulista tem qualidades de exposi\u00e7\u00e3o interessantes para as suas 23 p\u00e1ginas mais uma de bibliografia. Ele dilui v\u00e1rias observa\u00e7\u00f5es que estavam em <em>Imagens do passado<\/em>, de 2004. Al\u00e9m do mais, sintetiza um per\u00edodo mais amplo do que o tratado na HGCB, buscando fechar as duas pontas deixadas de fora do programa, na \u00e9poca, coordenado por Boris Fausto.<\/p><p style=\"text-align: left;\">Pequenos sen\u00f5es ocorreram durante a edi\u00e7\u00e3o do cap\u00edtulo. O t\u00edtulo era mais interrogativo: Mais de um s\u00e9culo de cinema em S\u00e3o Paulo: com\u00e9rcio, e a ind\u00fastria? Como ensina Arthur Autran, ind\u00fastria cinematogr\u00e1fica \u00e9 o termo mais falho no vocabul\u00e1rio da corpora\u00e7\u00e3o, sendo que o cap\u00edtulo expunha o deslize. Outra pequena falha foi uma foto do que seria a Cia. Vera Cruz em S\u00e3o Bernardo do Campo, trocada por uma foto de uma f\u00e1brica qualquer (o Arquivo P\u00fablico do Estado de S\u00e3o Paulo ficou encarregado da parte iconogr\u00e1fica). Na bibliografia, que entrou no final do volume, duas refer\u00eancias foram omitidas. Com exce\u00e7\u00e3o do t\u00edtulo, que dava outra ideia do que viria, nada muito grave.<\/p><p style=\"text-align: left;\">Mais de um s\u00e9culo de cinema em S\u00e3o Paulo: com\u00e9rcio e ind\u00fastria. <em>In<\/em> Od\u00e1lia, Nilo e Caldeira, Jo\u00e3o Ricardo de Castro. <em>Hist\u00f3ria do estado de S\u00e3o Paulo: a forma\u00e7\u00e3o da unidade paulista<\/em>, vol.2, S\u00e3o Paulo, Unesp; Arquivo P\u00fablico do Estado de S\u00e3o Paulo; Imprensa Oficial, 2010, p. 443-470.<\/p>\t\t\t\t\t\t\t\t<\/div>\n\t\t\t\t<\/div>\n\t\t\t\t\t<\/div>\n\t\t<\/div>\n\t\t\t\t\t<\/div>\n\t\t<\/section>\n\t\t\t\t<section class=\"elementor-section elementor-inner-section elementor-element elementor-element-59533f8 elementor-section-boxed elementor-section-height-default elementor-section-height-default\" data-id=\"59533f8\" data-element_type=\"section\" data-e-type=\"section\">\n\t\t\t\t\t\t<div class=\"elementor-container elementor-column-gap-default\">\n\t\t\t\t\t<div class=\"elementor-column elementor-col-50 elementor-inner-column elementor-element elementor-element-631e1a1\" data-id=\"631e1a1\" data-element_type=\"column\" data-e-type=\"column\">\n\t\t\t<div class=\"elementor-widget-wrap elementor-element-populated\">\n\t\t\t\t\t\t<div class=\"elementor-element elementor-element-05cfe07 elementor-widget elementor-widget-image\" data-id=\"05cfe07\" data-element_type=\"widget\" data-e-type=\"widget\" data-widget_type=\"image.default\">\n\t\t\t\t<div class=\"elementor-widget-container\">\n\t\t\t\t\t\t\t\t\t\t\t\t\t\t\t<img loading=\"lazy\" decoding=\"async\" width=\"206\" height=\"300\" src=\"https:\/\/joseinaciodemelosouza.com.br\/wp-content\/uploads\/2022\/08\/nuno-206x300.jpg\" class=\"attachment-medium size-medium wp-image-689\" alt=\"\" srcset=\"https:\/\/joseinaciodemelosouza.com.br\/wp-content\/uploads\/2022\/08\/nuno-206x300.jpg 206w, https:\/\/joseinaciodemelosouza.com.br\/wp-content\/uploads\/2022\/08\/nuno-705x1024.jpg 705w, https:\/\/joseinaciodemelosouza.com.br\/wp-content\/uploads\/2022\/08\/nuno.jpg 750w\" sizes=\"(max-width: 206px) 100vw, 206px\" \/>\t\t\t\t\t\t\t\t\t\t\t\t\t\t\t<\/div>\n\t\t\t\t<\/div>\n\t\t\t\t\t<\/div>\n\t\t<\/div>\n\t\t\t\t<div class=\"elementor-column elementor-col-50 elementor-inner-column elementor-element elementor-element-f5f9092\" data-id=\"f5f9092\" data-element_type=\"column\" data-e-type=\"column\">\n\t\t\t<div class=\"elementor-widget-wrap elementor-element-populated\">\n\t\t\t\t\t\t<div class=\"elementor-element elementor-element-4dbc377 elementor-widget elementor-widget-text-editor\" data-id=\"4dbc377\" data-element_type=\"widget\" data-e-type=\"widget\" data-widget_type=\"text-editor.default\">\n\t\t\t\t<div class=\"elementor-widget-container\">\n\t\t\t\t\t\t\t\t\t<p style=\"font-size: 1.5em; text-align: center; font-weight: bold; text-transform: uppercase;\">Di\u00e1logos de Nelson com Glauber: <em>Fome de amor<\/em><\/p><p>In: ABREU, Nuno C\u00e9sar de et al. <em>&#8220;Golpe de vista&#8221;:<\/em> cinema e ditadura militar na Am\u00e9rica do Sul. S\u00e3o Paulo, Alameda, 2009.<\/p>\t\t\t\t\t\t\t\t<\/div>\n\t\t\t\t<\/div>\n\t\t\t\t\t<\/div>\n\t\t<\/div>\n\t\t\t\t\t<\/div>\n\t\t<\/section>\n\t\t\t\t<section class=\"elementor-section elementor-top-section elementor-element elementor-element-5341245 elementor-section-boxed elementor-section-height-default elementor-section-height-default\" data-id=\"5341245\" data-element_type=\"section\" data-e-type=\"section\" data-settings=\"{&quot;background_background&quot;:&quot;gradient&quot;}\">\n\t\t\t\t\t\t\t<div class=\"elementor-background-overlay\"><\/div>\n\t\t\t\t\t\t\t<div class=\"elementor-container elementor-column-gap-default\">\n\t\t\t\t\t<div class=\"elementor-column elementor-col-100 elementor-top-column elementor-element elementor-element-52d7630\" data-id=\"52d7630\" data-element_type=\"column\" data-e-type=\"column\">\n\t\t\t<div class=\"elementor-widget-wrap elementor-element-populated\">\n\t\t\t\t\t\t<div class=\"elementor-element elementor-element-90855b2 elementor-widget elementor-widget-menu-anchor\" data-id=\"90855b2\" data-element_type=\"widget\" data-e-type=\"widget\" data-widget_type=\"menu-anchor.default\">\n\t\t\t\t<div class=\"elementor-widget-container\">\n\t\t\t\t\t\t\t<div class=\"elementor-menu-anchor\" id=\"artigos\"><\/div>\n\t\t\t\t\t\t<\/div>\n\t\t\t\t<\/div>\n\t\t\t\t<div class=\"elementor-element elementor-element-835f2e8 elementor-widget elementor-widget-heading\" data-id=\"835f2e8\" data-element_type=\"widget\" data-e-type=\"widget\" data-widget_type=\"heading.default\">\n\t\t\t\t<div class=\"elementor-widget-container\">\n\t\t\t\t\t<h3 class=\"elementor-heading-title elementor-size-default\">Artigos<\/h3>\t\t\t\t<\/div>\n\t\t\t\t<\/div>\n\t\t\t\t\t<\/div>\n\t\t<\/div>\n\t\t\t\t\t<\/div>\n\t\t<\/section>\n\t\t\t\t<section class=\"elementor-section elementor-inner-section elementor-element elementor-element-f9cd77b elementor-section-boxed elementor-section-height-default elementor-section-height-default\" data-id=\"f9cd77b\" data-element_type=\"section\" data-e-type=\"section\">\n\t\t\t\t\t\t<div class=\"elementor-container elementor-column-gap-default\">\n\t\t\t\t\t<div class=\"elementor-column elementor-col-100 elementor-inner-column elementor-element elementor-element-c3388f3\" data-id=\"c3388f3\" data-element_type=\"column\" data-e-type=\"column\">\n\t\t\t<div class=\"elementor-widget-wrap elementor-element-populated\">\n\t\t\t\t\t\t<div class=\"elementor-element elementor-element-27d486b elementor-widget elementor-widget-text-editor\" data-id=\"27d486b\" data-element_type=\"widget\" data-e-type=\"widget\" data-widget_type=\"text-editor.default\">\n\t\t\t\t<div class=\"elementor-widget-container\">\n\t\t\t\t\t\t\t\t\t<p style=\"font-size: 1.5em; text-align: center; font-weight: bold; text-transform: uppercase;\">ARTIGOS PUBLICADOS<\/p><p style=\"text-align: left;\">Jos\u00e9 de S\u00e1 Rocha engenheiro municipal. S\u00e3o Paulo, Informativo do Arquivo Hist\u00f3rico de S\u00e3o Paulo, 9 (35), fev. 2008, In: <a href=\"http:\/\/www.arquiamigos.org.br\/info\/info35\/index.html\">http:\/\/www.arquiamigos.org.br\/info\/info35\/index.html<\/a><\/p><p style=\"text-align: left;\">Palcos e telas: revista pioneira, S\u00e3o Paulo, Mnemocine, fev. 2022, In: <a href=\"http:\/\/www.mnemocine.com.br\/index.php\/cinema-categoria\/24-histcinema\/383-jis\">http:\/\/www.mnemocine.com.br\/index.php\/cinema-categoria\/24-histcinema\/383-jis<\/a>.<\/p><p style=\"text-align: left;\">Este texto foi escrito em 2003 para a divulga\u00e7\u00e3o de uma documenta\u00e7\u00e3o do Banco do Estado de S\u00e3o Paulo \u2013 Banespa, depositada na Cinemateca Brasileira pelo comprador da institui\u00e7\u00e3o banc\u00e1ria estadual, o Santander. Divulgado na \u00e9poca por meio do site de cinema Mnemocine (mnemocine.com.br), recebi algumas interpela\u00e7\u00f5es de colegas sobre a falta de acesso ao mesmo. Para sanar esta dificuldade, estou postando uma vers\u00e3o ligeiramente corrigida, de forma a que todos tenham f\u00e1cil acesso. <a href=\"https:\/\/joseinaciodemelosouza.com.br\/wp-content\/uploads\/2022\/10\/artigo_banespa.pdf\">FONTES PARA O ESTUDO DO FINANCIAMENTO DE FILMES: A CARTEIRA DE CR\u00c9DITO DO BANCO DO ESTADO DE S\u00c3O PAULO.<\/a><\/p>\t\t\t\t\t\t\t\t<\/div>\n\t\t\t\t<\/div>\n\t\t\t\t\t<\/div>\n\t\t<\/div>\n\t\t\t\t\t<\/div>\n\t\t<\/section>\n\t\t\t\t<section class=\"elementor-section elementor-top-section elementor-element elementor-element-c02daa3 elementor-section-boxed elementor-section-height-default elementor-section-height-default\" data-id=\"c02daa3\" data-element_type=\"section\" data-e-type=\"section\" data-settings=\"{&quot;background_background&quot;:&quot;gradient&quot;}\">\n\t\t\t\t\t\t\t<div class=\"elementor-background-overlay\"><\/div>\n\t\t\t\t\t\t\t<div class=\"elementor-container elementor-column-gap-default\">\n\t\t\t\t\t<div class=\"elementor-column elementor-col-100 elementor-top-column elementor-element elementor-element-13d93ba\" data-id=\"13d93ba\" data-element_type=\"column\" data-e-type=\"column\">\n\t\t\t<div class=\"elementor-widget-wrap elementor-element-populated\">\n\t\t\t\t\t\t<div class=\"elementor-element elementor-element-4f45a33 elementor-widget elementor-widget-menu-anchor\" data-id=\"4f45a33\" data-element_type=\"widget\" data-e-type=\"widget\" data-widget_type=\"menu-anchor.default\">\n\t\t\t\t<div class=\"elementor-widget-container\">\n\t\t\t\t\t\t\t<div class=\"elementor-menu-anchor\" id=\"verbetes\"><\/div>\n\t\t\t\t\t\t<\/div>\n\t\t\t\t<\/div>\n\t\t\t\t<div class=\"elementor-element elementor-element-1b79388 elementor-widget elementor-widget-heading\" data-id=\"1b79388\" data-element_type=\"widget\" data-e-type=\"widget\" data-widget_type=\"heading.default\">\n\t\t\t\t<div class=\"elementor-widget-container\">\n\t\t\t\t\t<h3 class=\"elementor-heading-title elementor-size-default\">Verbetes<\/h3>\t\t\t\t<\/div>\n\t\t\t\t<\/div>\n\t\t\t\t\t<\/div>\n\t\t<\/div>\n\t\t\t\t\t<\/div>\n\t\t<\/section>\n\t\t\t\t<section class=\"elementor-section elementor-inner-section elementor-element elementor-element-6cc1526 elementor-section-boxed elementor-section-height-default elementor-section-height-default\" data-id=\"6cc1526\" data-element_type=\"section\" data-e-type=\"section\">\n\t\t\t\t\t\t<div class=\"elementor-container elementor-column-gap-default\">\n\t\t\t\t\t<div class=\"elementor-column elementor-col-50 elementor-inner-column elementor-element elementor-element-4085a8d\" data-id=\"4085a8d\" data-element_type=\"column\" data-e-type=\"column\">\n\t\t\t<div class=\"elementor-widget-wrap elementor-element-populated\">\n\t\t\t\t\t\t<div class=\"elementor-element elementor-element-9642d37 elementor-widget elementor-widget-image\" data-id=\"9642d37\" data-element_type=\"widget\" data-e-type=\"widget\" data-widget_type=\"image.default\">\n\t\t\t\t<div class=\"elementor-widget-container\">\n\t\t\t\t\t\t\t\t\t\t\t\t\t\t\t<img loading=\"lazy\" decoding=\"async\" width=\"211\" height=\"300\" src=\"https:\/\/joseinaciodemelosouza.com.br\/wp-content\/uploads\/2022\/05\/41TBLVPhnhL._SX349_BO1204203200_-211x300.jpg\" class=\"attachment-medium size-medium wp-image-393\" alt=\"\" srcset=\"https:\/\/joseinaciodemelosouza.com.br\/wp-content\/uploads\/2022\/05\/41TBLVPhnhL._SX349_BO1204203200_-211x300.jpg 211w, https:\/\/joseinaciodemelosouza.com.br\/wp-content\/uploads\/2022\/05\/41TBLVPhnhL._SX349_BO1204203200_.jpg 351w\" sizes=\"(max-width: 211px) 100vw, 211px\" \/>\t\t\t\t\t\t\t\t\t\t\t\t\t\t\t<\/div>\n\t\t\t\t<\/div>\n\t\t\t\t\t<\/div>\n\t\t<\/div>\n\t\t\t\t<div class=\"elementor-column elementor-col-50 elementor-inner-column elementor-element elementor-element-4dbd8b3\" data-id=\"4dbd8b3\" data-element_type=\"column\" data-e-type=\"column\">\n\t\t\t<div class=\"elementor-widget-wrap elementor-element-populated\">\n\t\t\t\t\t\t<div class=\"elementor-element elementor-element-6857cb6 elementor-widget elementor-widget-text-editor\" data-id=\"6857cb6\" data-element_type=\"widget\" data-e-type=\"widget\" data-widget_type=\"text-editor.default\">\n\t\t\t\t<div class=\"elementor-widget-container\">\n\t\t\t\t\t\t\t\t\t<p style=\"font-size: 1.5em; text-align: center; font-weight: bold; text-transform: uppercase;\">DICCIONARIO DEL CINE IBEROAMERICANO<\/p><p style=\"text-align: left;\">Participei do <em>Diccionario<\/em> com 53 verbetes. Era uma obra gigantesca que englobava Espanha, Portugal e a Am\u00e9rica de l\u00edngua espanhola e portuguesa, ou seja, 22 pa\u00edses, 23 coordenadores, dezenas de verbetistas chamados para dar a sua contribui\u00e7\u00e3o. O trabalho ocorreu em 2004-5. N\u00e3o me lembro se foi bem ou mal pago, s\u00f3 que deu trabalho para receber na Receita Federal. Pronto, resultou em mais de 8.000 p\u00e1ginas distribu\u00eddas por dez volumes, sendo dois somente com a filmografia. O diretor para a Am\u00e9rica Latina era Iv\u00e1n Giroud, que encarregou Afr\u00e2nio Mendes Catani de coordenar (compilador na terminologia espanhola) os verbetistas brasileiros. Parece que os espanh\u00f3is ficaram com a parte do le\u00e3o, o que era natural, concedendo fatias para portugueses e <em>criollos<\/em>. Cada verbete tinha uma classifica\u00e7\u00e3o (os de meia lauda, uma lauda e aqueles mais importantes em que se podia ir um pouco al\u00e9m, tipo Humberto Mauro), metrificados a um n\u00famero fixo de toques com espa\u00e7o para caber dentro do esquema estabelecido em Madri. Na empreitada estavam Luciana Ara\u00fajo, o pr\u00f3prio Afr\u00e2nio, obviamente, Luiz Felipe Miranda, Alessandro Gamo e outros de que n\u00e3o me recordo agora. Cada um selecionou os nomes da listagem organizada por Afr\u00e2nio e Luiz Felipe conforme as suas afinidades ou prefer\u00eancias. O verbete que mais me satisfez foi o de Hector Babenco, onde destaco o seu juda\u00edsmo. Quase vinte anos depois, muitos que ainda estavam vivos quando verbetados, hoje est\u00e3o mortos. N\u00e3o me perguntem por que Norma Monteiro foi inclu\u00edda.<\/p><p style=\"text-align: left;\">A coloca\u00e7\u00e3o dos meus verbetes nesta p\u00e1gina \u00e9 uma infra\u00e7\u00e3o legal. Como nunca recebemos nossos exemplares, nem as bibliotecas brasileiras viram nas suas estantes qualquer dos volumes prontos, pois parece que brigas internas entre os editores e o encerramento num dep\u00f3sito das cole\u00e7\u00f5es editadas impedem o acesso dos interessados aos livros ou, pelo menos, o envio das cole\u00e7\u00f5es acordadas \u00e0s bibliotecas cooperantes, como a da Cinemateca Brasileira, considero que tenho o direito de expor o meu trabalho, fechado numa sala por quest\u00f5es que n\u00e3o me concernem (Amazon tem um ou outro volume \u00e0 venda; algumas livrarias t\u00eam quatro volumes a 400 euros; a universidade de Wisconsin tem a cole\u00e7\u00e3o completa; no Brasil, somente Afr\u00e2nio recebeu uma cole\u00e7\u00e3o). Livros patrocinados fechados numa sala n\u00e3o s\u00e3o uma exclusividade brasileira e, pelo visto, faz parte do esp\u00edrito hispano e latino-americano.<\/p><p style=\"text-align: left;\">Rodicio, Emilio Casares (coord.). <em>Diccionario del cine iberoamericano:<\/em> Espa\u00f1a, Portugal y America. Madrid, Sociedad General de Autores y Editores, 2011.<\/p>\t\t\t\t\t\t\t\t<\/div>\n\t\t\t\t<\/div>\n\t\t\t\t<div class=\"elementor-element elementor-element-95fe616 elementor-tabs-view-vertical elementor-widget elementor-widget-tabs\" data-id=\"95fe616\" data-element_type=\"widget\" data-e-type=\"widget\" data-widget_type=\"tabs.default\">\n\t\t\t\t<div class=\"elementor-widget-container\">\n\t\t\t\t\t\t\t<div class=\"elementor-tabs\">\n\t\t\t<div class=\"elementor-tabs-wrapper\" role=\"tablist\" >\n\t\t\t\t\t\t\t\t\t<div id=\"elementor-tab-title-1571\" class=\"elementor-tab-title elementor-tab-desktop-title\" aria-selected=\"true\" data-tab=\"1\" role=\"tab\" tabindex=\"0\" aria-controls=\"elementor-tab-content-1571\" aria-expanded=\"false\">Leia os verbetes<\/div>\n\t\t\t\t\t\t\t<\/div>\n\t\t\t<div class=\"elementor-tabs-content-wrapper\" role=\"tablist\" aria-orientation=\"vertical\">\n\t\t\t\t\t\t\t\t\t<div class=\"elementor-tab-title elementor-tab-mobile-title\" aria-selected=\"true\" data-tab=\"1\" role=\"tab\" tabindex=\"0\" aria-controls=\"elementor-tab-content-1571\" aria-expanded=\"false\">Leia os verbetes<\/div>\n\t\t\t\t\t<div id=\"elementor-tab-content-1571\" class=\"elementor-tab-content elementor-clearfix\" data-tab=\"1\" role=\"tabpanel\" aria-labelledby=\"elementor-tab-title-1571\" tabindex=\"0\" hidden=\"false\"><p><a href=\"https:\/\/joseinaciodemelosouza.com.br\/wp-content\/uploads\/2022\/05\/AUDRA.pdf\">AUDR\u00c1 &#8211; <\/a><a href=\"https:\/\/joseinaciodemelosouza.com.br\/wp-content\/uploads\/2022\/05\/AURORA.pdf\">AURORA<\/a> &#8211;\u00a0<a href=\"https:\/\/joseinaciodemelosouza.com.br\/wp-content\/uploads\/2022\/05\/AZEVEDO.pdf\">AZEVEDO<\/a> &#8211;\u00a0<a href=\"https:\/\/joseinaciodemelosouza.com.br\/wp-content\/uploads\/2022\/05\/BABENCO.pdf\">BABENCO &#8211; <\/a><a href=\"https:\/\/joseinaciodemelosouza.com.br\/wp-content\/uploads\/2022\/05\/BEATO.pdf\">BEATO<\/a> &#8211;\u00a0 <a href=\"https:\/\/joseinaciodemelosouza.com.br\/wp-content\/uploads\/2022\/05\/BETTI.pdf\">BETTI <\/a>&#8211;\u00a0<a href=\"https:\/\/joseinaciodemelosouza.com.br\/wp-content\/uploads\/2022\/05\/BONFIOLI.pdf\">BONFIOLI<\/a> &#8211; <a href=\"https:\/\/joseinaciodemelosouza.com.br\/wp-content\/uploads\/2022\/05\/BUENO.pdf\">BUENO<\/a> &#8211;\u00a0<a href=\"https:\/\/joseinaciodemelosouza.com.br\/wp-content\/uploads\/2022\/05\/CABRAL.pdf\">CABRAL<\/a> &#8211;\u00a0<a href=\"https:\/\/joseinaciodemelosouza.com.br\/wp-content\/uploads\/2022\/05\/CANDEIAS.pdf\">CANDEIAS<\/a> &#8211;\u00a0<a href=\"https:\/\/joseinaciodemelosouza.com.br\/wp-content\/uploads\/2022\/05\/CANIZARES.pdf\">CA\u00d1IZARES<\/a> &#8211;\u00a0<a href=\"https:\/\/joseinaciodemelosouza.com.br\/wp-content\/uploads\/2022\/05\/CHIANCA.pdf\">CHIANCA<\/a> &#8211;\u00a0<a href=\"https:\/\/joseinaciodemelosouza.com.br\/wp-content\/uploads\/2022\/05\/COSTA.pdf\">COSTA<\/a> &#8211;\u00a0<a href=\"https:\/\/joseinaciodemelosouza.com.br\/wp-content\/uploads\/2022\/05\/DORIA.pdf\">D\u00d3RIA<\/a> &#8211;\u00a0<a href=\"https:\/\/joseinaciodemelosouza.com.br\/wp-content\/uploads\/2022\/05\/DUARTE.pdf\">DUARTE<\/a> &#8211;\u00a0<a href=\"https:\/\/joseinaciodemelosouza.com.br\/wp-content\/uploads\/2022\/05\/DUMONT.pdf\">DUMONT<\/a> &#8211;\u00a0<a href=\"https:\/\/joseinaciodemelosouza.com.br\/wp-content\/uploads\/2022\/05\/DUPRAT.pdf\">DUPRAT<\/a> &#8211;\u00a0<a href=\"https:\/\/joseinaciodemelosouza.com.br\/wp-content\/uploads\/2022\/05\/DURAN.pdf\">DUR\u00c1N<\/a> &#8211;\u00a0<a href=\"https:\/\/joseinaciodemelosouza.com.br\/wp-content\/uploads\/2022\/05\/ESCOREL.pdf\">ESCOREL<\/a> &#8211;\u00a0<a href=\"https:\/\/joseinaciodemelosouza.com.br\/wp-content\/uploads\/2022\/05\/FALCO.pdf\">FALCO<\/a> &#8211;\u00a0<a href=\"https:\/\/joseinaciodemelosouza.com.br\/wp-content\/uploads\/2022\/05\/FARIAS.pdf\">FARIAS<\/a> &#8211;\u00a0<a href=\"https:\/\/joseinaciodemelosouza.com.br\/wp-content\/uploads\/2022\/05\/FARKAS.pdf\">FARKAS<\/a> &#8211;\u00a0<a href=\"https:\/\/joseinaciodemelosouza.com.br\/wp-content\/uploads\/2022\/05\/FORTHMANN.pdf\">FORTHMANN<\/a> &#8211;\u00a0<a href=\"https:\/\/joseinaciodemelosouza.com.br\/wp-content\/uploads\/2022\/05\/GABUS.pdf\">GABUS<\/a> &#8211;\u00a0<a href=\"https:\/\/joseinaciodemelosouza.com.br\/wp-content\/uploads\/2022\/05\/GIORGETTI.pdf\">GIORGETTI<\/a> &#8211;\u00a0<a href=\"https:\/\/joseinaciodemelosouza.com.br\/wp-content\/uploads\/2022\/05\/JOBIM.pdf\">JOBIM<\/a> <a href=\"https:\/\/joseinaciodemelosouza.com.br\/wp-content\/uploads\/2022\/05\/KHOURI.pdf\"> &#8211; KHOURI<\/a> &#8211;\u00a0<a href=\"https:\/\/joseinaciodemelosouza.com.br\/wp-content\/uploads\/2022\/05\/MAGALHAES.pdf\">MAGALH\u00c3ES<\/a> &#8211; <a href=\"https:\/\/joseinaciodemelosouza.com.br\/wp-content\/uploads\/2022\/05\/MAURO.pdf\">MAURO<\/a> &#8211;\u00a0<a href=\"https:\/\/joseinaciodemelosouza.com.br\/wp-content\/uploads\/2022\/05\/MEDEIROS.pdf\">MEDEIROS<\/a> &#8211; <a href=\"https:\/\/joseinaciodemelosouza.com.br\/wp-content\/uploads\/2022\/05\/MONTEIRO.pdf\">MONTEIRO<\/a> &#8211; <a href=\"https:\/\/joseinaciodemelosouza.com.br\/wp-content\/uploads\/2022\/05\/MORAES.pdf\">MORAES<\/a> &#8211; <a href=\"https:\/\/joseinaciodemelosouza.com.br\/wp-content\/uploads\/2022\/05\/MOURA.pdf\">MOURA<\/a> &#8211; <a href=\"https:\/\/joseinaciodemelosouza.com.br\/wp-content\/uploads\/2022\/05\/NORMA.pdf\">NORMA<\/a> &#8211; <a href=\"https:\/\/joseinaciodemelosouza.com.br\/wp-content\/uploads\/2022\/05\/NORONHA.pdf\">NORONHA<\/a> &#8211; <a href=\"https:\/\/joseinaciodemelosouza.com.br\/wp-content\/uploads\/2022\/05\/PAYNE.pdf\">PAYNE<\/a> &#8211; <a href=\"https:\/\/joseinaciodemelosouza.com.br\/wp-content\/uploads\/2022\/05\/PERSON.pdf\">PERSON<\/a> &#8211;\u00a0<a href=\"https:\/\/joseinaciodemelosouza.com.br\/wp-content\/uploads\/2022\/05\/PIRES.pdf\">PIRES<\/a> &#8211; <a href=\"https:\/\/joseinaciodemelosouza.com.br\/wp-content\/uploads\/2022\/05\/PONGETTI.pdf\">PONGETTI<\/a> &#8211; <a href=\"https:\/\/joseinaciodemelosouza.com.br\/wp-content\/uploads\/2022\/05\/REIS.pdf\">REIS<\/a> &#8211; <a href=\"https:\/\/joseinaciodemelosouza.com.br\/wp-content\/uploads\/2022\/05\/REZENDE.pdf\">REZENDE<\/a> &#8211; <a href=\"https:\/\/joseinaciodemelosouza.com.br\/wp-content\/uploads\/2022\/05\/RICHERS.pdf\">RICHERS<\/a> &#8211; <a href=\"https:\/\/joseinaciodemelosouza.com.br\/wp-content\/uploads\/2022\/05\/ROULIEN.pdf\">ROULIEN<\/a> &#8211; <a href=\"https:\/\/joseinaciodemelosouza.com.br\/wp-content\/uploads\/2022\/05\/SALLES.pdf\">SALLES<\/a> &#8211; <a href=\"https:\/\/joseinaciodemelosouza.com.br\/wp-content\/uploads\/2022\/05\/SANTOS.pdf\">SANTOS<\/a> &#8211; <a href=\"https:\/\/joseinaciodemelosouza.com.br\/wp-content\/uploads\/2022\/05\/SCHEIBY.pdf\">SCHEIBY<\/a> &#8211; <a href=\"https:\/\/joseinaciodemelosouza.com.br\/wp-content\/uploads\/2022\/05\/SERRAN.pdf\">SERRAN<\/a> &#8211; <a href=\"https:\/\/joseinaciodemelosouza.com.br\/wp-content\/uploads\/2022\/05\/SILVA.pdf\">SILVA<\/a> &#8211; <a href=\"https:\/\/joseinaciodemelosouza.com.br\/wp-content\/uploads\/2022\/05\/SIQUEIRA.pdf\">SIQUEIRA<\/a> &#8211; <a href=\"https:\/\/joseinaciodemelosouza.com.br\/wp-content\/uploads\/2022\/05\/SOARES.pdf\">SOARES<\/a> &#8211; <a href=\"https:\/\/joseinaciodemelosouza.com.br\/wp-content\/uploads\/2022\/05\/TONACCI.pdf\">TONACCI<\/a> &#8211; <a href=\"https:\/\/joseinaciodemelosouza.com.br\/wp-content\/uploads\/2022\/05\/VASCONCELOS.pdf\">VASCONCELOS<\/a> &#8211; <a href=\"https:\/\/joseinaciodemelosouza.com.br\/wp-content\/uploads\/2022\/05\/VELOSO.pdf\">VELOSO<\/a><\/p><\/div>\n\t\t\t\t\t\t\t<\/div>\n\t\t<\/div>\n\t\t\t\t\t\t<\/div>\n\t\t\t\t<\/div>\n\t\t\t\t\t<\/div>\n\t\t<\/div>\n\t\t\t\t\t<\/div>\n\t\t<\/section>\n\t\t\t\t<section class=\"elementor-section elementor-inner-section elementor-element elementor-element-86fe509 elementor-section-boxed elementor-section-height-default elementor-section-height-default\" data-id=\"86fe509\" data-element_type=\"section\" data-e-type=\"section\">\n\t\t\t\t\t\t<div class=\"elementor-container elementor-column-gap-default\">\n\t\t\t\t\t<div class=\"elementor-column elementor-col-50 elementor-inner-column elementor-element elementor-element-870721a\" data-id=\"870721a\" data-element_type=\"column\" data-e-type=\"column\">\n\t\t\t<div class=\"elementor-widget-wrap elementor-element-populated\">\n\t\t\t\t\t\t<div class=\"elementor-element elementor-element-da353bb elementor-widget elementor-widget-image\" data-id=\"da353bb\" data-element_type=\"widget\" data-e-type=\"widget\" data-widget_type=\"image.default\">\n\t\t\t\t<div class=\"elementor-widget-container\">\n\t\t\t\t\t\t\t\t\t\t\t\t\t\t\t<img loading=\"lazy\" decoding=\"async\" width=\"225\" height=\"300\" src=\"https:\/\/joseinaciodemelosouza.com.br\/wp-content\/uploads\/2022\/05\/51cstEI-CL._SX373_BO1204203200_-225x300.jpg\" class=\"attachment-medium size-medium wp-image-516\" alt=\"Enciclop\u00e9dia\" srcset=\"https:\/\/joseinaciodemelosouza.com.br\/wp-content\/uploads\/2022\/05\/51cstEI-CL._SX373_BO1204203200_-225x300.jpg 225w, https:\/\/joseinaciodemelosouza.com.br\/wp-content\/uploads\/2022\/05\/51cstEI-CL._SX373_BO1204203200_.jpg 375w\" sizes=\"(max-width: 225px) 100vw, 225px\" \/>\t\t\t\t\t\t\t\t\t\t\t\t\t\t\t<\/div>\n\t\t\t\t<\/div>\n\t\t\t\t\t<\/div>\n\t\t<\/div>\n\t\t\t\t<div class=\"elementor-column elementor-col-50 elementor-inner-column elementor-element elementor-element-4ba84e2\" data-id=\"4ba84e2\" data-element_type=\"column\" data-e-type=\"column\">\n\t\t\t<div class=\"elementor-widget-wrap elementor-element-populated\">\n\t\t\t\t\t\t<div class=\"elementor-element elementor-element-6e32d5f elementor-widget elementor-widget-text-editor\" data-id=\"6e32d5f\" data-element_type=\"widget\" data-e-type=\"widget\" data-widget_type=\"text-editor.default\">\n\t\t\t\t<div class=\"elementor-widget-container\">\n\t\t\t\t\t\t\t\t\t<p style=\"font-size: 1.5em; text-align: center; font-weight: bold; text-transform: uppercase;\">ENCICLOP\u00c9DIA DO CINEMA BRASIEIRO<\/p><p style=\"text-align: left;\"><span style=\"font-weight: 400;\">Verbetes onom\u00e1sticos: ALMEIDA, Ab\u00edlio Pereira de, diretor, ator, produtor. p. 22;\u00a0 BARRETO, Lima (Vitor Lima Barreto).diretor. p. 61;\u00a0 BASTOS, Othon (Othon Jos\u00e9 de Almeida Bastos), ator,. p. 69; BURLE, Jos\u00e9 Carlos (Jos\u00e9 Carlos Queir\u00f3s Burle), diretor, p. 101; CAMPOS, Ant\u00f4nio (Ant\u00f4nio Rom\u00e3o de Souza Campos), fot\u00f3grafo, roteirista, produtor, diretor, p.108; CAPOVILLA, Maurice (Maurice Carlos Capovilla), diretor, p.114; CORTEZ, Raul (Raul Christiano Machado Pinheiro de Amorim Cortez), ator, p. 190; COUTINHO, Eduardo (Eduardo de Oliveira Coutinho), diretor, p.193, com Fern\u00e3o Ramos; DAHL, Gustavo, diretor, p. 205;\u00a0 FENELON, Moacyr (Moacir Fenelon Miranda Henriques). produtor, diretor, p. 291; GOMES, Paulo Emilio Salles, ensa\u00edsta, p. 342; HERBERT, John (John Herbert Buckup), ator, diretor, p. 362; LEMMERTEZ, Lilian, atriz, p\u00a0 405; MEDINA, Jos\u00e9, diretor, p. 466; MEIRA, Tarc\u00edsio (Tarc\u00edsio Magalh\u00e3es Sobrinho), ator, p. 467; MORAES, Vinicius de (Marcus Vinicius de Melo Morais),\u00a0 cr\u00edtico de cinema, m\u00fasico, p. 493; PORTO, Ismar (Ismar Fernandes Porto), montador, roteirista, diretor, p. 561; RENOLDI, Sylvio, montador, p. 584; ROCHA, Anecy (Anecy de Andrade Rocha), atriz, p. 597; RUSCHEL, Alberto (Alberto Manuel Miranda Ruschel); ator, p. 615;\u00a0 SANTORO, Fada (Mafalda Bas\u00edlio Monteiro dos Santos Mandarim Santoro), atriz, p. 633; SOARES, Jofre (Jos\u00e9 Jofre Soares), ator, p.\u00a0 664; SUCKSFDORFF, Arne (Arne Edwards Sucksdorff), diretor, p 679; TAMBELLINI, Fl\u00e1vio, cr\u00edtico de cinema, diretor, p. 683; VALLE, Mauricio do (Mauricio de Miranda), ator, p. 717; VALVERDE, Rafael (Rafael Justo Valverde), montador, p. 718; VILAR, Leonardo (Leonildo Mota), ator, p. 732; VILLA\u00c7A, Paulo (Paulo Barbosa Villa\u00e7a), ator, p. 734<\/span><\/p><p style=\"text-align: left;\"><span style=\"font-weight: 400;\">Verbetes tem\u00e1ticos: CINEJORNAL, p. 170; MULTIFILMES p. 500\u00a0\u00a0<\/span><\/p><p style=\"text-align: left;\"><span style=\"font-weight: 400;\">RAMOS, Fern\u00e3o Pessoa e MIRANDA, Luiz Felipe (orgs.). <\/span><i><span style=\"font-weight: 400;\">Enciclop\u00e9dia do Cinema Brasileiro<\/span><\/i><span style=\"font-weight: 400;\">.\u00a0 S\u00e3o Paulo, Editora Senac, 2004, 3a.ed.<\/span><\/p>\t\t\t\t\t\t\t\t<\/div>\n\t\t\t\t<\/div>\n\t\t\t\t\t<\/div>\n\t\t<\/div>\n\t\t\t\t\t<\/div>\n\t\t<\/section>\n\t\t\t\t<section class=\"elementor-section elementor-top-section elementor-element elementor-element-f64ee1a elementor-section-boxed elementor-section-height-default elementor-section-height-default\" data-id=\"f64ee1a\" data-element_type=\"section\" data-e-type=\"section\" data-settings=\"{&quot;background_background&quot;:&quot;gradient&quot;}\">\n\t\t\t\t\t\t\t<div class=\"elementor-background-overlay\"><\/div>\n\t\t\t\t\t\t\t<div class=\"elementor-container elementor-column-gap-default\">\n\t\t\t\t\t<div class=\"elementor-column elementor-col-100 elementor-top-column elementor-element elementor-element-ebd71bd\" data-id=\"ebd71bd\" data-element_type=\"column\" data-e-type=\"column\">\n\t\t\t<div class=\"elementor-widget-wrap elementor-element-populated\">\n\t\t\t\t\t\t<div class=\"elementor-element elementor-element-a80f196 elementor-widget elementor-widget-menu-anchor\" data-id=\"a80f196\" data-element_type=\"widget\" data-e-type=\"widget\" data-widget_type=\"menu-anchor.default\">\n\t\t\t\t<div class=\"elementor-widget-container\">\n\t\t\t\t\t\t\t<div class=\"elementor-menu-anchor\" id=\"ineditos\"><\/div>\n\t\t\t\t\t\t<\/div>\n\t\t\t\t<\/div>\n\t\t\t\t<div class=\"elementor-element elementor-element-779c7c6 elementor-widget elementor-widget-heading\" data-id=\"779c7c6\" data-element_type=\"widget\" data-e-type=\"widget\" data-widget_type=\"heading.default\">\n\t\t\t\t<div class=\"elementor-widget-container\">\n\t\t\t\t\t<h3 class=\"elementor-heading-title elementor-size-default\">In\u00e9ditos<\/h3>\t\t\t\t<\/div>\n\t\t\t\t<\/div>\n\t\t\t\t\t<\/div>\n\t\t<\/div>\n\t\t\t\t\t<\/div>\n\t\t<\/section>\n\t\t\t\t<section class=\"elementor-section elementor-inner-section elementor-element elementor-element-503c80d elementor-section-boxed elementor-section-height-default elementor-section-height-default\" data-id=\"503c80d\" data-element_type=\"section\" data-e-type=\"section\">\n\t\t\t\t\t\t<div class=\"elementor-container elementor-column-gap-default\">\n\t\t\t\t\t<div class=\"elementor-column elementor-col-100 elementor-inner-column elementor-element elementor-element-b5ea2a6\" data-id=\"b5ea2a6\" data-element_type=\"column\" data-e-type=\"column\">\n\t\t\t<div class=\"elementor-widget-wrap elementor-element-populated\">\n\t\t\t\t\t\t<div class=\"elementor-element elementor-element-6789cd0 elementor-widget elementor-widget-text-editor\" data-id=\"6789cd0\" data-element_type=\"widget\" data-e-type=\"widget\" data-widget_type=\"text-editor.default\">\n\t\t\t\t<div class=\"elementor-widget-container\">\n\t\t\t\t\t\t\t\t\t<p style=\"font-size: 1.5em; text-align: center; font-weight: bold; text-transform: uppercase;\">DOCUMENTOS PARA A HIST\u00d3RIA DO CINEMA BRASILEIRO<\/p>\t\t\t\t\t\t\t\t<\/div>\n\t\t\t\t<\/div>\n\t\t\t\t\t<\/div>\n\t\t<\/div>\n\t\t\t\t\t<\/div>\n\t\t<\/section>\n\t\t\t\t<section class=\"elementor-section elementor-inner-section elementor-element elementor-element-3072e80 elementor-section-boxed elementor-section-height-default elementor-section-height-default\" data-id=\"3072e80\" data-element_type=\"section\" data-e-type=\"section\">\n\t\t\t\t\t\t<div class=\"elementor-container elementor-column-gap-default\">\n\t\t\t\t\t<div class=\"elementor-column elementor-col-50 elementor-inner-column elementor-element elementor-element-2d5622f\" data-id=\"2d5622f\" data-element_type=\"column\" data-e-type=\"column\">\n\t\t\t<div class=\"elementor-widget-wrap elementor-element-populated\">\n\t\t\t\t\t\t<div class=\"elementor-element elementor-element-7b6c7cc elementor-widget elementor-widget-image\" data-id=\"7b6c7cc\" data-element_type=\"widget\" data-e-type=\"widget\" data-widget_type=\"image.default\">\n\t\t\t\t<div class=\"elementor-widget-container\">\n\t\t\t\t\t\t\t\t\t\t\t\t\t\t\t<img loading=\"lazy\" decoding=\"async\" width=\"768\" height=\"1086\" src=\"https:\/\/joseinaciodemelosouza.com.br\/wp-content\/uploads\/2023\/02\/HISTORIA-TEXTOS-768x1086.jpg\" class=\"attachment-medium_large size-medium_large wp-image-724\" alt=\"\" srcset=\"https:\/\/joseinaciodemelosouza.com.br\/wp-content\/uploads\/2023\/02\/HISTORIA-TEXTOS-768x1086.jpg 768w, https:\/\/joseinaciodemelosouza.com.br\/wp-content\/uploads\/2023\/02\/HISTORIA-TEXTOS-212x300.jpg 212w, https:\/\/joseinaciodemelosouza.com.br\/wp-content\/uploads\/2023\/02\/HISTORIA-TEXTOS-724x1024.jpg 724w, https:\/\/joseinaciodemelosouza.com.br\/wp-content\/uploads\/2023\/02\/HISTORIA-TEXTOS-1086x1536.jpg 1086w, https:\/\/joseinaciodemelosouza.com.br\/wp-content\/uploads\/2023\/02\/HISTORIA-TEXTOS-1448x2048.jpg 1448w, https:\/\/joseinaciodemelosouza.com.br\/wp-content\/uploads\/2023\/02\/HISTORIA-TEXTOS-scaled.jpg 1810w\" sizes=\"(max-width: 768px) 100vw, 768px\" \/>\t\t\t\t\t\t\t\t\t\t\t\t\t\t\t<\/div>\n\t\t\t\t<\/div>\n\t\t\t\t\t<\/div>\n\t\t<\/div>\n\t\t\t\t<div class=\"elementor-column elementor-col-50 elementor-inner-column elementor-element elementor-element-911112c\" data-id=\"911112c\" data-element_type=\"column\" data-e-type=\"column\">\n\t\t\t<div class=\"elementor-widget-wrap elementor-element-populated\">\n\t\t\t\t\t\t<div class=\"elementor-element elementor-element-d126d9e elementor-widget elementor-widget-shortcode\" data-id=\"d126d9e\" data-element_type=\"widget\" data-e-type=\"widget\" data-widget_type=\"shortcode.default\">\n\t\t\t\t<div class=\"elementor-widget-container\">\n\t\t\t\t\t\t\t<div class=\"elementor-shortcode\"><div class=\"_df_book df-lite\" id=\"df_720\"  _slug=\"documentos-para-a-historia-do-cinema-brasileiro\" data-title=\"documentos-para-a-historia-do-cinema-brasileiro\" wpoptions=\"true\" thumbtype=\"\" ><\/div><script data-jetpack-boost=\"ignore\" data-jetpack-boost=\"ignore\" class=\"df-shortcode-script\" nowprocket type=\"application\/javascript\">window.option_df_720 = {\"outline\":[],\"autoEnableOutline\":\"false\",\"autoEnableThumbnail\":\"false\",\"overwritePDFOutline\":\"false\",\"direction\":\"1\",\"pageSize\":\"0\",\"source\":\"https:\\\/\\\/joseinaciodemelosouza.com.br\\\/wp-content\\\/uploads\\\/2023\\\/02\\\/HISTORIATEXTOS-1.pdf\",\"wpOptions\":\"true\"}; if(window.DFLIP && window.DFLIP.parseBooks){window.DFLIP.parseBooks();}<\/script>\n\n<\/div>\n\t\t\t\t\t\t<\/div>\n\t\t\t\t<\/div>\n\t\t\t\t\t<\/div>\n\t\t<\/div>\n\t\t\t\t\t<\/div>\n\t\t<\/section>\n\t\t\t\t<section class=\"elementor-section elementor-inner-section elementor-element elementor-element-181591b elementor-section-boxed elementor-section-height-default elementor-section-height-default\" data-id=\"181591b\" data-element_type=\"section\" data-e-type=\"section\">\n\t\t\t\t\t\t<div class=\"elementor-container elementor-column-gap-default\">\n\t\t\t\t\t<div class=\"elementor-column elementor-col-100 elementor-inner-column elementor-element elementor-element-2eaa30a\" data-id=\"2eaa30a\" data-element_type=\"column\" data-e-type=\"column\">\n\t\t\t<div class=\"elementor-widget-wrap elementor-element-populated\">\n\t\t\t\t\t\t<div class=\"elementor-element elementor-element-57b536c elementor-widget elementor-widget-text-editor\" data-id=\"57b536c\" data-element_type=\"widget\" data-e-type=\"widget\" data-widget_type=\"text-editor.default\">\n\t\t\t\t<div class=\"elementor-widget-container\">\n\t\t\t\t\t\t\t\t\t<p style=\"font-size: 1.5em; text-align: center; font-weight: bold; text-transform: uppercase;\">A TELEVIS\u00c3O ANTES DA NOVELA: ENSAIO DE INTERPRETA\u00c7\u00c3O<\/p>\t\t\t\t\t\t\t\t<\/div>\n\t\t\t\t<\/div>\n\t\t\t\t\t<\/div>\n\t\t<\/div>\n\t\t\t\t\t<\/div>\n\t\t<\/section>\n\t\t\t\t<section class=\"elementor-section elementor-inner-section elementor-element elementor-element-b0cd573 elementor-section-boxed elementor-section-height-default elementor-section-height-default\" data-id=\"b0cd573\" data-element_type=\"section\" data-e-type=\"section\">\n\t\t\t\t\t\t<div class=\"elementor-container elementor-column-gap-default\">\n\t\t\t\t\t<div class=\"elementor-column elementor-col-50 elementor-inner-column elementor-element elementor-element-7cf6186\" data-id=\"7cf6186\" data-element_type=\"column\" data-e-type=\"column\">\n\t\t\t<div class=\"elementor-widget-wrap elementor-element-populated\">\n\t\t\t\t\t\t<div class=\"elementor-element elementor-element-754c4b7 elementor-widget elementor-widget-image\" data-id=\"754c4b7\" data-element_type=\"widget\" data-e-type=\"widget\" data-widget_type=\"image.default\">\n\t\t\t\t<div class=\"elementor-widget-container\">\n\t\t\t\t\t\t\t\t\t\t\t\t\t\t\t<img loading=\"lazy\" decoding=\"async\" width=\"768\" height=\"1086\" src=\"https:\/\/joseinaciodemelosouza.com.br\/wp-content\/uploads\/2022\/05\/TVTupi.jpg-768x1086.jpg\" class=\"attachment-medium_large size-medium_large wp-image-501\" alt=\"\" srcset=\"https:\/\/joseinaciodemelosouza.com.br\/wp-content\/uploads\/2022\/05\/TVTupi.jpg-768x1086.jpg 768w, https:\/\/joseinaciodemelosouza.com.br\/wp-content\/uploads\/2022\/05\/TVTupi.jpg-212x300.jpg 212w, https:\/\/joseinaciodemelosouza.com.br\/wp-content\/uploads\/2022\/05\/TVTupi.jpg-724x1024.jpg 724w, https:\/\/joseinaciodemelosouza.com.br\/wp-content\/uploads\/2022\/05\/TVTupi.jpg-1087x1536.jpg 1087w, https:\/\/joseinaciodemelosouza.com.br\/wp-content\/uploads\/2022\/05\/TVTupi.jpg-1449x2048.jpg 1449w, https:\/\/joseinaciodemelosouza.com.br\/wp-content\/uploads\/2022\/05\/TVTupi.jpg.jpg 1654w\" sizes=\"(max-width: 768px) 100vw, 768px\" \/>\t\t\t\t\t\t\t\t\t\t\t\t\t\t\t<\/div>\n\t\t\t\t<\/div>\n\t\t\t\t<div class=\"elementor-element elementor-element-b6c2463 elementor-align-center elementor-widget elementor-widget-button\" data-id=\"b6c2463\" data-element_type=\"widget\" data-e-type=\"widget\" data-widget_type=\"button.default\">\n\t\t\t\t<div class=\"elementor-widget-container\">\n\t\t\t\t\t\t\t\t\t<div class=\"elementor-button-wrapper\">\n\t\t\t\t\t<a class=\"elementor-button elementor-button-link elementor-size-sm\" href=\"https:\/\/joseinaciodemelosouza.com.br\/wp-content\/uploads\/2022\/06\/TV-Tupi-Relacao-dramaturgia.pdf\" target=\"_blank\">\n\t\t\t\t\t\t<span class=\"elementor-button-content-wrapper\">\n\t\t\t\t\t\t\t\t\t<span class=\"elementor-button-text\">Leia a rela\u00e7\u00e3o de telenovelas<\/span>\n\t\t\t\t\t<\/span>\n\t\t\t\t\t<\/a>\n\t\t\t\t<\/div>\n\t\t\t\t\t\t\t\t<\/div>\n\t\t\t\t<\/div>\n\t\t\t\t\t<\/div>\n\t\t<\/div>\n\t\t\t\t<div class=\"elementor-column elementor-col-50 elementor-inner-column elementor-element elementor-element-5cda50a\" data-id=\"5cda50a\" data-element_type=\"column\" data-e-type=\"column\">\n\t\t\t<div class=\"elementor-widget-wrap elementor-element-populated\">\n\t\t\t\t\t\t<div class=\"elementor-element elementor-element-8cc6214 elementor-widget elementor-widget-text-editor\" data-id=\"8cc6214\" data-element_type=\"widget\" data-e-type=\"widget\" data-widget_type=\"text-editor.default\">\n\t\t\t\t<div class=\"elementor-widget-container\">\n\t\t\t\t\t\t\t\t\t<p style=\"text-align: left;\">Um dos \u00faltimos trabalhos que fiz como funcion\u00e1rio da Cinemateca Brasileira, por volta de 2003-4, foi terminar a classifica\u00e7\u00e3o das intermin\u00e1veis pastas <em>clippings<\/em> de imprensa sobre cinema existentes na \u00e1rea da hemeroteca da Documenta\u00e7\u00e3o. Depois, meu colega Jair Piantino fez o tratamento bibliogr\u00e1fico necess\u00e1rio, dando fun\u00e7\u00e3o a uma ma\u00e7aroca de papel que vinha do tempo de Lucila Bernardet na d\u00e9cada de 1970, num ac\u00famulo de vinte anos antes. At\u00e9 o advento dos jornais <em>on-line<\/em> era o que mais se fazia naquele departamento, que agora pode se dedicar a projetos mais prof\u00edcuos. Espero.<\/p><p style=\"text-align: left;\">Era um servi\u00e7o desagrad\u00e1vel e cansativo, pr\u00f3prio para escravos ou presidi\u00e1rios. Para me divertir um pouco comecei a ler os versos das not\u00edcias de cinema dos recortes dos jornais. Havia muita coisa de tv, programa\u00e7\u00f5es, colunas de fofocas, notici\u00e1rio. Dessa ganga fui me aproximando aos poucos, achando curioso como era encarada a dramaturgia pelos est\u00fadios do Sumar\u00e9, onde ficava a TV Tupi, da cadeia dos Di\u00e1rios Associados, de Assis Chateaubriand, ou dos outros canais que foram aparecendo em seguida. Foram organizados v\u00e1rios n\u00facleos teatrais, dos quais o mais interessante parecia ser o <em>TV de Vanguarda<\/em>, do qual me lembrava por uma cena que me tinha marcado muito na inf\u00e2ncia: a de Lima Duarte castigando uma rapariga, provavelmente numa vers\u00e3o para <em>Os Sert\u00f5es<\/em> ou outra hist\u00f3ria de banditismo rural nordestino, penteando-a com um rastelo. Outro tema que me interessava muito na \u00e9poca era a irracionalidade do sistema cinematogr\u00e1fico paulistano, fosse na fase dos est\u00fadios nos anos 1950, fosse pela destrui\u00e7\u00e3o dos cinemas de rua pela exibi\u00e7\u00e3o indiscriminada do filme pornogr\u00e1fico (eu vi o campeon\u00edssimo <em>Coisas er\u00f3ticas<\/em> no Astor, em plena avenida Paulista).<\/p><p style=\"text-align: left;\">Os recortes eram ca\u00f3ticos e n\u00e3o serviam como material de pesquisa, \u00e9 \u00f3bvio. Havia uma certa flexibilidade da Biblioteca Municipal M\u00e1rio de Andrade para a consulta dos jornais antigos. N\u00e3o precisei de muita formalidade para pesquis\u00e1-los no pr\u00f3prio andar onde eles estavam armazenados, principalmente o <em>Di\u00e1rio de S. Paulo<\/em>, evitando a demora entre um pedido e outro na sala de consulta (a \u00fanica cole\u00e7\u00e3o do <em>Di\u00e1rio da Noite<\/em> tinha sido vendida para Jorge Yunes, um dos diretores da IBEP\/Cia. Editora Nacional; ela foi mais tarde doada ao Arquivo P\u00fablico do Estado de S\u00e3o Paulo). Como estava restrito a acompanhar uma se\u00e7\u00e3o espec\u00edfica do jornal, a de televis\u00e3o, o trabalho foi feito rapidamente (ver o vol. 2 com a lista de programas identificados).<\/p><p style=\"text-align: left;\">A quest\u00e3o da irracionalidade do sistema de cria\u00e7\u00e3o de imagens \u00e9 que n\u00e3o foi bem resolvida. Empres\u00e1rios que n\u00e3o tinham a m\u00ednima ideia do que estavam fazendo se metiam a criar est\u00fadios gigantescos em S\u00e3o Bernardo do Campo, ou no Ja\u00e7an\u00e3, ou em outro munic\u00edpio, Mairipor\u00e3, nenhum t\u00e3o pr\u00f3ximo da capital, isso quando n\u00e3o se arriscavam mais ainda com narrativas com loca\u00e7\u00f5es no Rio Grande do Sul ou Ilhabela. Empres\u00e1rios que n\u00e3o tinham a m\u00ednima ideia de onde metiam as m\u00e3os resolviam fundar uma esta\u00e7\u00e3o de televis\u00e3o para um pa\u00eds que n\u00e3o tinha p\u00fablico nem ao menos um aparelho de tv para venda. Como se diz popularmente: tudo era muito louco. Foi a\u00ed que a coisa ficou capenga. Como tratar esse esp\u00edrito aventureiro vindos de um educado imigrante italiano ou de um esperto advogado nordestino? Se fizera tanto dinheiro durante a II Guerra, que se podia gastar sem medidas? Por pura ostenta\u00e7\u00e3o burguesa, exibicionismo de novo-rico? Da\u00ed a raz\u00e3o para o ineditismo. O assunto era complexo demais para o meu pequeno conhecimento das duas tem\u00e1ticas principais.<\/p>\t\t\t\t\t\t\t\t<\/div>\n\t\t\t\t<\/div>\n\t\t\t\t<div class=\"elementor-element elementor-element-4248423 elementor-widget elementor-widget-shortcode\" data-id=\"4248423\" data-element_type=\"widget\" data-e-type=\"widget\" data-widget_type=\"shortcode.default\">\n\t\t\t\t<div class=\"elementor-widget-container\">\n\t\t\t\t\t\t\t<div class=\"elementor-shortcode\"><div class=\"_df_book df-lite\" id=\"df_545\"  _slug=\"a-televisao-antes-da-novela-ensaio-de-interpretacao\" data-title=\"a-televisao-antes-da-novela-ensaio-de-interpretacao\" wpoptions=\"true\" thumb=\"https:\/\/joseinaciodemelosouza.com.br\/wp-content\/uploads\/2022\/05\/TVTupi.jpg.jpg\" thumbtype=\"\" ><\/div><script data-jetpack-boost=\"ignore\" data-jetpack-boost=\"ignore\" class=\"df-shortcode-script\" nowprocket type=\"application\/javascript\">window.option_df_545 = {\"outline\":[],\"autoEnableOutline\":\"false\",\"autoEnableThumbnail\":\"false\",\"overwritePDFOutline\":\"false\",\"enableDownload\":\"true\",\"direction\":\"1\",\"pageSize\":\"0\",\"maxTextureSize\":\"1800\",\"source\":\"https:\\\/\\\/joseinaciodemelosouza.com.br\\\/wp-content\\\/uploads\\\/2022\\\/05\\\/TELEVISAO-ANTES-DA-NOVELA-ebook.pdf\",\"wpOptions\":\"true\"}; if(window.DFLIP && window.DFLIP.parseBooks){window.DFLIP.parseBooks();}<\/script>\n<\/div>\n\t\t\t\t\t\t<\/div>\n\t\t\t\t<\/div>\n\t\t\t\t\t<\/div>\n\t\t<\/div>\n\t\t\t\t\t<\/div>\n\t\t<\/section>\n\t\t\t\t<section class=\"elementor-section elementor-inner-section elementor-element elementor-element-b3c96f6 elementor-section-boxed elementor-section-height-default elementor-section-height-default\" data-id=\"b3c96f6\" data-element_type=\"section\" data-e-type=\"section\">\n\t\t\t\t\t\t<div class=\"elementor-container elementor-column-gap-default\">\n\t\t\t\t\t<div class=\"elementor-column elementor-col-50 elementor-inner-column elementor-element elementor-element-b502518\" data-id=\"b502518\" data-element_type=\"column\" data-e-type=\"column\">\n\t\t\t<div class=\"elementor-widget-wrap elementor-element-populated\">\n\t\t\t\t\t\t<div class=\"elementor-element elementor-element-0f17101 elementor-widget elementor-widget-image\" data-id=\"0f17101\" data-element_type=\"widget\" data-e-type=\"widget\" data-widget_type=\"image.default\">\n\t\t\t\t<div class=\"elementor-widget-container\">\n\t\t\t\t\t\t\t\t\t\t\t\t\t\t\t<img loading=\"lazy\" decoding=\"async\" width=\"768\" height=\"1086\" src=\"https:\/\/joseinaciodemelosouza.com.br\/wp-content\/uploads\/2022\/06\/abrindo-as-pernas-768x1086.jpg\" class=\"attachment-medium_large size-medium_large wp-image-622\" alt=\"\" srcset=\"https:\/\/joseinaciodemelosouza.com.br\/wp-content\/uploads\/2022\/06\/abrindo-as-pernas-768x1086.jpg 768w, https:\/\/joseinaciodemelosouza.com.br\/wp-content\/uploads\/2022\/06\/abrindo-as-pernas-212x300.jpg 212w, https:\/\/joseinaciodemelosouza.com.br\/wp-content\/uploads\/2022\/06\/abrindo-as-pernas-724x1024.jpg 724w, https:\/\/joseinaciodemelosouza.com.br\/wp-content\/uploads\/2022\/06\/abrindo-as-pernas-1086x1536.jpg 1086w, https:\/\/joseinaciodemelosouza.com.br\/wp-content\/uploads\/2022\/06\/abrindo-as-pernas-1448x2048.jpg 1448w, https:\/\/joseinaciodemelosouza.com.br\/wp-content\/uploads\/2022\/06\/abrindo-as-pernas-scaled.jpg 1810w\" sizes=\"(max-width: 768px) 100vw, 768px\" \/>\t\t\t\t\t\t\t\t\t\t\t\t\t\t\t<\/div>\n\t\t\t\t<\/div>\n\t\t\t\t\t<\/div>\n\t\t<\/div>\n\t\t\t\t<div class=\"elementor-column elementor-col-50 elementor-inner-column elementor-element elementor-element-9a4b5b1\" data-id=\"9a4b5b1\" data-element_type=\"column\" data-e-type=\"column\">\n\t\t\t<div class=\"elementor-widget-wrap elementor-element-populated\">\n\t\t\t\t\t\t<div class=\"elementor-element elementor-element-876cd20 elementor-widget elementor-widget-text-editor\" data-id=\"876cd20\" data-element_type=\"widget\" data-e-type=\"widget\" data-widget_type=\"text-editor.default\">\n\t\t\t\t<div class=\"elementor-widget-container\">\n\t\t\t\t\t\t\t\t\t<p style=\"font-size: 1.5em; text-align: center; font-weight: bold; text-transform: uppercase;\">ABRINDO AS PERNAS AO SOM DE MOZART E BART\u00d3K: OBSERVA\u00c7\u00d5ES SOBRE O CINEMA POPULAR E ER\u00d3TICO<\/p>\t\t\t\t\t\t\t\t<\/div>\n\t\t\t\t<\/div>\n\t\t\t\t<div class=\"elementor-element elementor-element-60a59cd elementor-widget elementor-widget-text-editor\" data-id=\"60a59cd\" data-element_type=\"widget\" data-e-type=\"widget\" data-widget_type=\"text-editor.default\">\n\t\t\t\t<div class=\"elementor-widget-container\">\n\t\t\t\t\t\t\t\t\t<p style=\"text-align: left;\">No in\u00edcio da d\u00e9cada de 2010 o Canal Brasil exibiu dezenas de pornochanchadas digitalizadas a partir de c\u00f3pias dos produtores. Para tanto, os dirigentes do canal por assinatura criaram um hor\u00e1rio espec\u00edfico para a exibi\u00e7\u00e3o desses filmes, o <em>Como era gostoso<\/em>, por volta das 24 horas. Foram exibidas desde coisas inclassific\u00e1veis como os filmes de Mozael Silveira e Francisco Cavalcanti at\u00e9 as produ\u00e7\u00f5es de Alfredo Sternheim como <em>Anjo loiro<\/em>, uma refilmagem de <em>O Anjo azul<\/em>, de Pabst, que colocava Vera Fisher no lugar de Marlene Dietrich, como se isso redundasse em algo positivo para o filme.<\/p><p style=\"text-align: left;\">O programa tinha marcas interessantes como a vinheta de abertura utilizando-se de frutas, inspirada no epis\u00f3dio de Joaquim Pedro de Andrade para <em>Coisas er\u00f3ticas<\/em>, ou a seguinte com o borracheiro Tonh\u00e3o, que era realmente engra\u00e7ada, mesmo que de extra\u00e7\u00e3o \u00f3bvia e popularesca. Mais tarde, na esteira do sucesso de <em>Como era gostoso<\/em>, veio um programa de variedades sobre as extravag\u00e2ncias da sexualidade nacional conduzido por Nicole Puzzi, o <em>Pornol\u00e2ndia<\/em>.<\/p><p style=\"text-align: left;\">Fui vendo e anotando as ondas digitais que vinham da Boca do Lixo e das produ\u00e7\u00f5es cariocas com o inqualific\u00e1vel Carlo Mossy na esperan\u00e7a de uma descoberta redentora sobre aquelas narrativas produzidas a partir de um imagin\u00e1rio popular sobre a sexualidade e o nosso artigo de exporta\u00e7\u00e3o: a bunda. Como o resultado n\u00e3o foi satisfat\u00f3rio, ele ficou esquecido, reaparecendo agora na se\u00e7\u00e3o apropriada.<\/p>\t\t\t\t\t\t\t\t<\/div>\n\t\t\t\t<\/div>\n\t\t\t\t<div class=\"elementor-element elementor-element-fae2bdc elementor-widget elementor-widget-shortcode\" data-id=\"fae2bdc\" data-element_type=\"widget\" data-e-type=\"widget\" data-widget_type=\"shortcode.default\">\n\t\t\t\t<div class=\"elementor-widget-container\">\n\t\t\t\t\t\t\t<div class=\"elementor-shortcode\"><div class=\"_df_thumb \" id=\"df_612\"  _slug=\"612\" data-title=\"abrindo-as-pernas-ao-som-de-mozart-e-bartok-observacoes-sobre-o-cinema-popular-e-erotico\" wpoptions=\"true\" thumb=\"https:\/\/joseinaciodemelosouza.com.br\/wp-content\/uploads\/2022\/06\/abrindo-as-pernas-scaled.jpg\" thumbtype=\"\" >ABRINDO AS PERNAS AO SOM DE MOZART E BART\u00d3K: OBSERVA\u00c7\u00d5ES SOBRE O CINEMA POPULAR E ER\u00d3TICO<\/div><script data-jetpack-boost=\"ignore\" data-jetpack-boost=\"ignore\" class=\"df-shortcode-script\" nowprocket type=\"application\/javascript\">window.option_df_612 = {\"outline\":[],\"autoEnableOutline\":\"false\",\"autoEnableThumbnail\":\"false\",\"overwritePDFOutline\":\"false\",\"direction\":\"1\",\"pageSize\":\"0\",\"source\":\"https:\\\/\\\/joseinaciodemelosouza.com.br\\\/wp-content\\\/uploads\\\/2022\\\/06\\\/Cinema-Popular.pdf\",\"wpOptions\":\"true\"}; if(window.DFLIP && window.DFLIP.parseBooks){window.DFLIP.parseBooks();}<\/script>\n<\/div>\n\t\t\t\t\t\t<\/div>\n\t\t\t\t<\/div>\n\t\t\t\t\t<\/div>\n\t\t<\/div>\n\t\t\t\t\t<\/div>\n\t\t<\/section>\n\t\t\t\t<section class=\"elementor-section elementor-inner-section elementor-element elementor-element-be65296 elementor-section-boxed elementor-section-height-default elementor-section-height-default\" data-id=\"be65296\" data-element_type=\"section\" data-e-type=\"section\">\n\t\t\t\t\t\t<div class=\"elementor-container elementor-column-gap-default\">\n\t\t\t\t\t<div class=\"elementor-column elementor-col-50 elementor-inner-column elementor-element elementor-element-080d94b\" data-id=\"080d94b\" data-element_type=\"column\" data-e-type=\"column\">\n\t\t\t<div class=\"elementor-widget-wrap elementor-element-populated\">\n\t\t\t\t\t\t<div class=\"elementor-element elementor-element-7ea0b39 elementor-widget elementor-widget-image\" data-id=\"7ea0b39\" data-element_type=\"widget\" data-e-type=\"widget\" data-widget_type=\"image.default\">\n\t\t\t\t<div class=\"elementor-widget-container\">\n\t\t\t\t\t\t\t\t\t\t\t\t\t\t\t<img loading=\"lazy\" decoding=\"async\" width=\"768\" height=\"1024\" src=\"https:\/\/joseinaciodemelosouza.com.br\/wp-content\/uploads\/2022\/07\/capa-cinema-brasileiro-em-revista-bibliografia-1-768x1024.jpg\" class=\"attachment-medium_large size-medium_large wp-image-658\" alt=\"\" srcset=\"https:\/\/joseinaciodemelosouza.com.br\/wp-content\/uploads\/2022\/07\/capa-cinema-brasileiro-em-revista-bibliografia-1-768x1024.jpg 768w, https:\/\/joseinaciodemelosouza.com.br\/wp-content\/uploads\/2022\/07\/capa-cinema-brasileiro-em-revista-bibliografia-1-225x300.jpg 225w, https:\/\/joseinaciodemelosouza.com.br\/wp-content\/uploads\/2022\/07\/capa-cinema-brasileiro-em-revista-bibliografia-1-1152x1536.jpg 1152w, https:\/\/joseinaciodemelosouza.com.br\/wp-content\/uploads\/2022\/07\/capa-cinema-brasileiro-em-revista-bibliografia-1-scaled.jpg 1920w\" sizes=\"(max-width: 768px) 100vw, 768px\" \/>\t\t\t\t\t\t\t\t\t\t\t\t\t\t\t<\/div>\n\t\t\t\t<\/div>\n\t\t\t\t\t<\/div>\n\t\t<\/div>\n\t\t\t\t<div class=\"elementor-column elementor-col-50 elementor-inner-column elementor-element elementor-element-629a0a2\" data-id=\"629a0a2\" data-element_type=\"column\" data-e-type=\"column\">\n\t\t\t<div class=\"elementor-widget-wrap elementor-element-populated\">\n\t\t\t\t\t\t<div class=\"elementor-element elementor-element-7a8a5ac elementor-widget elementor-widget-text-editor\" data-id=\"7a8a5ac\" data-element_type=\"widget\" data-e-type=\"widget\" data-widget_type=\"text-editor.default\">\n\t\t\t\t<div class=\"elementor-widget-container\">\n\t\t\t\t\t\t\t\t\t<p style=\"font-size: 1.5em; text-align: center; font-weight: bold; text-transform: uppercase;\">cinema brasileiro em revista: bibliografia (1950-1975)<\/p>\t\t\t\t\t\t\t\t<\/div>\n\t\t\t\t<\/div>\n\t\t\t\t<div class=\"elementor-element elementor-element-2040d07 elementor-widget elementor-widget-shortcode\" data-id=\"2040d07\" data-element_type=\"widget\" data-e-type=\"widget\" data-widget_type=\"shortcode.default\">\n\t\t\t\t<div class=\"elementor-widget-container\">\n\t\t\t\t\t\t\t<div class=\"elementor-shortcode\"><div class=\"_df_thumb \" id=\"df_655\"  _slug=\"655\" data-title=\"cinema-brasileiro-em-revista-bibliografia-1950-1975\" wpoptions=\"true\" thumb=\"https:\/\/joseinaciodemelosouza.com.br\/wp-content\/uploads\/2022\/07\/capa-cinema-brasileiro-em-revista-bibliografia-1-scaled.jpg\" thumbtype=\"\" >CINEMA BRASILEIRO EM REVISTA: BIBLIOGRAFIA (1950-1975)<\/div><script data-jetpack-boost=\"ignore\" data-jetpack-boost=\"ignore\" class=\"df-shortcode-script\" nowprocket type=\"application\/javascript\">window.option_df_655 = {\"outline\":[],\"autoEnableOutline\":\"false\",\"autoEnableThumbnail\":\"false\",\"overwritePDFOutline\":\"false\",\"direction\":\"1\",\"pageSize\":\"0\",\"source\":\"https:\\\/\\\/joseinaciodemelosouza.com.br\\\/wp-content\\\/uploads\\\/2022\\\/07\\\/cinema-brasileiro-em-revista-bibliografia.pdf\",\"wpOptions\":\"true\"}; if(window.DFLIP && window.DFLIP.parseBooks){window.DFLIP.parseBooks();}<\/script><\/div>\n\t\t\t\t\t\t<\/div>\n\t\t\t\t<\/div>\n\t\t\t\t\t<\/div>\n\t\t<\/div>\n\t\t\t\t\t<\/div>\n\t\t<\/section>\n\t\t\t\t<section class=\"elementor-section elementor-inner-section elementor-element elementor-element-14c28a0 elementor-section-boxed elementor-section-height-default elementor-section-height-default\" data-id=\"14c28a0\" data-element_type=\"section\" data-e-type=\"section\">\n\t\t\t\t\t\t<div class=\"elementor-container elementor-column-gap-default\">\n\t\t\t\t\t<div class=\"elementor-column elementor-col-50 elementor-inner-column elementor-element elementor-element-86aabb0\" data-id=\"86aabb0\" data-element_type=\"column\" data-e-type=\"column\">\n\t\t\t<div class=\"elementor-widget-wrap elementor-element-populated\">\n\t\t\t\t\t\t<div class=\"elementor-element elementor-element-7876490 elementor-widget elementor-widget-image\" data-id=\"7876490\" data-element_type=\"widget\" data-e-type=\"widget\" data-widget_type=\"image.default\">\n\t\t\t\t<div class=\"elementor-widget-container\">\n\t\t\t\t\t\t\t\t\t\t\t\t\t\t\t<img loading=\"lazy\" decoding=\"async\" width=\"768\" height=\"1086\" src=\"https:\/\/joseinaciodemelosouza.com.br\/wp-content\/uploads\/2024\/04\/clubedecinema_Pagina_01-768x1086.png\" class=\"attachment-medium_large size-medium_large wp-image-737\" alt=\"\" srcset=\"https:\/\/joseinaciodemelosouza.com.br\/wp-content\/uploads\/2024\/04\/clubedecinema_Pagina_01-768x1086.png 768w, https:\/\/joseinaciodemelosouza.com.br\/wp-content\/uploads\/2024\/04\/clubedecinema_Pagina_01-212x300.png 212w, https:\/\/joseinaciodemelosouza.com.br\/wp-content\/uploads\/2024\/04\/clubedecinema_Pagina_01-724x1024.png 724w, https:\/\/joseinaciodemelosouza.com.br\/wp-content\/uploads\/2024\/04\/clubedecinema_Pagina_01-1086x1536.png 1086w, https:\/\/joseinaciodemelosouza.com.br\/wp-content\/uploads\/2024\/04\/clubedecinema_Pagina_01-1448x2048.png 1448w, https:\/\/joseinaciodemelosouza.com.br\/wp-content\/uploads\/2024\/04\/clubedecinema_Pagina_01.png 1654w\" sizes=\"(max-width: 768px) 100vw, 768px\" \/>\t\t\t\t\t\t\t\t\t\t\t\t\t\t\t<\/div>\n\t\t\t\t<\/div>\n\t\t\t\t\t<\/div>\n\t\t<\/div>\n\t\t\t\t<div class=\"elementor-column elementor-col-50 elementor-inner-column elementor-element elementor-element-55aadbb\" data-id=\"55aadbb\" data-element_type=\"column\" data-e-type=\"column\">\n\t\t\t<div class=\"elementor-widget-wrap elementor-element-populated\">\n\t\t\t\t\t\t<div class=\"elementor-element elementor-element-490c9b2 elementor-widget elementor-widget-text-editor\" data-id=\"490c9b2\" data-element_type=\"widget\" data-e-type=\"widget\" data-widget_type=\"text-editor.default\">\n\t\t\t\t<div class=\"elementor-widget-container\">\n\t\t\t\t\t\t\t\t\t<p style=\"font-size: 1.5em; text-align: center; font-weight: bold; text-transform: uppercase;\">Clube, Filmoteca, CinematecA<\/p>\t\t\t\t\t\t\t\t<\/div>\n\t\t\t\t<\/div>\n\t\t\t\t<div class=\"elementor-element elementor-element-d3cb9eb elementor-widget__width-initial elementor-widget elementor-widget-shortcode\" data-id=\"d3cb9eb\" data-element_type=\"widget\" data-e-type=\"widget\" data-widget_type=\"shortcode.default\">\n\t\t\t\t<div class=\"elementor-widget-container\">\n\t\t\t\t\t\t\t<div class=\"elementor-shortcode\"><div class=\"_df_thumb \" id=\"df_734\"  _slug=\"clube-filmoteca-cinemateca\" data-title=\"clube-filmoteca-cinemateca\" wpoptions=\"true\" thumb=\"https:\/\/joseinaciodemelosouza.com.br\/wp-content\/uploads\/2024\/04\/clubedecinema_Pagina_01.png\" thumbtype=\"\" >CLUBE, FILMOTECA, CINEMATECA<\/div><script data-jetpack-boost=\"ignore\" data-jetpack-boost=\"ignore\" class=\"df-shortcode-script\" nowprocket type=\"application\/javascript\">window.option_df_734 = {\"outline\":[],\"autoEnableOutline\":\"false\",\"autoEnableThumbnail\":\"false\",\"overwritePDFOutline\":\"false\",\"direction\":\"1\",\"pageSize\":\"0\",\"source\":\"https:\\\/\\\/joseinaciodemelosouza.com.br\\\/wp-content\\\/uploads\\\/2023\\\/02\\\/clubedecinema.pdf\",\"wpOptions\":\"true\"}; if(window.DFLIP && window.DFLIP.parseBooks){window.DFLIP.parseBooks();}<\/script><\/div>\n\t\t\t\t\t\t<\/div>\n\t\t\t\t<\/div>\n\t\t\t\t<div class=\"elementor-element elementor-element-c775b94 elementor-widget__width-initial elementor-widget elementor-widget-shortcode\" data-id=\"c775b94\" data-element_type=\"widget\" data-e-type=\"widget\" data-widget_type=\"shortcode.default\">\n\t\t\t\t<div class=\"elementor-widget-container\">\n\t\t\t\t\t\t\t<div class=\"elementor-shortcode\"><div class=\"_df_thumb \" id=\"df_759\"  _slug=\"759\" data-title=\"anexo-clube-observacoes\" wpoptions=\"true\" thumbtype=\"\" >Anexo: Clube &#8211; Observa\u00e7\u00f5es<\/div><script data-jetpack-boost=\"ignore\" data-jetpack-boost=\"ignore\" class=\"df-shortcode-script\" nowprocket type=\"application\/javascript\">window.option_df_759 = {\"outline\":[],\"autoEnableOutline\":\"false\",\"autoEnableThumbnail\":\"false\",\"overwritePDFOutline\":\"false\",\"direction\":\"1\",\"pageSize\":\"0\",\"source\":\"https:\\\/\\\/joseinaciodemelosouza.com.br\\\/wp-content\\\/uploads\\\/2024\\\/06\\\/ANEXO-CLUBE-OBSERVACOES.pdf\",\"wpOptions\":\"true\"}; if(window.DFLIP && window.DFLIP.parseBooks){window.DFLIP.parseBooks();}<\/script><\/div>\n\t\t\t\t\t\t<\/div>\n\t\t\t\t<\/div>\n\t\t\t\t<div class=\"elementor-element elementor-element-c0e94b5 elementor-align-center elementor-widget elementor-widget-button\" data-id=\"c0e94b5\" data-element_type=\"widget\" data-e-type=\"widget\" data-widget_type=\"button.default\">\n\t\t\t\t<div class=\"elementor-widget-container\">\n\t\t\t\t\t\t\t\t\t<div class=\"elementor-button-wrapper\">\n\t\t\t\t\t<a class=\"elementor-button elementor-button-link elementor-size-sm\" href=\"https:\/\/joseinaciodemelosouza.com.br\/wp-content\/uploads\/2024\/05\/TABELA-FILMOTECA.pdf\" target=\"_blank\">\n\t\t\t\t\t\t<span class=\"elementor-button-content-wrapper\">\n\t\t\t\t\t\t\t\t\t<span class=\"elementor-button-text\">VEJA A TABELA DE FILMES EXIBIDOS PELAS ENTIDADES 1946-1956<\/span>\n\t\t\t\t\t<\/span>\n\t\t\t\t\t<\/a>\n\t\t\t\t<\/div>\n\t\t\t\t\t\t\t\t<\/div>\n\t\t\t\t<\/div>\n\t\t\t\t\t<\/div>\n\t\t<\/div>\n\t\t\t\t\t<\/div>\n\t\t<\/section>\n\t\t\t\t<section class=\"elementor-section elementor-top-section elementor-element elementor-element-3457197 elementor-hidden-desktop elementor-hidden-tablet elementor-hidden-mobile elementor-section-boxed elementor-section-height-default elementor-section-height-default\" data-id=\"3457197\" data-element_type=\"section\" data-e-type=\"section\">\n\t\t\t\t\t\t<div class=\"elementor-container elementor-column-gap-default\">\n\t\t\t\t\t<div class=\"elementor-column elementor-col-100 elementor-top-column elementor-element elementor-element-9280898\" data-id=\"9280898\" data-element_type=\"column\" data-e-type=\"column\">\n\t\t\t<div class=\"elementor-widget-wrap elementor-element-populated\">\n\t\t\t\t\t\t<div class=\"elementor-element elementor-element-606f188 elementor-widget elementor-widget-text-editor\" data-id=\"606f188\" data-element_type=\"widget\" data-e-type=\"widget\" data-widget_type=\"text-editor.default\">\n\t\t\t\t<div class=\"elementor-widget-container\">\n\t\t\t\t\t\t\t\t\t<p style=\"font-size: 1.3em; text-align: center; font-weight: bold; text-transform: uppercase;\">ABRINDO AS PERNAS AO SOM DE MOZART E BART\u00d3K: OBSERVA\u00c7\u00d5ES SOBRE O CINEMA POPULAR E ER\u00d3TICO<\/p>\t\t\t\t\t\t\t\t<\/div>\n\t\t\t\t<\/div>\n\t\t\t\t<div class=\"elementor-element elementor-element-ef25b39 elementor-widget elementor-widget-shortcode\" data-id=\"ef25b39\" data-element_type=\"widget\" data-e-type=\"widget\" data-widget_type=\"shortcode.default\">\n\t\t\t\t<div class=\"elementor-widget-container\">\n\t\t\t\t\t\t\t<div class=\"elementor-shortcode\"><div class=\"_df_thumb \" id=\"df_612\"  _slug=\"612\" data-title=\"abrindo-as-pernas-ao-som-de-mozart-e-bartok-observacoes-sobre-o-cinema-popular-e-erotico\" wpoptions=\"true\" thumb=\"https:\/\/joseinaciodemelosouza.com.br\/wp-content\/uploads\/2022\/06\/abrindo-as-pernas-scaled.jpg\" thumbtype=\"\" >ABRINDO AS PERNAS AO SOM DE MOZART E BART\u00d3K: OBSERVA\u00c7\u00d5ES SOBRE O CINEMA POPULAR E ER\u00d3TICO<\/div><script data-jetpack-boost=\"ignore\" data-jetpack-boost=\"ignore\" class=\"df-shortcode-script\" nowprocket type=\"application\/javascript\">window.option_df_612 = {\"outline\":[],\"autoEnableOutline\":\"false\",\"autoEnableThumbnail\":\"false\",\"overwritePDFOutline\":\"false\",\"direction\":\"1\",\"pageSize\":\"0\",\"source\":\"https:\\\/\\\/joseinaciodemelosouza.com.br\\\/wp-content\\\/uploads\\\/2022\\\/06\\\/Cinema-Popular.pdf\",\"wpOptions\":\"true\"}; if(window.DFLIP && window.DFLIP.parseBooks){window.DFLIP.parseBooks();}<\/script>\n<\/div>\n\t\t\t\t\t\t<\/div>\n\t\t\t\t<\/div>\n\t\t\t\t<div class=\"elementor-element elementor-element-b6121ef elementor-widget elementor-widget-text-editor\" data-id=\"b6121ef\" data-element_type=\"widget\" data-e-type=\"widget\" data-widget_type=\"text-editor.default\">\n\t\t\t\t<div class=\"elementor-widget-container\">\n\t\t\t\t\t\t\t\t\t<p style=\"font-size: 1.3em; text-align: center; font-weight: bold; text-transform: uppercase;\">cinema brasileiro em revista: bibliografia (1950-1975)<\/p><p>\u00a0<\/p>\t\t\t\t\t\t\t\t<\/div>\n\t\t\t\t<\/div>\n\t\t\t\t<div class=\"elementor-element elementor-element-e466c6a elementor-widget elementor-widget-shortcode\" data-id=\"e466c6a\" data-element_type=\"widget\" data-e-type=\"widget\" data-widget_type=\"shortcode.default\">\n\t\t\t\t<div class=\"elementor-widget-container\">\n\t\t\t\t\t\t\t<div class=\"elementor-shortcode\"><div class=\"_df_thumb \" id=\"df_655\"  _slug=\"655\" data-title=\"cinema-brasileiro-em-revista-bibliografia-1950-1975\" wpoptions=\"true\" thumb=\"https:\/\/joseinaciodemelosouza.com.br\/wp-content\/uploads\/2022\/07\/capa-cinema-brasileiro-em-revista-bibliografia-1-scaled.jpg\" thumbtype=\"\" >CINEMA BRASILEIRO EM REVISTA: BIBLIOGRAFIA (1950-1975)<\/div><script data-jetpack-boost=\"ignore\" data-jetpack-boost=\"ignore\" class=\"df-shortcode-script\" nowprocket type=\"application\/javascript\">window.option_df_655 = {\"outline\":[],\"autoEnableOutline\":\"false\",\"autoEnableThumbnail\":\"false\",\"overwritePDFOutline\":\"false\",\"direction\":\"1\",\"pageSize\":\"0\",\"source\":\"https:\\\/\\\/joseinaciodemelosouza.com.br\\\/wp-content\\\/uploads\\\/2022\\\/07\\\/cinema-brasileiro-em-revista-bibliografia.pdf\",\"wpOptions\":\"true\"}; if(window.DFLIP && window.DFLIP.parseBooks){window.DFLIP.parseBooks();}<\/script><\/div>\n\t\t\t\t\t\t<\/div>\n\t\t\t\t<\/div>\n\t\t\t\t\t<\/div>\n\t\t<\/div>\n\t\t\t\t\t<\/div>\n\t\t<\/section>\n\t\t\t\t<section class=\"elementor-section elementor-top-section elementor-element elementor-element-dbc7e34 elementor-section-boxed elementor-section-height-default elementor-section-height-default\" data-id=\"dbc7e34\" data-element_type=\"section\" data-e-type=\"section\" data-settings=\"{&quot;background_background&quot;:&quot;gradient&quot;}\">\n\t\t\t\t\t\t\t<div class=\"elementor-background-overlay\"><\/div>\n\t\t\t\t\t\t\t<div class=\"elementor-container elementor-column-gap-default\">\n\t\t\t\t\t<div class=\"elementor-column elementor-col-100 elementor-top-column elementor-element elementor-element-88fba62\" data-id=\"88fba62\" data-element_type=\"column\" data-e-type=\"column\">\n\t\t\t<div class=\"elementor-widget-wrap elementor-element-populated\">\n\t\t\t\t\t\t<div class=\"elementor-element elementor-element-e0caf1b elementor-widget elementor-widget-menu-anchor\" data-id=\"e0caf1b\" data-element_type=\"widget\" data-e-type=\"widget\" data-widget_type=\"menu-anchor.default\">\n\t\t\t\t<div class=\"elementor-widget-container\">\n\t\t\t\t\t\t\t<div class=\"elementor-menu-anchor\" id=\"galeria\"><\/div>\n\t\t\t\t\t\t<\/div>\n\t\t\t\t<\/div>\n\t\t\t\t<div class=\"elementor-element elementor-element-134f568 elementor-widget elementor-widget-heading\" data-id=\"134f568\" data-element_type=\"widget\" data-e-type=\"widget\" data-widget_type=\"heading.default\">\n\t\t\t\t<div class=\"elementor-widget-container\">\n\t\t\t\t\t<h3 class=\"elementor-heading-title elementor-size-default\">Galeria<\/h3>\t\t\t\t<\/div>\n\t\t\t\t<\/div>\n\t\t\t\t\t<\/div>\n\t\t<\/div>\n\t\t\t\t\t<\/div>\n\t\t<\/section>\n\t\t\t\t<section class=\"elementor-section elementor-top-section elementor-element elementor-element-b1cf2e7 elementor-section-boxed elementor-section-height-default elementor-section-height-default\" data-id=\"b1cf2e7\" data-element_type=\"section\" data-e-type=\"section\">\n\t\t\t\t\t\t<div class=\"elementor-container elementor-column-gap-default\">\n\t\t\t\t\t<div class=\"elementor-column elementor-col-100 elementor-top-column elementor-element elementor-element-3c7c902\" data-id=\"3c7c902\" data-element_type=\"column\" data-e-type=\"column\">\n\t\t\t<div class=\"elementor-widget-wrap elementor-element-populated\">\n\t\t\t\t\t\t<div class=\"elementor-element elementor-element-15f204a elementor-arrows-position-outside elementor-pagination-position-outside elementor-widget elementor-widget-image-carousel\" data-id=\"15f204a\" data-element_type=\"widget\" data-e-type=\"widget\" data-settings=\"{&quot;slides_to_scroll&quot;:&quot;3&quot;,&quot;lazyload&quot;:&quot;yes&quot;,&quot;image_spacing_custom&quot;:{&quot;unit&quot;:&quot;px&quot;,&quot;size&quot;:30,&quot;sizes&quot;:[]},&quot;navigation&quot;:&quot;both&quot;,&quot;autoplay&quot;:&quot;yes&quot;,&quot;pause_on_hover&quot;:&quot;yes&quot;,&quot;pause_on_interaction&quot;:&quot;yes&quot;,&quot;autoplay_speed&quot;:5000,&quot;infinite&quot;:&quot;yes&quot;,&quot;speed&quot;:500,&quot;image_spacing_custom_tablet&quot;:{&quot;unit&quot;:&quot;px&quot;,&quot;size&quot;:&quot;&quot;,&quot;sizes&quot;:[]},&quot;image_spacing_custom_mobile&quot;:{&quot;unit&quot;:&quot;px&quot;,&quot;size&quot;:&quot;&quot;,&quot;sizes&quot;:[]}}\" data-widget_type=\"image-carousel.default\">\n\t\t\t\t<div class=\"elementor-widget-container\">\n\t\t\t\t\t\t\t<div class=\"elementor-image-carousel-wrapper swiper\" role=\"region\" aria-roledescription=\"carousel\" aria-label=\"Carrossel de imagens\" dir=\"ltr\">\n\t\t\t<div class=\"elementor-image-carousel swiper-wrapper swiper-image-stretch\" aria-live=\"off\">\n\t\t\t\t\t\t\t\t<div class=\"swiper-slide\" role=\"group\" aria-roledescription=\"slide\" aria-label=\"1 de 26\"><a data-elementor-open-lightbox=\"yes\" data-elementor-lightbox-slideshow=\"15f204a\" data-elementor-lightbox-title=\"_MG_3214_mod\" data-e-action-hash=\"#elementor-action%3Aaction%3Dlightbox%26settings%3DeyJpZCI6MjcxLCJ1cmwiOiJodHRwczpcL1wvam9zZWluYWNpb2RlbWVsb3NvdXphLmNvbS5iclwvd3AtY29udGVudFwvdXBsb2Fkc1wvMjAyMlwvMDVcL01HXzMyMTRfbW9kLmpwZyIsInNsaWRlc2hvdyI6IjE1ZjIwNGEifQ%3D%3D\" href=\"https:\/\/joseinaciodemelosouza.com.br\/wp-content\/uploads\/2022\/05\/MG_3214_mod.jpg\"><figure class=\"swiper-slide-inner\"><img class=\"swiper-slide-image swiper-lazy\" data-src=\"https:\/\/joseinaciodemelosouza.com.br\/wp-content\/uploads\/2022\/05\/MG_3214_mod.jpg\" alt=\"_MG_3214_mod\" \/><div class=\"swiper-lazy-preloader\"><\/div><\/figure><\/a><\/div><div class=\"swiper-slide\" role=\"group\" aria-roledescription=\"slide\" aria-label=\"2 de 26\"><a data-elementor-open-lightbox=\"yes\" data-elementor-lightbox-slideshow=\"15f204a\" data-elementor-lightbox-title=\"_MG_3266_mod\" data-e-action-hash=\"#elementor-action%3Aaction%3Dlightbox%26settings%3DeyJpZCI6MjcyLCJ1cmwiOiJodHRwczpcL1wvam9zZWluYWNpb2RlbWVsb3NvdXphLmNvbS5iclwvd3AtY29udGVudFwvdXBsb2Fkc1wvMjAyMlwvMDVcL01HXzMyNjZfbW9kLmpwZyIsInNsaWRlc2hvdyI6IjE1ZjIwNGEifQ%3D%3D\" href=\"https:\/\/joseinaciodemelosouza.com.br\/wp-content\/uploads\/2022\/05\/MG_3266_mod.jpg\"><figure class=\"swiper-slide-inner\"><img class=\"swiper-slide-image swiper-lazy\" data-src=\"https:\/\/joseinaciodemelosouza.com.br\/wp-content\/uploads\/2022\/05\/MG_3266_mod.jpg\" alt=\"_MG_3266_mod\" \/><div class=\"swiper-lazy-preloader\"><\/div><\/figure><\/a><\/div><div class=\"swiper-slide\" role=\"group\" aria-roledescription=\"slide\" aria-label=\"3 de 26\"><a data-elementor-open-lightbox=\"yes\" data-elementor-lightbox-slideshow=\"15f204a\" data-elementor-lightbox-title=\"_MG_3350_mod\" data-e-action-hash=\"#elementor-action%3Aaction%3Dlightbox%26settings%3DeyJpZCI6MjczLCJ1cmwiOiJodHRwczpcL1wvam9zZWluYWNpb2RlbWVsb3NvdXphLmNvbS5iclwvd3AtY29udGVudFwvdXBsb2Fkc1wvMjAyMlwvMDVcL01HXzMzNTBfbW9kLmpwZyIsInNsaWRlc2hvdyI6IjE1ZjIwNGEifQ%3D%3D\" href=\"https:\/\/joseinaciodemelosouza.com.br\/wp-content\/uploads\/2022\/05\/MG_3350_mod.jpg\"><figure class=\"swiper-slide-inner\"><img class=\"swiper-slide-image swiper-lazy\" data-src=\"https:\/\/joseinaciodemelosouza.com.br\/wp-content\/uploads\/2022\/05\/MG_3350_mod.jpg\" alt=\"_MG_3350_mod\" \/><div class=\"swiper-lazy-preloader\"><\/div><\/figure><\/a><\/div><div class=\"swiper-slide\" role=\"group\" aria-roledescription=\"slide\" aria-label=\"4 de 26\"><a data-elementor-open-lightbox=\"yes\" data-elementor-lightbox-slideshow=\"15f204a\" data-elementor-lightbox-title=\"Arquivo Escaneado 2_Avener Prado_Vale do Javari\" data-e-action-hash=\"#elementor-action%3Aaction%3Dlightbox%26settings%3DeyJpZCI6MzExLCJ1cmwiOiJodHRwczpcL1wvam9zZWluYWNpb2RlbWVsb3NvdXphLmNvbS5iclwvd3AtY29udGVudFwvdXBsb2Fkc1wvMjAyMlwvMDVcL0FycXVpdm8tRXNjYW5lYWRvLTJfQXZlbmVyLVByYWRvX1ZhbGUtZG8tSmF2YXJpLTEuanBnIiwic2xpZGVzaG93IjoiMTVmMjA0YSJ9\" href=\"https:\/\/joseinaciodemelosouza.com.br\/wp-content\/uploads\/2022\/05\/Arquivo-Escaneado-2_Avener-Prado_Vale-do-Javari-1.jpg\"><figure class=\"swiper-slide-inner\"><img class=\"swiper-slide-image swiper-lazy\" data-src=\"https:\/\/joseinaciodemelosouza.com.br\/wp-content\/uploads\/2022\/05\/Arquivo-Escaneado-2_Avener-Prado_Vale-do-Javari-1.jpg\" alt=\"Arquivo Escaneado 2_Avener Prado_Vale do Javari\" \/><div class=\"swiper-lazy-preloader\"><\/div><\/figure><\/a><\/div><div class=\"swiper-slide\" role=\"group\" aria-roledescription=\"slide\" aria-label=\"5 de 26\"><a data-elementor-open-lightbox=\"yes\" data-elementor-lightbox-slideshow=\"15f204a\" data-elementor-lightbox-title=\"Arquivo Escaneado 3_Avener Prado_Vale do Javari\" data-e-action-hash=\"#elementor-action%3Aaction%3Dlightbox%26settings%3DeyJpZCI6MzEyLCJ1cmwiOiJodHRwczpcL1wvam9zZWluYWNpb2RlbWVsb3NvdXphLmNvbS5iclwvd3AtY29udGVudFwvdXBsb2Fkc1wvMjAyMlwvMDVcL0FycXVpdm8tRXNjYW5lYWRvLTNfQXZlbmVyLVByYWRvX1ZhbGUtZG8tSmF2YXJpLTEuanBnIiwic2xpZGVzaG93IjoiMTVmMjA0YSJ9\" href=\"https:\/\/joseinaciodemelosouza.com.br\/wp-content\/uploads\/2022\/05\/Arquivo-Escaneado-3_Avener-Prado_Vale-do-Javari-1.jpg\"><figure class=\"swiper-slide-inner\"><img class=\"swiper-slide-image swiper-lazy\" data-src=\"https:\/\/joseinaciodemelosouza.com.br\/wp-content\/uploads\/2022\/05\/Arquivo-Escaneado-3_Avener-Prado_Vale-do-Javari-1.jpg\" alt=\"Arquivo Escaneado 3_Avener Prado_Vale do Javari\" \/><div class=\"swiper-lazy-preloader\"><\/div><\/figure><\/a><\/div><div class=\"swiper-slide\" role=\"group\" aria-roledescription=\"slide\" aria-label=\"6 de 26\"><a data-elementor-open-lightbox=\"yes\" data-elementor-lightbox-slideshow=\"15f204a\" data-elementor-lightbox-title=\"Arquivo Escaneado 4_Avener Prado_Vale do Javari\" data-e-action-hash=\"#elementor-action%3Aaction%3Dlightbox%26settings%3DeyJpZCI6MzEzLCJ1cmwiOiJodHRwczpcL1wvam9zZWluYWNpb2RlbWVsb3NvdXphLmNvbS5iclwvd3AtY29udGVudFwvdXBsb2Fkc1wvMjAyMlwvMDVcL0FycXVpdm8tRXNjYW5lYWRvLTRfQXZlbmVyLVByYWRvX1ZhbGUtZG8tSmF2YXJpLTEuanBnIiwic2xpZGVzaG93IjoiMTVmMjA0YSJ9\" href=\"https:\/\/joseinaciodemelosouza.com.br\/wp-content\/uploads\/2022\/05\/Arquivo-Escaneado-4_Avener-Prado_Vale-do-Javari-1.jpg\"><figure class=\"swiper-slide-inner\"><img class=\"swiper-slide-image swiper-lazy\" data-src=\"https:\/\/joseinaciodemelosouza.com.br\/wp-content\/uploads\/2022\/05\/Arquivo-Escaneado-4_Avener-Prado_Vale-do-Javari-1.jpg\" alt=\"Arquivo Escaneado 4_Avener Prado_Vale do Javari\" \/><div class=\"swiper-lazy-preloader\"><\/div><\/figure><\/a><\/div><div class=\"swiper-slide\" role=\"group\" aria-roledescription=\"slide\" aria-label=\"7 de 26\"><a data-elementor-open-lightbox=\"yes\" data-elementor-lightbox-slideshow=\"15f204a\" data-elementor-lightbox-title=\"Arquivo Escaneado 5_Avener Prado_Vale do Javari\" data-e-action-hash=\"#elementor-action%3Aaction%3Dlightbox%26settings%3DeyJpZCI6MzE0LCJ1cmwiOiJodHRwczpcL1wvam9zZWluYWNpb2RlbWVsb3NvdXphLmNvbS5iclwvd3AtY29udGVudFwvdXBsb2Fkc1wvMjAyMlwvMDVcL0FycXVpdm8tRXNjYW5lYWRvLTVfQXZlbmVyLVByYWRvX1ZhbGUtZG8tSmF2YXJpLTEuanBnIiwic2xpZGVzaG93IjoiMTVmMjA0YSJ9\" href=\"https:\/\/joseinaciodemelosouza.com.br\/wp-content\/uploads\/2022\/05\/Arquivo-Escaneado-5_Avener-Prado_Vale-do-Javari-1.jpg\"><figure class=\"swiper-slide-inner\"><img class=\"swiper-slide-image swiper-lazy\" data-src=\"https:\/\/joseinaciodemelosouza.com.br\/wp-content\/uploads\/2022\/05\/Arquivo-Escaneado-5_Avener-Prado_Vale-do-Javari-1.jpg\" alt=\"Arquivo Escaneado 5_Avener Prado_Vale do Javari\" \/><div class=\"swiper-lazy-preloader\"><\/div><\/figure><\/a><\/div><div class=\"swiper-slide\" role=\"group\" aria-roledescription=\"slide\" aria-label=\"8 de 26\"><a data-elementor-open-lightbox=\"yes\" data-elementor-lightbox-slideshow=\"15f204a\" data-elementor-lightbox-title=\"Arquivo Escaneado 6_Avener Prado_Vale do Javari\" data-e-action-hash=\"#elementor-action%3Aaction%3Dlightbox%26settings%3DeyJpZCI6MzE1LCJ1cmwiOiJodHRwczpcL1wvam9zZWluYWNpb2RlbWVsb3NvdXphLmNvbS5iclwvd3AtY29udGVudFwvdXBsb2Fkc1wvMjAyMlwvMDVcL0FycXVpdm8tRXNjYW5lYWRvLTZfQXZlbmVyLVByYWRvX1ZhbGUtZG8tSmF2YXJpLTEuanBnIiwic2xpZGVzaG93IjoiMTVmMjA0YSJ9\" href=\"https:\/\/joseinaciodemelosouza.com.br\/wp-content\/uploads\/2022\/05\/Arquivo-Escaneado-6_Avener-Prado_Vale-do-Javari-1.jpg\"><figure class=\"swiper-slide-inner\"><img class=\"swiper-slide-image swiper-lazy\" data-src=\"https:\/\/joseinaciodemelosouza.com.br\/wp-content\/uploads\/2022\/05\/Arquivo-Escaneado-6_Avener-Prado_Vale-do-Javari-1.jpg\" alt=\"Arquivo Escaneado 6_Avener Prado_Vale do Javari\" \/><div class=\"swiper-lazy-preloader\"><\/div><\/figure><\/a><\/div><div class=\"swiper-slide\" role=\"group\" aria-roledescription=\"slide\" aria-label=\"9 de 26\"><a data-elementor-open-lightbox=\"yes\" data-elementor-lightbox-slideshow=\"15f204a\" data-elementor-lightbox-title=\"Arquivo Escaneado 7_Avener Prado_Vale do Javari\" data-e-action-hash=\"#elementor-action%3Aaction%3Dlightbox%26settings%3DeyJpZCI6MzE2LCJ1cmwiOiJodHRwczpcL1wvam9zZWluYWNpb2RlbWVsb3NvdXphLmNvbS5iclwvd3AtY29udGVudFwvdXBsb2Fkc1wvMjAyMlwvMDVcL0FycXVpdm8tRXNjYW5lYWRvLTdfQXZlbmVyLVByYWRvX1ZhbGUtZG8tSmF2YXJpLTEuanBnIiwic2xpZGVzaG93IjoiMTVmMjA0YSJ9\" href=\"https:\/\/joseinaciodemelosouza.com.br\/wp-content\/uploads\/2022\/05\/Arquivo-Escaneado-7_Avener-Prado_Vale-do-Javari-1.jpg\"><figure class=\"swiper-slide-inner\"><img class=\"swiper-slide-image swiper-lazy\" data-src=\"https:\/\/joseinaciodemelosouza.com.br\/wp-content\/uploads\/2022\/05\/Arquivo-Escaneado-7_Avener-Prado_Vale-do-Javari-1.jpg\" alt=\"Arquivo Escaneado 7_Avener Prado_Vale do Javari\" \/><div class=\"swiper-lazy-preloader\"><\/div><\/figure><\/a><\/div><div class=\"swiper-slide\" role=\"group\" aria-roledescription=\"slide\" aria-label=\"10 de 26\"><a data-elementor-open-lightbox=\"yes\" data-elementor-lightbox-slideshow=\"15f204a\" data-elementor-lightbox-title=\"Arquivo Escaneado 8_Avener Prado_Vale do Javari\" data-e-action-hash=\"#elementor-action%3Aaction%3Dlightbox%26settings%3DeyJpZCI6MzE3LCJ1cmwiOiJodHRwczpcL1wvam9zZWluYWNpb2RlbWVsb3NvdXphLmNvbS5iclwvd3AtY29udGVudFwvdXBsb2Fkc1wvMjAyMlwvMDVcL0FycXVpdm8tRXNjYW5lYWRvLThfQXZlbmVyLVByYWRvX1ZhbGUtZG8tSmF2YXJpLTEuanBnIiwic2xpZGVzaG93IjoiMTVmMjA0YSJ9\" href=\"https:\/\/joseinaciodemelosouza.com.br\/wp-content\/uploads\/2022\/05\/Arquivo-Escaneado-8_Avener-Prado_Vale-do-Javari-1.jpg\"><figure class=\"swiper-slide-inner\"><img class=\"swiper-slide-image swiper-lazy\" data-src=\"https:\/\/joseinaciodemelosouza.com.br\/wp-content\/uploads\/2022\/05\/Arquivo-Escaneado-8_Avener-Prado_Vale-do-Javari-1.jpg\" alt=\"Arquivo Escaneado 8_Avener Prado_Vale do Javari\" \/><div class=\"swiper-lazy-preloader\"><\/div><\/figure><\/a><\/div><div class=\"swiper-slide\" role=\"group\" aria-roledescription=\"slide\" aria-label=\"11 de 26\"><a data-elementor-open-lightbox=\"yes\" data-elementor-lightbox-slideshow=\"15f204a\" data-elementor-lightbox-title=\"Arquivo Escaneado 1_Avener Prado_Vale do Javari\" data-e-action-hash=\"#elementor-action%3Aaction%3Dlightbox%26settings%3DeyJpZCI6MzI4LCJ1cmwiOiJodHRwczpcL1wvam9zZWluYWNpb2RlbWVsb3NvdXphLmNvbS5iclwvd3AtY29udGVudFwvdXBsb2Fkc1wvMjAyMlwvMDVcL0FycXVpdm8tRXNjYW5lYWRvLTFfQXZlbmVyLVByYWRvX1ZhbGUtZG8tSmF2YXJpLTEuanBnIiwic2xpZGVzaG93IjoiMTVmMjA0YSJ9\" href=\"https:\/\/joseinaciodemelosouza.com.br\/wp-content\/uploads\/2022\/05\/Arquivo-Escaneado-1_Avener-Prado_Vale-do-Javari-1.jpg\"><figure class=\"swiper-slide-inner\"><img class=\"swiper-slide-image swiper-lazy\" data-src=\"https:\/\/joseinaciodemelosouza.com.br\/wp-content\/uploads\/2022\/05\/Arquivo-Escaneado-1_Avener-Prado_Vale-do-Javari-1.jpg\" alt=\"Arquivo Escaneado 1_Avener Prado_Vale do Javari\" \/><div class=\"swiper-lazy-preloader\"><\/div><\/figure><\/a><\/div><div class=\"swiper-slide\" role=\"group\" aria-roledescription=\"slide\" aria-label=\"12 de 26\"><a data-elementor-open-lightbox=\"yes\" data-elementor-lightbox-slideshow=\"15f204a\" data-elementor-lightbox-title=\"_MG_3471\" data-e-action-hash=\"#elementor-action%3Aaction%3Dlightbox%26settings%3DeyJpZCI6MzI5LCJ1cmwiOiJodHRwczpcL1wvam9zZWluYWNpb2RlbWVsb3NvdXphLmNvbS5iclwvd3AtY29udGVudFwvdXBsb2Fkc1wvMjAyMlwvMDVcL01HXzM0NzEtMi5qcGciLCJzbGlkZXNob3ciOiIxNWYyMDRhIn0%3D\" href=\"https:\/\/joseinaciodemelosouza.com.br\/wp-content\/uploads\/2022\/05\/MG_3471-2.jpg\"><figure class=\"swiper-slide-inner\"><img class=\"swiper-slide-image swiper-lazy\" data-src=\"https:\/\/joseinaciodemelosouza.com.br\/wp-content\/uploads\/2022\/05\/MG_3471-2.jpg\" alt=\"_MG_3471\" \/><div class=\"swiper-lazy-preloader\"><\/div><\/figure><\/a><\/div><div class=\"swiper-slide\" role=\"group\" aria-roledescription=\"slide\" aria-label=\"13 de 26\"><a data-elementor-open-lightbox=\"yes\" data-elementor-lightbox-slideshow=\"15f204a\" data-elementor-lightbox-title=\"_MG_3472\" data-e-action-hash=\"#elementor-action%3Aaction%3Dlightbox%26settings%3DeyJpZCI6MzMwLCJ1cmwiOiJodHRwczpcL1wvam9zZWluYWNpb2RlbWVsb3NvdXphLmNvbS5iclwvd3AtY29udGVudFwvdXBsb2Fkc1wvMjAyMlwvMDVcL01HXzM0NzItMi5qcGciLCJzbGlkZXNob3ciOiIxNWYyMDRhIn0%3D\" href=\"https:\/\/joseinaciodemelosouza.com.br\/wp-content\/uploads\/2022\/05\/MG_3472-2.jpg\"><figure class=\"swiper-slide-inner\"><img class=\"swiper-slide-image swiper-lazy\" data-src=\"https:\/\/joseinaciodemelosouza.com.br\/wp-content\/uploads\/2022\/05\/MG_3472-2.jpg\" alt=\"_MG_3472\" \/><div class=\"swiper-lazy-preloader\"><\/div><\/figure><\/a><\/div><div class=\"swiper-slide\" role=\"group\" aria-roledescription=\"slide\" aria-label=\"14 de 26\"><a data-elementor-open-lightbox=\"yes\" data-elementor-lightbox-slideshow=\"15f204a\" data-elementor-lightbox-title=\"_MG_3551-2\" data-e-action-hash=\"#elementor-action%3Aaction%3Dlightbox%26settings%3DeyJpZCI6MzMxLCJ1cmwiOiJodHRwczpcL1wvam9zZWluYWNpb2RlbWVsb3NvdXphLmNvbS5iclwvd3AtY29udGVudFwvdXBsb2Fkc1wvMjAyMlwvMDVcL01HXzM1NTEtMi0xLmpwZyIsInNsaWRlc2hvdyI6IjE1ZjIwNGEifQ%3D%3D\" href=\"https:\/\/joseinaciodemelosouza.com.br\/wp-content\/uploads\/2022\/05\/MG_3551-2-1.jpg\"><figure class=\"swiper-slide-inner\"><img class=\"swiper-slide-image swiper-lazy\" data-src=\"https:\/\/joseinaciodemelosouza.com.br\/wp-content\/uploads\/2022\/05\/MG_3551-2-1.jpg\" alt=\"_MG_3551-2\" \/><div class=\"swiper-lazy-preloader\"><\/div><\/figure><\/a><\/div><div class=\"swiper-slide\" role=\"group\" aria-roledescription=\"slide\" aria-label=\"15 de 26\"><a data-elementor-open-lightbox=\"yes\" data-elementor-lightbox-slideshow=\"15f204a\" data-elementor-lightbox-title=\"_MG_3556\" data-e-action-hash=\"#elementor-action%3Aaction%3Dlightbox%26settings%3DeyJpZCI6MzMyLCJ1cmwiOiJodHRwczpcL1wvam9zZWluYWNpb2RlbWVsb3NvdXphLmNvbS5iclwvd3AtY29udGVudFwvdXBsb2Fkc1wvMjAyMlwvMDVcL01HXzM1NTYtMS5qcGciLCJzbGlkZXNob3ciOiIxNWYyMDRhIn0%3D\" href=\"https:\/\/joseinaciodemelosouza.com.br\/wp-content\/uploads\/2022\/05\/MG_3556-1.jpg\"><figure class=\"swiper-slide-inner\"><img class=\"swiper-slide-image swiper-lazy\" data-src=\"https:\/\/joseinaciodemelosouza.com.br\/wp-content\/uploads\/2022\/05\/MG_3556-1.jpg\" alt=\"_MG_3556\" \/><div class=\"swiper-lazy-preloader\"><\/div><\/figure><\/a><\/div><div class=\"swiper-slide\" role=\"group\" aria-roledescription=\"slide\" aria-label=\"16 de 26\"><a data-elementor-open-lightbox=\"yes\" data-elementor-lightbox-slideshow=\"15f204a\" data-elementor-lightbox-title=\"_MG_3579\" data-e-action-hash=\"#elementor-action%3Aaction%3Dlightbox%26settings%3DeyJpZCI6MzMzLCJ1cmwiOiJodHRwczpcL1wvam9zZWluYWNpb2RlbWVsb3NvdXphLmNvbS5iclwvd3AtY29udGVudFwvdXBsb2Fkc1wvMjAyMlwvMDVcL01HXzM1NzktMS5qcGciLCJzbGlkZXNob3ciOiIxNWYyMDRhIn0%3D\" href=\"https:\/\/joseinaciodemelosouza.com.br\/wp-content\/uploads\/2022\/05\/MG_3579-1.jpg\"><figure class=\"swiper-slide-inner\"><img class=\"swiper-slide-image swiper-lazy\" data-src=\"https:\/\/joseinaciodemelosouza.com.br\/wp-content\/uploads\/2022\/05\/MG_3579-1.jpg\" alt=\"_MG_3579\" \/><div class=\"swiper-lazy-preloader\"><\/div><\/figure><\/a><\/div><div class=\"swiper-slide\" role=\"group\" aria-roledescription=\"slide\" aria-label=\"17 de 26\"><a data-elementor-open-lightbox=\"yes\" data-elementor-lightbox-slideshow=\"15f204a\" data-elementor-lightbox-title=\"_MG_3587\" data-e-action-hash=\"#elementor-action%3Aaction%3Dlightbox%26settings%3DeyJpZCI6MzM0LCJ1cmwiOiJodHRwczpcL1wvam9zZWluYWNpb2RlbWVsb3NvdXphLmNvbS5iclwvd3AtY29udGVudFwvdXBsb2Fkc1wvMjAyMlwvMDVcL01HXzM1ODctMS5qcGciLCJzbGlkZXNob3ciOiIxNWYyMDRhIn0%3D\" href=\"https:\/\/joseinaciodemelosouza.com.br\/wp-content\/uploads\/2022\/05\/MG_3587-1.jpg\"><figure class=\"swiper-slide-inner\"><img class=\"swiper-slide-image swiper-lazy\" data-src=\"https:\/\/joseinaciodemelosouza.com.br\/wp-content\/uploads\/2022\/05\/MG_3587-1.jpg\" alt=\"_MG_3587\" \/><div class=\"swiper-lazy-preloader\"><\/div><\/figure><\/a><\/div><div class=\"swiper-slide\" role=\"group\" aria-roledescription=\"slide\" aria-label=\"18 de 26\"><a data-elementor-open-lightbox=\"yes\" data-elementor-lightbox-slideshow=\"15f204a\" data-elementor-lightbox-title=\"_MG_3227\" data-e-action-hash=\"#elementor-action%3Aaction%3Dlightbox%26settings%3DeyJpZCI6MzM1LCJ1cmwiOiJodHRwczpcL1wvam9zZWluYWNpb2RlbWVsb3NvdXphLmNvbS5iclwvd3AtY29udGVudFwvdXBsb2Fkc1wvMjAyMlwvMDVcL01HXzMyMjctMi5qcGciLCJzbGlkZXNob3ciOiIxNWYyMDRhIn0%3D\" href=\"https:\/\/joseinaciodemelosouza.com.br\/wp-content\/uploads\/2022\/05\/MG_3227-2.jpg\"><figure class=\"swiper-slide-inner\"><img class=\"swiper-slide-image swiper-lazy\" data-src=\"https:\/\/joseinaciodemelosouza.com.br\/wp-content\/uploads\/2022\/05\/MG_3227-2.jpg\" alt=\"_MG_3227\" \/><div class=\"swiper-lazy-preloader\"><\/div><\/figure><\/a><\/div><div class=\"swiper-slide\" role=\"group\" aria-roledescription=\"slide\" aria-label=\"19 de 26\"><a data-elementor-open-lightbox=\"yes\" data-elementor-lightbox-slideshow=\"15f204a\" data-elementor-lightbox-title=\"_MG_3290\" data-e-action-hash=\"#elementor-action%3Aaction%3Dlightbox%26settings%3DeyJpZCI6MzM2LCJ1cmwiOiJodHRwczpcL1wvam9zZWluYWNpb2RlbWVsb3NvdXphLmNvbS5iclwvd3AtY29udGVudFwvdXBsb2Fkc1wvMjAyMlwvMDVcL01HXzMyOTAtMi5qcGciLCJzbGlkZXNob3ciOiIxNWYyMDRhIn0%3D\" href=\"https:\/\/joseinaciodemelosouza.com.br\/wp-content\/uploads\/2022\/05\/MG_3290-2.jpg\"><figure class=\"swiper-slide-inner\"><img class=\"swiper-slide-image swiper-lazy\" data-src=\"https:\/\/joseinaciodemelosouza.com.br\/wp-content\/uploads\/2022\/05\/MG_3290-2.jpg\" alt=\"_MG_3290\" \/><div class=\"swiper-lazy-preloader\"><\/div><\/figure><\/a><\/div><div class=\"swiper-slide\" role=\"group\" aria-roledescription=\"slide\" aria-label=\"20 de 26\"><a data-elementor-open-lightbox=\"yes\" data-elementor-lightbox-slideshow=\"15f204a\" data-elementor-lightbox-title=\"_MG_3304\" data-e-action-hash=\"#elementor-action%3Aaction%3Dlightbox%26settings%3DeyJpZCI6MzM3LCJ1cmwiOiJodHRwczpcL1wvam9zZWluYWNpb2RlbWVsb3NvdXphLmNvbS5iclwvd3AtY29udGVudFwvdXBsb2Fkc1wvMjAyMlwvMDVcL01HXzMzMDQtMi5qcGciLCJzbGlkZXNob3ciOiIxNWYyMDRhIn0%3D\" href=\"https:\/\/joseinaciodemelosouza.com.br\/wp-content\/uploads\/2022\/05\/MG_3304-2.jpg\"><figure class=\"swiper-slide-inner\"><img class=\"swiper-slide-image swiper-lazy\" data-src=\"https:\/\/joseinaciodemelosouza.com.br\/wp-content\/uploads\/2022\/05\/MG_3304-2.jpg\" alt=\"_MG_3304\" \/><div class=\"swiper-lazy-preloader\"><\/div><\/figure><\/a><\/div><div class=\"swiper-slide\" role=\"group\" aria-roledescription=\"slide\" aria-label=\"21 de 26\"><a data-elementor-open-lightbox=\"yes\" data-elementor-lightbox-slideshow=\"15f204a\" data-elementor-lightbox-title=\"_MG_3317\" data-e-action-hash=\"#elementor-action%3Aaction%3Dlightbox%26settings%3DeyJpZCI6MzM4LCJ1cmwiOiJodHRwczpcL1wvam9zZWluYWNpb2RlbWVsb3NvdXphLmNvbS5iclwvd3AtY29udGVudFwvdXBsb2Fkc1wvMjAyMlwvMDVcL01HXzMzMTctMi5qcGciLCJzbGlkZXNob3ciOiIxNWYyMDRhIn0%3D\" href=\"https:\/\/joseinaciodemelosouza.com.br\/wp-content\/uploads\/2022\/05\/MG_3317-2.jpg\"><figure class=\"swiper-slide-inner\"><img class=\"swiper-slide-image swiper-lazy\" data-src=\"https:\/\/joseinaciodemelosouza.com.br\/wp-content\/uploads\/2022\/05\/MG_3317-2.jpg\" alt=\"_MG_3317\" \/><div class=\"swiper-lazy-preloader\"><\/div><\/figure><\/a><\/div><div class=\"swiper-slide\" role=\"group\" aria-roledescription=\"slide\" aria-label=\"22 de 26\"><a data-elementor-open-lightbox=\"yes\" data-elementor-lightbox-slideshow=\"15f204a\" data-elementor-lightbox-title=\"Arquivo Escaneado 12\" data-e-action-hash=\"#elementor-action%3Aaction%3Dlightbox%26settings%3DeyJpZCI6Mzk1LCJ1cmwiOiJodHRwczpcL1wvam9zZWluYWNpb2RlbWVsb3NvdXphLmNvbS5iclwvd3AtY29udGVudFwvdXBsb2Fkc1wvMjAyMlwvMDVcL0FycXVpdm8tRXNjYW5lYWRvLTEyLmpwZyIsInNsaWRlc2hvdyI6IjE1ZjIwNGEifQ%3D%3D\" href=\"https:\/\/joseinaciodemelosouza.com.br\/wp-content\/uploads\/2022\/05\/Arquivo-Escaneado-12.jpg\"><figure class=\"swiper-slide-inner\"><img class=\"swiper-slide-image swiper-lazy\" data-src=\"https:\/\/joseinaciodemelosouza.com.br\/wp-content\/uploads\/2022\/05\/Arquivo-Escaneado-12.jpg\" alt=\"Arquivo Escaneado 12\" \/><div class=\"swiper-lazy-preloader\"><\/div><\/figure><\/a><\/div><div class=\"swiper-slide\" role=\"group\" aria-roledescription=\"slide\" aria-label=\"23 de 26\"><a data-elementor-open-lightbox=\"yes\" data-elementor-lightbox-slideshow=\"15f204a\" data-elementor-lightbox-title=\"Arquivo Escaneado 13\" data-e-action-hash=\"#elementor-action%3Aaction%3Dlightbox%26settings%3DeyJpZCI6Mzk2LCJ1cmwiOiJodHRwczpcL1wvam9zZWluYWNpb2RlbWVsb3NvdXphLmNvbS5iclwvd3AtY29udGVudFwvdXBsb2Fkc1wvMjAyMlwvMDVcL0FycXVpdm8tRXNjYW5lYWRvLTEzLmpwZyIsInNsaWRlc2hvdyI6IjE1ZjIwNGEifQ%3D%3D\" href=\"https:\/\/joseinaciodemelosouza.com.br\/wp-content\/uploads\/2022\/05\/Arquivo-Escaneado-13.jpg\"><figure class=\"swiper-slide-inner\"><img class=\"swiper-slide-image swiper-lazy\" data-src=\"https:\/\/joseinaciodemelosouza.com.br\/wp-content\/uploads\/2022\/05\/Arquivo-Escaneado-13.jpg\" alt=\"Arquivo Escaneado 13\" \/><div class=\"swiper-lazy-preloader\"><\/div><\/figure><\/a><\/div><div class=\"swiper-slide\" role=\"group\" aria-roledescription=\"slide\" aria-label=\"24 de 26\"><a data-elementor-open-lightbox=\"yes\" data-elementor-lightbox-slideshow=\"15f204a\" data-elementor-lightbox-title=\"Arquivo Escaneado 11\" data-e-action-hash=\"#elementor-action%3Aaction%3Dlightbox%26settings%3DeyJpZCI6Mzk3LCJ1cmwiOiJodHRwczpcL1wvam9zZWluYWNpb2RlbWVsb3NvdXphLmNvbS5iclwvd3AtY29udGVudFwvdXBsb2Fkc1wvMjAyMlwvMDVcL0FycXVpdm8tRXNjYW5lYWRvLTExLmpwZyIsInNsaWRlc2hvdyI6IjE1ZjIwNGEifQ%3D%3D\" href=\"https:\/\/joseinaciodemelosouza.com.br\/wp-content\/uploads\/2022\/05\/Arquivo-Escaneado-11.jpg\"><figure class=\"swiper-slide-inner\"><img class=\"swiper-slide-image swiper-lazy\" data-src=\"https:\/\/joseinaciodemelosouza.com.br\/wp-content\/uploads\/2022\/05\/Arquivo-Escaneado-11.jpg\" alt=\"Arquivo Escaneado 11\" \/><div class=\"swiper-lazy-preloader\"><\/div><\/figure><\/a><\/div><div class=\"swiper-slide\" role=\"group\" aria-roledescription=\"slide\" aria-label=\"25 de 26\"><a data-elementor-open-lightbox=\"yes\" data-elementor-lightbox-slideshow=\"15f204a\" data-elementor-lightbox-title=\"Arquivo Escaneado 9\" data-e-action-hash=\"#elementor-action%3Aaction%3Dlightbox%26settings%3DeyJpZCI6Mzk4LCJ1cmwiOiJodHRwczpcL1wvam9zZWluYWNpb2RlbWVsb3NvdXphLmNvbS5iclwvd3AtY29udGVudFwvdXBsb2Fkc1wvMjAyMlwvMDVcL0FycXVpdm8tRXNjYW5lYWRvLTkuanBnIiwic2xpZGVzaG93IjoiMTVmMjA0YSJ9\" href=\"https:\/\/joseinaciodemelosouza.com.br\/wp-content\/uploads\/2022\/05\/Arquivo-Escaneado-9.jpg\"><figure class=\"swiper-slide-inner\"><img class=\"swiper-slide-image swiper-lazy\" data-src=\"https:\/\/joseinaciodemelosouza.com.br\/wp-content\/uploads\/2022\/05\/Arquivo-Escaneado-9.jpg\" alt=\"Arquivo Escaneado 9\" \/><div class=\"swiper-lazy-preloader\"><\/div><\/figure><\/a><\/div><div class=\"swiper-slide\" role=\"group\" aria-roledescription=\"slide\" aria-label=\"26 de 26\"><a data-elementor-open-lightbox=\"yes\" data-elementor-lightbox-slideshow=\"15f204a\" data-elementor-lightbox-title=\"Arquivo Escaneado 10\" data-e-action-hash=\"#elementor-action%3Aaction%3Dlightbox%26settings%3DeyJpZCI6NDAwLCJ1cmwiOiJodHRwczpcL1wvam9zZWluYWNpb2RlbWVsb3NvdXphLmNvbS5iclwvd3AtY29udGVudFwvdXBsb2Fkc1wvMjAyMlwvMDVcL0FycXVpdm8tRXNjYW5lYWRvLTEwLmpwZyIsInNsaWRlc2hvdyI6IjE1ZjIwNGEifQ%3D%3D\" href=\"https:\/\/joseinaciodemelosouza.com.br\/wp-content\/uploads\/2022\/05\/Arquivo-Escaneado-10.jpg\"><figure class=\"swiper-slide-inner\"><img class=\"swiper-slide-image swiper-lazy\" data-src=\"https:\/\/joseinaciodemelosouza.com.br\/wp-content\/uploads\/2022\/05\/Arquivo-Escaneado-10.jpg\" alt=\"Arquivo Escaneado 10\" \/><div class=\"swiper-lazy-preloader\"><\/div><\/figure><\/a><\/div>\t\t\t<\/div>\n\t\t\t\t\t\t\t\t\t\t\t\t<div class=\"elementor-swiper-button elementor-swiper-button-prev\" role=\"button\" tabindex=\"0\">\n\t\t\t\t\t\t<i aria-hidden=\"true\" class=\"eicon-chevron-left\"><\/i>\t\t\t\t\t<\/div>\n\t\t\t\t\t<div class=\"elementor-swiper-button elementor-swiper-button-next\" role=\"button\" tabindex=\"0\">\n\t\t\t\t\t\t<i aria-hidden=\"true\" class=\"eicon-chevron-right\"><\/i>\t\t\t\t\t<\/div>\n\t\t\t\t\n\t\t\t\t\t\t\t\t\t<div class=\"swiper-pagination\"><\/div>\n\t\t\t\t\t\t\t\t\t<\/div>\n\t\t\t\t\t\t<\/div>\n\t\t\t\t<\/div>\n\t\t\t\t\t<\/div>\n\t\t<\/div>\n\t\t\t\t\t<\/div>\n\t\t<\/section>\n\t\t\t\t<section class=\"elementor-section elementor-top-section elementor-element elementor-element-19eba7aa elementor-section-boxed elementor-section-height-default elementor-section-height-default\" data-id=\"19eba7aa\" data-element_type=\"section\" data-e-type=\"section\" data-settings=\"{&quot;background_background&quot;:&quot;gradient&quot;}\">\n\t\t\t\t\t\t\t<div class=\"elementor-background-overlay\"><\/div>\n\t\t\t\t\t\t\t<div class=\"elementor-container elementor-column-gap-default\">\n\t\t\t\t\t<div class=\"elementor-column elementor-col-100 elementor-top-column elementor-element elementor-element-2a022ffd\" data-id=\"2a022ffd\" data-element_type=\"column\" data-e-type=\"column\">\n\t\t\t<div class=\"elementor-widget-wrap elementor-element-populated\">\n\t\t\t\t\t\t<section class=\"elementor-section elementor-inner-section elementor-element elementor-element-321c8baa elementor-section-boxed elementor-section-height-default elementor-section-height-default\" data-id=\"321c8baa\" data-element_type=\"section\" data-e-type=\"section\">\n\t\t\t\t\t\t<div class=\"elementor-container elementor-column-gap-default\">\n\t\t\t\t\t<div class=\"elementor-column elementor-col-100 elementor-inner-column elementor-element elementor-element-30951cfd\" data-id=\"30951cfd\" data-element_type=\"column\" data-e-type=\"column\">\n\t\t\t<div class=\"elementor-widget-wrap elementor-element-populated\">\n\t\t\t\t\t\t<div class=\"elementor-element elementor-element-4cc0940d elementor-widget elementor-widget-heading\" data-id=\"4cc0940d\" data-element_type=\"widget\" data-e-type=\"widget\" data-widget_type=\"heading.default\">\n\t\t\t\t<div class=\"elementor-widget-container\">\n\t\t\t\t\t<h3 class=\"elementor-heading-title elementor-size-default\">CONTATO<\/h3>\t\t\t\t<\/div>\n\t\t\t\t<\/div>\n\t\t\t\t<div class=\"elementor-element elementor-element-65e1098 elementor-widget elementor-widget-menu-anchor\" data-id=\"65e1098\" data-element_type=\"widget\" data-e-type=\"widget\" data-widget_type=\"menu-anchor.default\">\n\t\t\t\t<div class=\"elementor-widget-container\">\n\t\t\t\t\t\t\t<div class=\"elementor-menu-anchor\" id=\"contato\"><\/div>\n\t\t\t\t\t\t<\/div>\n\t\t\t\t<\/div>\n\t\t\t\t<div class=\"elementor-element elementor-element-bf4a8e8 elementor-widget-divider--view-line elementor-widget elementor-widget-divider\" data-id=\"bf4a8e8\" data-element_type=\"widget\" data-e-type=\"widget\" data-widget_type=\"divider.default\">\n\t\t\t\t<div class=\"elementor-widget-container\">\n\t\t\t\t\t\t\t<div class=\"elementor-divider\">\n\t\t\t<span class=\"elementor-divider-separator\">\n\t\t\t\t\t\t<\/span>\n\t\t<\/div>\n\t\t\t\t\t\t<\/div>\n\t\t\t\t<\/div>\n\t\t\t\t\t<\/div>\n\t\t<\/div>\n\t\t\t\t\t<\/div>\n\t\t<\/section>\n\t\t\t\t<section class=\"elementor-section elementor-inner-section elementor-element elementor-element-5fa41092 elementor-section-boxed elementor-section-height-default elementor-section-height-default\" data-id=\"5fa41092\" data-element_type=\"section\" data-e-type=\"section\">\n\t\t\t\t\t\t<div class=\"elementor-container elementor-column-gap-default\">\n\t\t\t\t\t<div class=\"elementor-column elementor-col-100 elementor-inner-column elementor-element elementor-element-43b4b523\" data-id=\"43b4b523\" data-element_type=\"column\" data-e-type=\"column\">\n\t\t\t<div class=\"elementor-widget-wrap elementor-element-populated\">\n\t\t\t\t\t\t<div class=\"elementor-element elementor-element-2ebef86e elementor-button-align-stretch elementor-widget elementor-widget-form\" data-id=\"2ebef86e\" data-element_type=\"widget\" data-e-type=\"widget\" data-settings=\"{&quot;step_next_label&quot;:&quot;Pr\\u00f3ximo&quot;,&quot;step_previous_label&quot;:&quot;Anterior&quot;,&quot;button_width&quot;:&quot;100&quot;,&quot;step_type&quot;:&quot;number_text&quot;,&quot;step_icon_shape&quot;:&quot;circle&quot;}\" data-widget_type=\"form.default\">\n\t\t\t\t<div class=\"elementor-widget-container\">\n\t\t\t\t\t\t\t<form class=\"elementor-form\" method=\"post\" name=\"Novo formul\u00e1rio\">\n\t\t\t<input type=\"hidden\" name=\"post_id\" value=\"25\"\/>\n\t\t\t<input type=\"hidden\" name=\"form_id\" value=\"2ebef86e\"\/>\n\t\t\t<input type=\"hidden\" name=\"referer_title\" value=\"\" \/>\n\n\t\t\t\t\t\t\t<input type=\"hidden\" name=\"queried_id\" value=\"25\"\/>\n\t\t\t\n\t\t\t<div class=\"elementor-form-fields-wrapper elementor-labels-\">\n\t\t\t\t\t\t\t\t<div class=\"elementor-field-type-text elementor-field-group elementor-column elementor-field-group-name elementor-col-50 elementor-field-required\">\n\t\t\t\t\t\t\t\t\t\t\t\t<label for=\"form-field-name\" class=\"elementor-field-label elementor-screen-only\">\n\t\t\t\t\t\t\t\tNome\t\t\t\t\t\t\t<\/label>\n\t\t\t\t\t\t\t\t\t\t\t\t\t\t<input size=\"1\" type=\"text\" name=\"form_fields[name]\" id=\"form-field-name\" class=\"elementor-field elementor-size-sm  elementor-field-textual\" placeholder=\"Nome\" required=\"required\" aria-required=\"true\">\n\t\t\t\t\t\t\t\t\t\t\t<\/div>\n\t\t\t\t\t\t\t\t<div class=\"elementor-field-type-email elementor-field-group elementor-column elementor-field-group-email elementor-col-50 elementor-field-required\">\n\t\t\t\t\t\t\t\t\t\t\t\t<label for=\"form-field-email\" class=\"elementor-field-label elementor-screen-only\">\n\t\t\t\t\t\t\t\tE-mail\t\t\t\t\t\t\t<\/label>\n\t\t\t\t\t\t\t\t\t\t\t\t\t\t<input size=\"1\" type=\"email\" name=\"form_fields[email]\" id=\"form-field-email\" class=\"elementor-field elementor-size-sm  elementor-field-textual\" placeholder=\"E-mail\" required=\"required\" aria-required=\"true\">\n\t\t\t\t\t\t\t\t\t\t\t<\/div>\n\t\t\t\t\t\t\t\t<div class=\"elementor-field-type-textarea elementor-field-group elementor-column elementor-field-group-message elementor-col-100 elementor-field-required\">\n\t\t\t\t\t\t\t\t\t\t\t\t<label for=\"form-field-message\" class=\"elementor-field-label elementor-screen-only\">\n\t\t\t\t\t\t\t\tMensagem\t\t\t\t\t\t\t<\/label>\n\t\t\t\t\t\t<textarea class=\"elementor-field-textual elementor-field  elementor-size-sm\" name=\"form_fields[message]\" id=\"form-field-message\" rows=\"4\" placeholder=\"Mensagem\" required=\"required\" aria-required=\"true\"><\/textarea>\t\t\t\t<\/div>\n\t\t\t\t\t\t\t\t<div class=\"elementor-field-type-recaptcha_v3 elementor-field-group elementor-column elementor-field-group-field_7526369 elementor-col-100 recaptcha_v3-inline\">\n\t\t\t\t\t<div class=\"elementor-field\" id=\"form-field-field_7526369\"><div class=\"elementor-g-recaptcha\" data-sitekey=\"6Lc8TKQfAAAAAARinPB9jPKvmcnrMWS6W6Rvb85y\" data-type=\"v3\" data-action=\"Form\" data-badge=\"inline\" data-size=\"invisible\"><\/div><\/div>\t\t\t\t<\/div>\n\t\t\t\t\t\t\t\t<div class=\"elementor-field-group elementor-column elementor-field-type-submit elementor-col-100 e-form__buttons\">\n\t\t\t\t\t<button class=\"elementor-button elementor-size-sm\" type=\"submit\">\n\t\t\t\t\t\t<span class=\"elementor-button-content-wrapper\">\n\t\t\t\t\t\t\t\t\t\t\t\t\t\t\t\t\t\t\t\t\t\t<span class=\"elementor-button-text\">Enviar<\/span>\n\t\t\t\t\t\t\t\t\t\t\t\t\t<\/span>\n\t\t\t\t\t<\/button>\n\t\t\t\t<\/div>\n\t\t\t<\/div>\n\t\t<\/form>\n\t\t\t\t\t\t<\/div>\n\t\t\t\t<\/div>\n\t\t\t\t\t<\/div>\n\t\t<\/div>\n\t\t\t\t\t<\/div>\n\t\t<\/section>\n\t\t\t\t<section class=\"elementor-section elementor-inner-section elementor-element elementor-element-cfd82da elementor-section-boxed elementor-section-height-default elementor-section-height-default\" data-id=\"cfd82da\" data-element_type=\"section\" data-e-type=\"section\">\n\t\t\t\t\t\t<div class=\"elementor-container elementor-column-gap-default\">\n\t\t\t\t\t<div class=\"elementor-column elementor-col-100 elementor-inner-column elementor-element elementor-element-0276ee3\" data-id=\"0276ee3\" data-element_type=\"column\" data-e-type=\"column\">\n\t\t\t<div class=\"elementor-widget-wrap elementor-element-populated\">\n\t\t\t\t\t\t\t<\/div>\n\t\t<\/div>\n\t\t\t\t\t<\/div>\n\t\t<\/section>\n\t\t\t\t\t<\/div>\n\t\t<\/div>\n\t\t\t\t\t<\/div>\n\t\t<\/section>\n\t\t\t\t<section class=\"elementor-section elementor-top-section elementor-element elementor-element-620a4bfe elementor-section-boxed elementor-section-height-default elementor-section-height-default\" data-id=\"620a4bfe\" data-element_type=\"section\" data-e-type=\"section\" data-settings=\"{&quot;background_background&quot;:&quot;classic&quot;}\">\n\t\t\t\t\t\t<div class=\"elementor-container elementor-column-gap-default\">\n\t\t\t\t\t<div class=\"elementor-column elementor-col-50 elementor-top-column elementor-element elementor-element-52d4007a\" data-id=\"52d4007a\" data-element_type=\"column\" data-e-type=\"column\">\n\t\t\t<div class=\"elementor-widget-wrap elementor-element-populated\">\n\t\t\t\t\t\t<div class=\"elementor-element elementor-element-9b2ba3f elementor-widget elementor-widget-text-editor\" data-id=\"9b2ba3f\" data-element_type=\"widget\" data-e-type=\"widget\" data-widget_type=\"text-editor.default\">\n\t\t\t\t<div class=\"elementor-widget-container\">\n\t\t\t\t\t\t\t\t\t<p style=\"text-align: center;\"><strong>Copyright \u00a9 Jos\u00e9 In\u00e1cio de Melo Souza 2024. Todos os direitos reservados.<\/strong><\/p>\t\t\t\t\t\t\t\t<\/div>\n\t\t\t\t<\/div>\n\t\t\t\t\t<\/div>\n\t\t<\/div>\n\t\t\t\t<div class=\"elementor-column elementor-col-50 elementor-top-column elementor-element elementor-element-55a5d59\" data-id=\"55a5d59\" data-element_type=\"column\" data-e-type=\"column\">\n\t\t\t<div class=\"elementor-widget-wrap elementor-element-populated\">\n\t\t\t\t\t\t<div class=\"elementor-element elementor-element-a7cf23a elementor-view-framed elementor-shape-circle elementor-widget elementor-widget-icon\" data-id=\"a7cf23a\" data-element_type=\"widget\" data-e-type=\"widget\" data-widget_type=\"icon.default\">\n\t\t\t\t<div class=\"elementor-widget-container\">\n\t\t\t\t\t\t\t<div class=\"elementor-icon-wrapper\">\n\t\t\t<a class=\"elementor-icon\" href=\"#portifolio\">\n\t\t\t<i aria-hidden=\"true\" class=\"fas fa-arrow-up\"><\/i>\t\t\t<\/a>\n\t\t<\/div>\n\t\t\t\t\t\t<\/div>\n\t\t\t\t<\/div>\n\t\t\t\t\t<\/div>\n\t\t<\/div>\n\t\t\t\t\t<\/div>\n\t\t<\/section>\n\t\t\t\t<\/div>\n\t\t","protected":false},"excerpt":{"rendered":"<p>Portf\u00f3lio Balaio de dadoscinema.acervo.site Este \u00e9 o novo formato das bases de teses e de filmes estrangeiros exibidos no Brasil, antes hospedados no site da Mnemocine (mnemocine.com.br). De forma a centralizar as bases de dados, acrescentamos o site Salas de cinema em S\u00e3o Paulo, hospedadas no Arquivo Hist\u00f3rico da cidade de S\u00e3o Paulo \u2013 AHSP [&hellip;]<\/p>\n","protected":false},"author":1,"featured_media":0,"parent":0,"menu_order":0,"comment_status":"closed","ping_status":"closed","template":"","meta":{"footnotes":""},"class_list":["post-25","page","type-page","status-publish","hentry"],"jetpack-related-posts":[],"jetpack_sharing_enabled":true,"_links":{"self":[{"href":"https:\/\/joseinaciodemelosouza.com.br\/index.php?rest_route=\/wp\/v2\/pages\/25","targetHints":{"allow":["GET"]}}],"collection":[{"href":"https:\/\/joseinaciodemelosouza.com.br\/index.php?rest_route=\/wp\/v2\/pages"}],"about":[{"href":"https:\/\/joseinaciodemelosouza.com.br\/index.php?rest_route=\/wp\/v2\/types\/page"}],"author":[{"embeddable":true,"href":"https:\/\/joseinaciodemelosouza.com.br\/index.php?rest_route=\/wp\/v2\/users\/1"}],"replies":[{"embeddable":true,"href":"https:\/\/joseinaciodemelosouza.com.br\/index.php?rest_route=%2Fwp%2Fv2%2Fcomments&post=25"}],"version-history":[{"count":427,"href":"https:\/\/joseinaciodemelosouza.com.br\/index.php?rest_route=\/wp\/v2\/pages\/25\/revisions"}],"predecessor-version":[{"id":770,"href":"https:\/\/joseinaciodemelosouza.com.br\/index.php?rest_route=\/wp\/v2\/pages\/25\/revisions\/770"}],"wp:attachment":[{"href":"https:\/\/joseinaciodemelosouza.com.br\/index.php?rest_route=%2Fwp%2Fv2%2Fmedia&parent=25"}],"curies":[{"name":"wp","href":"https:\/\/api.w.org\/{rel}","templated":true}]}}